{"id":23,"date":"2015-07-20T11:55:45","date_gmt":"2015-07-20T11:55:45","guid":{"rendered":"http:\/\/art-pegas.com\/bratislava\/?page_id=23"},"modified":"2025-12-17T17:20:11","modified_gmt":"2025-12-17T16:20:11","slug":"galeria","status":"publish","type":"page","link":"https:\/\/art-pegas.com\/bratislava\/galeria\/","title":{"rendered":"Gal\u00e9ria"},"content":{"rendered":"<p>[vc_row][vc_column]<h1 class=\"sc_title sc_title_regular\">Viano\u010dn\u00e1 akad\u00e9mia SZU\u0160 ART PEGAS &#8211; tane\u010dn\u00fd odbor, lit. &#8211; dramatick\u00fd odbor, hudobn\u00fd odbor, spojen\u00fd s v\u00fdstavou pr\u00e1c v\u00fdtvarn\u00e9ho odboru<\/h1>[vc_column_text]<!-- default-view.php -->\n<div\n\tclass=\"ngg-galleryoverview default-view \"\n\tid=\"ngg-gallery-2ef64d768a5c8130fe8962434194aa4c-1\">\n\n\t\t<!-- Thumbnails -->\n\t\t\t\t<div id=\"ngg-image-0\" class=\"ngg-gallery-thumbnail-box \" >\n\t\t\t\t        <div class=\"ngg-gallery-thumbnail\">\n            <a href=\"https:\/\/art-pegas.com\/bratislava\/wp-content\/gallery\/vianocny-koncert-2025-spojeny-s-vystavou-vytvarnych-prac\/IMG-20251203-WA0014.jpg\"\n               title=\"\"\n               data-src=\"https:\/\/art-pegas.com\/bratislava\/wp-content\/gallery\/vianocny-koncert-2025-spojeny-s-vystavou-vytvarnych-prac\/IMG-20251203-WA0014.jpg\"\n               data-thumbnail=\"https:\/\/art-pegas.com\/bratislava\/wp-content\/gallery\/vianocny-koncert-2025-spojeny-s-vystavou-vytvarnych-prac\/thumbs\/thumbs_IMG-20251203-WA0014.jpg\"\n               data-image-id=\"678\"\n               data-title=\"IMG-20251203-WA0014\"\n               data-description=\"\"\n               data-image-slug=\"img-20251203-wa0014\"\n               class=\"ngg-simplelightbox\" rel=\"2ef64d768a5c8130fe8962434194aa4c\">\n                <img\n                    title=\"IMG-20251203-WA0014\"\n                    alt=\"IMG-20251203-WA0014\"\n                    src=\"https:\/\/art-pegas.com\/bratislava\/wp-content\/gallery\/vianocny-koncert-2025-spojeny-s-vystavou-vytvarnych-prac\/thumbs\/thumbs_IMG-20251203-WA0014.jpg\"\n                    width=\"112\"\n                    height=\"150\"\n                    style=\"max-width:100%;\"\n                \/>\n            <\/a>\n        <\/div>\n\t\t\t\t\t\t\t<\/div> \n\t\t\t\n\t\t\t\t<div id=\"ngg-image-1\" class=\"ngg-gallery-thumbnail-box \" >\n\t\t\t\t        <div class=\"ngg-gallery-thumbnail\">\n            <a href=\"https:\/\/art-pegas.com\/bratislava\/wp-content\/gallery\/vianocny-koncert-2025-spojeny-s-vystavou-vytvarnych-prac\/DSC_0886.jpg\"\n               title=\"\"\n               data-src=\"https:\/\/art-pegas.com\/bratislava\/wp-content\/gallery\/vianocny-koncert-2025-spojeny-s-vystavou-vytvarnych-prac\/DSC_0886.jpg\"\n               data-thumbnail=\"https:\/\/art-pegas.com\/bratislava\/wp-content\/gallery\/vianocny-koncert-2025-spojeny-s-vystavou-vytvarnych-prac\/thumbs\/thumbs_DSC_0886.jpg\"\n               data-image-id=\"622\"\n               data-title=\"DSC_0886\"\n               data-description=\"\"\n               data-image-slug=\"dsc_0886\"\n               class=\"ngg-simplelightbox\" rel=\"2ef64d768a5c8130fe8962434194aa4c\">\n                <img\n                    title=\"DSC_0886\"\n                    alt=\"DSC_0886\"\n                    src=\"https:\/\/art-pegas.com\/bratislava\/wp-content\/gallery\/vianocny-koncert-2025-spojeny-s-vystavou-vytvarnych-prac\/thumbs\/thumbs_DSC_0886.jpg\"\n                    width=\"200\"\n                    height=\"133\"\n                    style=\"max-width:100%;\"\n                \/>\n            <\/a>\n        <\/div>\n\t\t\t\t\t\t\t<\/div> \n\t\t\t\n\t\t\t\t<div id=\"ngg-image-2\" class=\"ngg-gallery-thumbnail-box \" >\n\t\t\t\t        <div class=\"ngg-gallery-thumbnail\">\n            <a href=\"https:\/\/art-pegas.com\/bratislava\/wp-content\/gallery\/vianocny-koncert-2025-spojeny-s-vystavou-vytvarnych-prac\/IMG-20251209-WA00031.jpg\"\n               title=\"\"\n               data-src=\"https:\/\/art-pegas.com\/bratislava\/wp-content\/gallery\/vianocny-koncert-2025-spojeny-s-vystavou-vytvarnych-prac\/IMG-20251209-WA00031.jpg\"\n               data-thumbnail=\"https:\/\/art-pegas.com\/bratislava\/wp-content\/gallery\/vianocny-koncert-2025-spojeny-s-vystavou-vytvarnych-prac\/thumbs\/thumbs_IMG-20251209-WA00031.jpg\"\n               data-image-id=\"686\"\n               data-title=\"IMG-20251209-WA00031\"\n               data-description=\"\"\n               data-image-slug=\"img-20251209-wa00031\"\n               class=\"ngg-simplelightbox\" rel=\"2ef64d768a5c8130fe8962434194aa4c\">\n                <img\n                    title=\"IMG-20251209-WA00031\"\n                    alt=\"IMG-20251209-WA00031\"\n                    src=\"https:\/\/art-pegas.com\/bratislava\/wp-content\/gallery\/vianocny-koncert-2025-spojeny-s-vystavou-vytvarnych-prac\/thumbs\/thumbs_IMG-20251209-WA00031.jpg\"\n                    width=\"112\"\n                    height=\"150\"\n                    style=\"max-width:100%;\"\n                \/>\n            <\/a>\n        <\/div>\n\t\t\t\t\t\t\t<\/div> \n\t\t\t\n\t\t\t\t<div id=\"ngg-image-3\" class=\"ngg-gallery-thumbnail-box \" >\n\t\t\t\t        <div class=\"ngg-gallery-thumbnail\">\n            <a href=\"https:\/\/art-pegas.com\/bratislava\/wp-content\/gallery\/vianocny-koncert-2025-spojeny-s-vystavou-vytvarnych-prac\/DSC_0390.jpg\"\n               title=\"\"\n               data-src=\"https:\/\/art-pegas.com\/bratislava\/wp-content\/gallery\/vianocny-koncert-2025-spojeny-s-vystavou-vytvarnych-prac\/DSC_0390.jpg\"\n               data-thumbnail=\"https:\/\/art-pegas.com\/bratislava\/wp-content\/gallery\/vianocny-koncert-2025-spojeny-s-vystavou-vytvarnych-prac\/thumbs\/thumbs_DSC_0390.jpg\"\n               data-image-id=\"526\"\n               data-title=\"DSC_0390\"\n               data-description=\"\"\n               data-image-slug=\"dsc_0390\"\n               class=\"ngg-simplelightbox\" rel=\"2ef64d768a5c8130fe8962434194aa4c\">\n                <img\n                    title=\"DSC_0390\"\n                    alt=\"DSC_0390\"\n                    src=\"https:\/\/art-pegas.com\/bratislava\/wp-content\/gallery\/vianocny-koncert-2025-spojeny-s-vystavou-vytvarnych-prac\/thumbs\/thumbs_DSC_0390.jpg\"\n                    width=\"200\"\n                    height=\"133\"\n                    style=\"max-width:100%;\"\n                \/>\n            <\/a>\n        <\/div>\n\t\t\t\t\t\t\t<\/div> \n\t\t\t\n\t\t\t\t<div id=\"ngg-image-4\" class=\"ngg-gallery-thumbnail-box \" >\n\t\t\t\t        <div class=\"ngg-gallery-thumbnail\">\n            <a href=\"https:\/\/art-pegas.com\/bratislava\/wp-content\/gallery\/vianocny-koncert-2025-spojeny-s-vystavou-vytvarnych-prac\/DSC_0956.jpg\"\n               title=\"\"\n               data-src=\"https:\/\/art-pegas.com\/bratislava\/wp-content\/gallery\/vianocny-koncert-2025-spojeny-s-vystavou-vytvarnych-prac\/DSC_0956.jpg\"\n               data-thumbnail=\"https:\/\/art-pegas.com\/bratislava\/wp-content\/gallery\/vianocny-koncert-2025-spojeny-s-vystavou-vytvarnych-prac\/thumbs\/thumbs_DSC_0956.jpg\"\n               data-image-id=\"638\"\n               data-title=\"DSC_0956\"\n               data-description=\"\"\n               data-image-slug=\"dsc_0956\"\n               class=\"ngg-simplelightbox\" rel=\"2ef64d768a5c8130fe8962434194aa4c\">\n                <img\n                    title=\"DSC_0956\"\n                    alt=\"DSC_0956\"\n                    src=\"https:\/\/art-pegas.com\/bratislava\/wp-content\/gallery\/vianocny-koncert-2025-spojeny-s-vystavou-vytvarnych-prac\/thumbs\/thumbs_DSC_0956.jpg\"\n                    width=\"100\"\n                    height=\"150\"\n                    style=\"max-width:100%;\"\n                \/>\n            <\/a>\n        <\/div>\n\t\t\t\t\t\t\t<\/div> \n\t\t\t\n\t\t\t\t<div id=\"ngg-image-5\" class=\"ngg-gallery-thumbnail-box \" >\n\t\t\t\t        <div class=\"ngg-gallery-thumbnail\">\n            <a href=\"https:\/\/art-pegas.com\/bratislava\/wp-content\/gallery\/vianocny-koncert-2025-spojeny-s-vystavou-vytvarnych-prac\/DSC_0421.jpg\"\n               title=\"\"\n               data-src=\"https:\/\/art-pegas.com\/bratislava\/wp-content\/gallery\/vianocny-koncert-2025-spojeny-s-vystavou-vytvarnych-prac\/DSC_0421.jpg\"\n               data-thumbnail=\"https:\/\/art-pegas.com\/bratislava\/wp-content\/gallery\/vianocny-koncert-2025-spojeny-s-vystavou-vytvarnych-prac\/thumbs\/thumbs_DSC_0421.jpg\"\n               data-image-id=\"534\"\n               data-title=\"DSC_0421\"\n               data-description=\"\"\n               data-image-slug=\"dsc_0421\"\n               class=\"ngg-simplelightbox\" rel=\"2ef64d768a5c8130fe8962434194aa4c\">\n                <img\n                    title=\"DSC_0421\"\n                    alt=\"DSC_0421\"\n                    src=\"https:\/\/art-pegas.com\/bratislava\/wp-content\/gallery\/vianocny-koncert-2025-spojeny-s-vystavou-vytvarnych-prac\/thumbs\/thumbs_DSC_0421.jpg\"\n                    width=\"165\"\n                    height=\"150\"\n                    style=\"max-width:100%;\"\n                \/>\n            <\/a>\n        <\/div>\n\t\t\t\t\t\t\t<\/div> \n\t\t\t\n\t\t\t\t<div id=\"ngg-image-6\" class=\"ngg-gallery-thumbnail-box \" >\n\t\t\t\t        <div class=\"ngg-gallery-thumbnail\">\n            <a href=\"https:\/\/art-pegas.com\/bratislava\/wp-content\/gallery\/vianocny-koncert-2025-spojeny-s-vystavou-vytvarnych-prac\/DSC_0926.jpg\"\n               title=\"\"\n               data-src=\"https:\/\/art-pegas.com\/bratislava\/wp-content\/gallery\/vianocny-koncert-2025-spojeny-s-vystavou-vytvarnych-prac\/DSC_0926.jpg\"\n               data-thumbnail=\"https:\/\/art-pegas.com\/bratislava\/wp-content\/gallery\/vianocny-koncert-2025-spojeny-s-vystavou-vytvarnych-prac\/thumbs\/thumbs_DSC_0926.jpg\"\n               data-image-id=\"630\"\n               data-title=\"DSC_0926\"\n               data-description=\"\"\n               data-image-slug=\"dsc_0926\"\n               class=\"ngg-simplelightbox\" rel=\"2ef64d768a5c8130fe8962434194aa4c\">\n                <img\n                    title=\"DSC_0926\"\n                    alt=\"DSC_0926\"\n                    src=\"https:\/\/art-pegas.com\/bratislava\/wp-content\/gallery\/vianocny-koncert-2025-spojeny-s-vystavou-vytvarnych-prac\/thumbs\/thumbs_DSC_0926.jpg\"\n                    width=\"100\"\n                    height=\"150\"\n                    style=\"max-width:100%;\"\n                \/>\n            <\/a>\n        <\/div>\n\t\t\t\t\t\t\t<\/div> \n\t\t\t\n\t\t\t\t<div id=\"ngg-image-7\" class=\"ngg-gallery-thumbnail-box \" >\n\t\t\t\t        <div class=\"ngg-gallery-thumbnail\">\n            <a href=\"https:\/\/art-pegas.com\/bratislava\/wp-content\/gallery\/vianocny-koncert-2025-spojeny-s-vystavou-vytvarnych-prac\/DSC_0496.jpg\"\n               title=\"\"\n               data-src=\"https:\/\/art-pegas.com\/bratislava\/wp-content\/gallery\/vianocny-koncert-2025-spojeny-s-vystavou-vytvarnych-prac\/DSC_0496.jpg\"\n               data-thumbnail=\"https:\/\/art-pegas.com\/bratislava\/wp-content\/gallery\/vianocny-koncert-2025-spojeny-s-vystavou-vytvarnych-prac\/thumbs\/thumbs_DSC_0496.jpg\"\n               data-image-id=\"550\"\n               data-title=\"DSC_0496\"\n               data-description=\"\"\n               data-image-slug=\"dsc_0496\"\n               class=\"ngg-simplelightbox\" rel=\"2ef64d768a5c8130fe8962434194aa4c\">\n                <img\n                    title=\"DSC_0496\"\n                    alt=\"DSC_0496\"\n                    src=\"https:\/\/art-pegas.com\/bratislava\/wp-content\/gallery\/vianocny-koncert-2025-spojeny-s-vystavou-vytvarnych-prac\/thumbs\/thumbs_DSC_0496.jpg\"\n                    width=\"200\"\n                    height=\"133\"\n                    style=\"max-width:100%;\"\n                \/>\n            <\/a>\n        <\/div>\n\t\t\t\t\t\t\t<\/div> \n\t\t\t\n\t\t\t\t<div id=\"ngg-image-8\" class=\"ngg-gallery-thumbnail-box \" >\n\t\t\t\t        <div class=\"ngg-gallery-thumbnail\">\n            <a href=\"https:\/\/art-pegas.com\/bratislava\/wp-content\/gallery\/vianocny-koncert-2025-spojeny-s-vystavou-vytvarnych-prac\/DSC_0568.jpg\"\n               title=\"\"\n               data-src=\"https:\/\/art-pegas.com\/bratislava\/wp-content\/gallery\/vianocny-koncert-2025-spojeny-s-vystavou-vytvarnych-prac\/DSC_0568.jpg\"\n               data-thumbnail=\"https:\/\/art-pegas.com\/bratislava\/wp-content\/gallery\/vianocny-koncert-2025-spojeny-s-vystavou-vytvarnych-prac\/thumbs\/thumbs_DSC_0568.jpg\"\n               data-image-id=\"566\"\n               data-title=\"DSC_0568\"\n               data-description=\"\"\n               data-image-slug=\"dsc_0568\"\n               class=\"ngg-simplelightbox\" rel=\"2ef64d768a5c8130fe8962434194aa4c\">\n                <img\n                    title=\"DSC_0568\"\n                    alt=\"DSC_0568\"\n                    src=\"https:\/\/art-pegas.com\/bratislava\/wp-content\/gallery\/vianocny-koncert-2025-spojeny-s-vystavou-vytvarnych-prac\/thumbs\/thumbs_DSC_0568.jpg\"\n                    width=\"200\"\n                    height=\"133\"\n                    style=\"max-width:100%;\"\n                \/>\n            <\/a>\n        <\/div>\n\t\t\t\t\t\t\t<\/div> \n\t\t\t\n\t\t\t\t<div id=\"ngg-image-9\" class=\"ngg-gallery-thumbnail-box \" >\n\t\t\t\t        <div class=\"ngg-gallery-thumbnail\">\n            <a href=\"https:\/\/art-pegas.com\/bratislava\/wp-content\/gallery\/vianocny-koncert-2025-spojeny-s-vystavou-vytvarnych-prac\/DSC_0776.jpg\"\n               title=\"\"\n               data-src=\"https:\/\/art-pegas.com\/bratislava\/wp-content\/gallery\/vianocny-koncert-2025-spojeny-s-vystavou-vytvarnych-prac\/DSC_0776.jpg\"\n               data-thumbnail=\"https:\/\/art-pegas.com\/bratislava\/wp-content\/gallery\/vianocny-koncert-2025-spojeny-s-vystavou-vytvarnych-prac\/thumbs\/thumbs_DSC_0776.jpg\"\n               data-image-id=\"598\"\n               data-title=\"DSC_0776\"\n               data-description=\"\"\n               data-image-slug=\"dsc_0776-1\"\n               class=\"ngg-simplelightbox\" rel=\"2ef64d768a5c8130fe8962434194aa4c\">\n                <img\n                    title=\"DSC_0776\"\n                    alt=\"DSC_0776\"\n                    src=\"https:\/\/art-pegas.com\/bratislava\/wp-content\/gallery\/vianocny-koncert-2025-spojeny-s-vystavou-vytvarnych-prac\/thumbs\/thumbs_DSC_0776.jpg\"\n                    width=\"126\"\n                    height=\"150\"\n                    style=\"max-width:100%;\"\n                \/>\n            <\/a>\n        <\/div>\n\t\t\t\t\t\t\t<\/div> \n\t\t\t\n\t\t\t\t<div id=\"ngg-image-10\" class=\"ngg-gallery-thumbnail-box \" >\n\t\t\t\t        <div class=\"ngg-gallery-thumbnail\">\n            <a href=\"https:\/\/art-pegas.com\/bratislava\/wp-content\/gallery\/vianocny-koncert-2025-spojeny-s-vystavou-vytvarnych-prac\/IMG-20251215-WA00171.jpg\"\n               title=\"\"\n               data-src=\"https:\/\/art-pegas.com\/bratislava\/wp-content\/gallery\/vianocny-koncert-2025-spojeny-s-vystavou-vytvarnych-prac\/IMG-20251215-WA00171.jpg\"\n               data-thumbnail=\"https:\/\/art-pegas.com\/bratislava\/wp-content\/gallery\/vianocny-koncert-2025-spojeny-s-vystavou-vytvarnych-prac\/thumbs\/thumbs_IMG-20251215-WA00171.jpg\"\n               data-image-id=\"694\"\n               data-title=\"IMG-20251215-WA00171\"\n               data-description=\"\"\n               data-image-slug=\"img-20251215-wa00171\"\n               class=\"ngg-simplelightbox\" rel=\"2ef64d768a5c8130fe8962434194aa4c\">\n                <img\n                    title=\"IMG-20251215-WA00171\"\n                    alt=\"IMG-20251215-WA00171\"\n                    src=\"https:\/\/art-pegas.com\/bratislava\/wp-content\/gallery\/vianocny-koncert-2025-spojeny-s-vystavou-vytvarnych-prac\/thumbs\/thumbs_IMG-20251215-WA00171.jpg\"\n                    width=\"112\"\n                    height=\"150\"\n                    style=\"max-width:100%;\"\n                \/>\n            <\/a>\n        <\/div>\n\t\t\t\t\t\t\t<\/div> \n\t\t\t\n\t\t\t\t<div id=\"ngg-image-11\" class=\"ngg-gallery-thumbnail-box \" >\n\t\t\t\t        <div class=\"ngg-gallery-thumbnail\">\n            <a href=\"https:\/\/art-pegas.com\/bratislava\/wp-content\/gallery\/vianocny-koncert-2025-spojeny-s-vystavou-vytvarnych-prac\/DSC_0365.jpg\"\n               title=\"\"\n               data-src=\"https:\/\/art-pegas.com\/bratislava\/wp-content\/gallery\/vianocny-koncert-2025-spojeny-s-vystavou-vytvarnych-prac\/DSC_0365.jpg\"\n               data-thumbnail=\"https:\/\/art-pegas.com\/bratislava\/wp-content\/gallery\/vianocny-koncert-2025-spojeny-s-vystavou-vytvarnych-prac\/thumbs\/thumbs_DSC_0365.jpg\"\n               data-image-id=\"518\"\n               data-title=\"DSC_0365\"\n               data-description=\"\"\n               data-image-slug=\"dsc_0365\"\n               class=\"ngg-simplelightbox\" rel=\"2ef64d768a5c8130fe8962434194aa4c\">\n                <img\n                    title=\"DSC_0365\"\n                    alt=\"DSC_0365\"\n                    src=\"https:\/\/art-pegas.com\/bratislava\/wp-content\/gallery\/vianocny-koncert-2025-spojeny-s-vystavou-vytvarnych-prac\/thumbs\/thumbs_DSC_0365.jpg\"\n                    width=\"200\"\n                    height=\"91\"\n                    style=\"max-width:100%;\"\n                \/>\n            <\/a>\n        <\/div>\n\t\t\t\t\t\t\t<\/div> \n\t\t\t\n\t\t\t\t<div id=\"ngg-image-12\" class=\"ngg-gallery-thumbnail-box \" >\n\t\t\t\t        <div class=\"ngg-gallery-thumbnail\">\n            <a href=\"https:\/\/art-pegas.com\/bratislava\/wp-content\/gallery\/vianocny-koncert-2025-spojeny-s-vystavou-vytvarnych-prac\/DSC_0526.jpg\"\n               title=\"\"\n               data-src=\"https:\/\/art-pegas.com\/bratislava\/wp-content\/gallery\/vianocny-koncert-2025-spojeny-s-vystavou-vytvarnych-prac\/DSC_0526.jpg\"\n               data-thumbnail=\"https:\/\/art-pegas.com\/bratislava\/wp-content\/gallery\/vianocny-koncert-2025-spojeny-s-vystavou-vytvarnych-prac\/thumbs\/thumbs_DSC_0526.jpg\"\n               data-image-id=\"558\"\n               data-title=\"DSC_0526\"\n               data-description=\"\"\n               data-image-slug=\"dsc_0526\"\n               class=\"ngg-simplelightbox\" rel=\"2ef64d768a5c8130fe8962434194aa4c\">\n                <img\n                    title=\"DSC_0526\"\n                    alt=\"DSC_0526\"\n                    src=\"https:\/\/art-pegas.com\/bratislava\/wp-content\/gallery\/vianocny-koncert-2025-spojeny-s-vystavou-vytvarnych-prac\/thumbs\/thumbs_DSC_0526.jpg\"\n                    width=\"200\"\n                    height=\"133\"\n                    style=\"max-width:100%;\"\n                \/>\n            <\/a>\n        <\/div>\n\t\t\t\t\t\t\t<\/div> \n\t\t\t\n\t\t\t\t<div id=\"ngg-image-13\" class=\"ngg-gallery-thumbnail-box \" >\n\t\t\t\t        <div class=\"ngg-gallery-thumbnail\">\n            <a href=\"https:\/\/art-pegas.com\/bratislava\/wp-content\/gallery\/vianocny-koncert-2025-spojeny-s-vystavou-vytvarnych-prac\/DSC_0809.jpg\"\n               title=\"\"\n               data-src=\"https:\/\/art-pegas.com\/bratislava\/wp-content\/gallery\/vianocny-koncert-2025-spojeny-s-vystavou-vytvarnych-prac\/DSC_0809.jpg\"\n               data-thumbnail=\"https:\/\/art-pegas.com\/bratislava\/wp-content\/gallery\/vianocny-koncert-2025-spojeny-s-vystavou-vytvarnych-prac\/thumbs\/thumbs_DSC_0809.jpg\"\n               data-image-id=\"606\"\n               data-title=\"DSC_0809\"\n               data-description=\"\"\n               data-image-slug=\"dsc_0809-1\"\n               class=\"ngg-simplelightbox\" rel=\"2ef64d768a5c8130fe8962434194aa4c\">\n                <img\n                    title=\"DSC_0809\"\n                    alt=\"DSC_0809\"\n                    src=\"https:\/\/art-pegas.com\/bratislava\/wp-content\/gallery\/vianocny-koncert-2025-spojeny-s-vystavou-vytvarnych-prac\/thumbs\/thumbs_DSC_0809.jpg\"\n                    width=\"200\"\n                    height=\"133\"\n                    style=\"max-width:100%;\"\n                \/>\n            <\/a>\n        <\/div>\n\t\t\t\t\t\t\t<\/div> \n\t\t\t\n\t\t\t\t<div id=\"ngg-image-14\" class=\"ngg-gallery-thumbnail-box \" >\n\t\t\t\t        <div class=\"ngg-gallery-thumbnail\">\n            <a href=\"https:\/\/art-pegas.com\/bratislava\/wp-content\/gallery\/vianocny-koncert-2025-spojeny-s-vystavou-vytvarnych-prac\/DSC_0450.jpg\"\n               title=\"\"\n               data-src=\"https:\/\/art-pegas.com\/bratislava\/wp-content\/gallery\/vianocny-koncert-2025-spojeny-s-vystavou-vytvarnych-prac\/DSC_0450.jpg\"\n               data-thumbnail=\"https:\/\/art-pegas.com\/bratislava\/wp-content\/gallery\/vianocny-koncert-2025-spojeny-s-vystavou-vytvarnych-prac\/thumbs\/thumbs_DSC_0450.jpg\"\n               data-image-id=\"542\"\n               data-title=\"DSC_0450\"\n               data-description=\"\"\n               data-image-slug=\"dsc_0450\"\n               class=\"ngg-simplelightbox\" rel=\"2ef64d768a5c8130fe8962434194aa4c\">\n                <img\n                    title=\"DSC_0450\"\n                    alt=\"DSC_0450\"\n                    src=\"https:\/\/art-pegas.com\/bratislava\/wp-content\/gallery\/vianocny-koncert-2025-spojeny-s-vystavou-vytvarnych-prac\/thumbs\/thumbs_DSC_0450.jpg\"\n                    width=\"200\"\n                    height=\"133\"\n                    style=\"max-width:100%;\"\n                \/>\n            <\/a>\n        <\/div>\n\t\t\t\t\t\t\t<\/div> \n\t\t\t\n\t\t\t\t<div id=\"ngg-image-15\" class=\"ngg-gallery-thumbnail-box \" >\n\t\t\t\t        <div class=\"ngg-gallery-thumbnail\">\n            <a href=\"https:\/\/art-pegas.com\/bratislava\/wp-content\/gallery\/vianocny-koncert-2025-spojeny-s-vystavou-vytvarnych-prac\/IMG-20251202-WA0010.jpg\"\n               title=\"\"\n               data-src=\"https:\/\/art-pegas.com\/bratislava\/wp-content\/gallery\/vianocny-koncert-2025-spojeny-s-vystavou-vytvarnych-prac\/IMG-20251202-WA0010.jpg\"\n               data-thumbnail=\"https:\/\/art-pegas.com\/bratislava\/wp-content\/gallery\/vianocny-koncert-2025-spojeny-s-vystavou-vytvarnych-prac\/thumbs\/thumbs_IMG-20251202-WA0010.jpg\"\n               data-image-id=\"662\"\n               data-title=\"IMG-20251202-WA0010\"\n               data-description=\"\"\n               data-image-slug=\"img-20251202-wa0010\"\n               class=\"ngg-simplelightbox\" rel=\"2ef64d768a5c8130fe8962434194aa4c\">\n                <img\n                    title=\"IMG-20251202-WA0010\"\n                    alt=\"IMG-20251202-WA0010\"\n                    src=\"https:\/\/art-pegas.com\/bratislava\/wp-content\/gallery\/vianocny-koncert-2025-spojeny-s-vystavou-vytvarnych-prac\/thumbs\/thumbs_IMG-20251202-WA0010.jpg\"\n                    width=\"112\"\n                    height=\"150\"\n                    style=\"max-width:100%;\"\n                \/>\n            <\/a>\n        <\/div>\n\t\t\t\t\t\t\t<\/div> \n\t\t\t\n\t\t\t\t<div id=\"ngg-image-16\" class=\"ngg-gallery-thumbnail-box \" >\n\t\t\t\t        <div class=\"ngg-gallery-thumbnail\">\n            <a href=\"https:\/\/art-pegas.com\/bratislava\/wp-content\/gallery\/vianocny-koncert-2025-spojeny-s-vystavou-vytvarnych-prac\/IMG-20251120-WA0005.jpg\"\n               title=\"\"\n               data-src=\"https:\/\/art-pegas.com\/bratislava\/wp-content\/gallery\/vianocny-koncert-2025-spojeny-s-vystavou-vytvarnych-prac\/IMG-20251120-WA0005.jpg\"\n               data-thumbnail=\"https:\/\/art-pegas.com\/bratislava\/wp-content\/gallery\/vianocny-koncert-2025-spojeny-s-vystavou-vytvarnych-prac\/thumbs\/thumbs_IMG-20251120-WA0005.jpg\"\n               data-image-id=\"646\"\n               data-title=\"IMG-20251120-WA0005\"\n               data-description=\"\"\n               data-image-slug=\"img-20251120-wa0005\"\n               class=\"ngg-simplelightbox\" rel=\"2ef64d768a5c8130fe8962434194aa4c\">\n                <img\n                    title=\"IMG-20251120-WA0005\"\n                    alt=\"IMG-20251120-WA0005\"\n                    src=\"https:\/\/art-pegas.com\/bratislava\/wp-content\/gallery\/vianocny-koncert-2025-spojeny-s-vystavou-vytvarnych-prac\/thumbs\/thumbs_IMG-20251120-WA0005.jpg\"\n                    width=\"200\"\n                    height=\"150\"\n                    style=\"max-width:100%;\"\n                \/>\n            <\/a>\n        <\/div>\n\t\t\t\t\t\t\t<\/div> \n\t\t\t\n\t\t\t\t<div id=\"ngg-image-17\" class=\"ngg-gallery-thumbnail-box \" >\n\t\t\t\t        <div class=\"ngg-gallery-thumbnail\">\n            <a href=\"https:\/\/art-pegas.com\/bratislava\/wp-content\/gallery\/vianocny-koncert-2025-spojeny-s-vystavou-vytvarnych-prac\/DSC_0837.jpg\"\n               title=\"\"\n               data-src=\"https:\/\/art-pegas.com\/bratislava\/wp-content\/gallery\/vianocny-koncert-2025-spojeny-s-vystavou-vytvarnych-prac\/DSC_0837.jpg\"\n               data-thumbnail=\"https:\/\/art-pegas.com\/bratislava\/wp-content\/gallery\/vianocny-koncert-2025-spojeny-s-vystavou-vytvarnych-prac\/thumbs\/thumbs_DSC_0837.jpg\"\n               data-image-id=\"614\"\n               data-title=\"DSC_0837\"\n               data-description=\"\"\n               data-image-slug=\"dsc_0837\"\n               class=\"ngg-simplelightbox\" rel=\"2ef64d768a5c8130fe8962434194aa4c\">\n                <img\n                    title=\"DSC_0837\"\n                    alt=\"DSC_0837\"\n                    src=\"https:\/\/art-pegas.com\/bratislava\/wp-content\/gallery\/vianocny-koncert-2025-spojeny-s-vystavou-vytvarnych-prac\/thumbs\/thumbs_DSC_0837.jpg\"\n                    width=\"200\"\n                    height=\"133\"\n                    style=\"max-width:100%;\"\n                \/>\n            <\/a>\n        <\/div>\n\t\t\t\t\t\t\t<\/div> \n\t\t\t\n\t\t\t\t<div id=\"ngg-image-18\" class=\"ngg-gallery-thumbnail-box \" >\n\t\t\t\t        <div class=\"ngg-gallery-thumbnail\">\n            <a href=\"https:\/\/art-pegas.com\/bratislava\/wp-content\/gallery\/vianocny-koncert-2025-spojeny-s-vystavou-vytvarnych-prac\/IMG-20251215-WA0029.jpg\"\n               title=\"\"\n               data-src=\"https:\/\/art-pegas.com\/bratislava\/wp-content\/gallery\/vianocny-koncert-2025-spojeny-s-vystavou-vytvarnych-prac\/IMG-20251215-WA0029.jpg\"\n               data-thumbnail=\"https:\/\/art-pegas.com\/bratislava\/wp-content\/gallery\/vianocny-koncert-2025-spojeny-s-vystavou-vytvarnych-prac\/thumbs\/thumbs_IMG-20251215-WA0029.jpg\"\n               data-image-id=\"713\"\n               data-title=\"IMG-20251215-WA0029\"\n               data-description=\"\"\n               data-image-slug=\"img-20251215-wa0029\"\n               class=\"ngg-simplelightbox\" rel=\"2ef64d768a5c8130fe8962434194aa4c\">\n                <img\n                    title=\"IMG-20251215-WA0029\"\n                    alt=\"IMG-20251215-WA0029\"\n                    src=\"https:\/\/art-pegas.com\/bratislava\/wp-content\/gallery\/vianocny-koncert-2025-spojeny-s-vystavou-vytvarnych-prac\/thumbs\/thumbs_IMG-20251215-WA0029.jpg\"\n                    width=\"112\"\n                    height=\"150\"\n                    style=\"max-width:100%;\"\n                \/>\n            <\/a>\n        <\/div>\n\t\t\t\t\t\t\t<\/div> \n\t\t\t\n\t\t\t\t<div id=\"ngg-image-19\" class=\"ngg-gallery-thumbnail-box \" >\n\t\t\t\t        <div class=\"ngg-gallery-thumbnail\">\n            <a href=\"https:\/\/art-pegas.com\/bratislava\/wp-content\/gallery\/vianocny-koncert-2025-spojeny-s-vystavou-vytvarnych-prac\/DSC_0343.jpg\"\n               title=\"\"\n               data-src=\"https:\/\/art-pegas.com\/bratislava\/wp-content\/gallery\/vianocny-koncert-2025-spojeny-s-vystavou-vytvarnych-prac\/DSC_0343.jpg\"\n               data-thumbnail=\"https:\/\/art-pegas.com\/bratislava\/wp-content\/gallery\/vianocny-koncert-2025-spojeny-s-vystavou-vytvarnych-prac\/thumbs\/thumbs_DSC_0343.jpg\"\n               data-image-id=\"510\"\n               data-title=\"DSC_0343\"\n               data-description=\"\"\n               data-image-slug=\"dsc_0343\"\n               class=\"ngg-simplelightbox\" rel=\"2ef64d768a5c8130fe8962434194aa4c\">\n                <img\n                    title=\"DSC_0343\"\n                    alt=\"DSC_0343\"\n                    src=\"https:\/\/art-pegas.com\/bratislava\/wp-content\/gallery\/vianocny-koncert-2025-spojeny-s-vystavou-vytvarnych-prac\/thumbs\/thumbs_DSC_0343.jpg\"\n                    width=\"180\"\n                    height=\"150\"\n                    style=\"max-width:100%;\"\n                \/>\n            <\/a>\n        <\/div>\n\t\t\t\t\t\t\t<\/div> \n\t\t\t\n\t\t\t\t<div id=\"ngg-image-20\" class=\"ngg-gallery-thumbnail-box \" >\n\t\t\t\t        <div class=\"ngg-gallery-thumbnail\">\n            <a href=\"https:\/\/art-pegas.com\/bratislava\/wp-content\/gallery\/vianocny-koncert-2025-spojeny-s-vystavou-vytvarnych-prac\/IMG-20251202-WA0005.jpg\"\n               title=\"\"\n               data-src=\"https:\/\/art-pegas.com\/bratislava\/wp-content\/gallery\/vianocny-koncert-2025-spojeny-s-vystavou-vytvarnych-prac\/IMG-20251202-WA0005.jpg\"\n               data-thumbnail=\"https:\/\/art-pegas.com\/bratislava\/wp-content\/gallery\/vianocny-koncert-2025-spojeny-s-vystavou-vytvarnych-prac\/thumbs\/thumbs_IMG-20251202-WA0005.jpg\"\n               data-image-id=\"654\"\n               data-title=\"IMG-20251202-WA0005\"\n               data-description=\"\"\n               data-image-slug=\"img-20251202-wa0005\"\n               class=\"ngg-simplelightbox\" rel=\"2ef64d768a5c8130fe8962434194aa4c\">\n                <img\n                    title=\"IMG-20251202-WA0005\"\n                    alt=\"IMG-20251202-WA0005\"\n                    src=\"https:\/\/art-pegas.com\/bratislava\/wp-content\/gallery\/vianocny-koncert-2025-spojeny-s-vystavou-vytvarnych-prac\/thumbs\/thumbs_IMG-20251202-WA0005.jpg\"\n                    width=\"112\"\n                    height=\"150\"\n                    style=\"max-width:100%;\"\n                \/>\n            <\/a>\n        <\/div>\n\t\t\t\t\t\t\t<\/div> \n\t\t\t\n\t\t\t\t<div id=\"ngg-image-21\" class=\"ngg-gallery-thumbnail-box \" >\n\t\t\t\t        <div class=\"ngg-gallery-thumbnail\">\n            <a href=\"https:\/\/art-pegas.com\/bratislava\/wp-content\/gallery\/vianocny-koncert-2025-spojeny-s-vystavou-vytvarnych-prac\/DSC_0740.jpg\"\n               title=\"\"\n               data-src=\"https:\/\/art-pegas.com\/bratislava\/wp-content\/gallery\/vianocny-koncert-2025-spojeny-s-vystavou-vytvarnych-prac\/DSC_0740.jpg\"\n               data-thumbnail=\"https:\/\/art-pegas.com\/bratislava\/wp-content\/gallery\/vianocny-koncert-2025-spojeny-s-vystavou-vytvarnych-prac\/thumbs\/thumbs_DSC_0740.jpg\"\n               data-image-id=\"590\"\n               data-title=\"DSC_0740\"\n               data-description=\"\"\n               data-image-slug=\"dsc_0740\"\n               class=\"ngg-simplelightbox\" rel=\"2ef64d768a5c8130fe8962434194aa4c\">\n                <img\n                    title=\"DSC_0740\"\n                    alt=\"DSC_0740\"\n                    src=\"https:\/\/art-pegas.com\/bratislava\/wp-content\/gallery\/vianocny-koncert-2025-spojeny-s-vystavou-vytvarnych-prac\/thumbs\/thumbs_DSC_0740.jpg\"\n                    width=\"200\"\n                    height=\"133\"\n                    style=\"max-width:100%;\"\n                \/>\n            <\/a>\n        <\/div>\n\t\t\t\t\t\t\t<\/div> \n\t\t\t\n\t\t\t\t<div id=\"ngg-image-22\" class=\"ngg-gallery-thumbnail-box \" >\n\t\t\t\t        <div class=\"ngg-gallery-thumbnail\">\n            <a href=\"https:\/\/art-pegas.com\/bratislava\/wp-content\/gallery\/vianocny-koncert-2025-spojeny-s-vystavou-vytvarnych-prac\/IMG-20251203-WA0005.jpg\"\n               title=\"\"\n               data-src=\"https:\/\/art-pegas.com\/bratislava\/wp-content\/gallery\/vianocny-koncert-2025-spojeny-s-vystavou-vytvarnych-prac\/IMG-20251203-WA0005.jpg\"\n               data-thumbnail=\"https:\/\/art-pegas.com\/bratislava\/wp-content\/gallery\/vianocny-koncert-2025-spojeny-s-vystavou-vytvarnych-prac\/thumbs\/thumbs_IMG-20251203-WA0005.jpg\"\n               data-image-id=\"670\"\n               data-title=\"IMG-20251203-WA0005\"\n               data-description=\"\"\n               data-image-slug=\"img-20251203-wa0005\"\n               class=\"ngg-simplelightbox\" rel=\"2ef64d768a5c8130fe8962434194aa4c\">\n                <img\n                    title=\"IMG-20251203-WA0005\"\n                    alt=\"IMG-20251203-WA0005\"\n                    src=\"https:\/\/art-pegas.com\/bratislava\/wp-content\/gallery\/vianocny-koncert-2025-spojeny-s-vystavou-vytvarnych-prac\/thumbs\/thumbs_IMG-20251203-WA0005.jpg\"\n                    width=\"112\"\n                    height=\"150\"\n                    style=\"max-width:100%;\"\n                \/>\n            <\/a>\n        <\/div>\n\t\t\t\t\t\t\t<\/div> \n\t\t\t\n\t\t\t\t<div id=\"ngg-image-23\" class=\"ngg-gallery-thumbnail-box \" >\n\t\t\t\t        <div class=\"ngg-gallery-thumbnail\">\n            <a href=\"https:\/\/art-pegas.com\/bratislava\/wp-content\/gallery\/vianocny-koncert-2025-spojeny-s-vystavou-vytvarnych-prac\/DSC_0705.jpg\"\n               title=\"\"\n               data-src=\"https:\/\/art-pegas.com\/bratislava\/wp-content\/gallery\/vianocny-koncert-2025-spojeny-s-vystavou-vytvarnych-prac\/DSC_0705.jpg\"\n               data-thumbnail=\"https:\/\/art-pegas.com\/bratislava\/wp-content\/gallery\/vianocny-koncert-2025-spojeny-s-vystavou-vytvarnych-prac\/thumbs\/thumbs_DSC_0705.jpg\"\n               data-image-id=\"582\"\n               data-title=\"DSC_0705\"\n               data-description=\"\"\n               data-image-slug=\"dsc_0705-1\"\n               class=\"ngg-simplelightbox\" rel=\"2ef64d768a5c8130fe8962434194aa4c\">\n                <img\n                    title=\"DSC_0705\"\n                    alt=\"DSC_0705\"\n                    src=\"https:\/\/art-pegas.com\/bratislava\/wp-content\/gallery\/vianocny-koncert-2025-spojeny-s-vystavou-vytvarnych-prac\/thumbs\/thumbs_DSC_0705.jpg\"\n                    width=\"200\"\n                    height=\"133\"\n                    style=\"max-width:100%;\"\n                \/>\n            <\/a>\n        <\/div>\n\t\t\t\t\t\t\t<\/div> \n\t\t\t\n\t\n\t<br style=\"clear: both\" \/>\n\n\t\n\t\t<!-- Pagination -->\n\t<div class='ngg-navigation'><span class=\"current\">1<\/span><a class=\"page-numbers\" data-pageid=\"2\" href=\"https:\/\/art-pegas.com\/bratislava\/galeria\/nggallery\/page\/2\">2<\/a><a class=\"page-numbers\" data-pageid=\"3\" href=\"https:\/\/art-pegas.com\/bratislava\/galeria\/nggallery\/page\/3\">3<\/a><a class=\"page-numbers\" data-pageid=\"4\" href=\"https:\/\/art-pegas.com\/bratislava\/galeria\/nggallery\/page\/4\">4<\/a><a class=\"page-numbers\" data-pageid=\"7\" href=\"https:\/\/art-pegas.com\/bratislava\/galeria\/nggallery\/page\/7\">7<\/a><a class=\"page-numbers\" data-pageid=\"8\" href=\"https:\/\/art-pegas.com\/bratislava\/galeria\/nggallery\/page\/8\">8<\/a><a class=\"page-numbers\" data-pageid=\"9\" href=\"https:\/\/art-pegas.com\/bratislava\/galeria\/nggallery\/page\/9\">9<\/a><a class=\"next\" data-pageid=\"2\" id=\"ngg-next-2\" href=\"https:\/\/art-pegas.com\/bratislava\/galeria\/nggallery\/page\/2\">&#9658;<\/a><\/div>\t<\/div>\n[\/vc_column_text][vc_zigzag]<h1 class=\"sc_title sc_title_regular\">V\u00fdtvarn\u00e1 s\u00fa\u0165a\u017e&nbsp; &#8220; Dotyk hviezd &#8222;<\/h1>[vc_column_text]<!-- default-view.php -->\n<div\n\tclass=\"ngg-galleryoverview default-view \"\n\tid=\"ngg-gallery-6a3adfec2c7a1644eeaeda61074d57df-1\">\n\n\t\t<!-- Thumbnails -->\n\t\t\t\t<div id=\"ngg-image-0\" class=\"ngg-gallery-thumbnail-box \" >\n\t\t\t\t        <div class=\"ngg-gallery-thumbnail\">\n            <a href=\"https:\/\/art-pegas.com\/bratislava\/wp-content\/gallery\/vytvarna-sutaz-dotyk-hviezd\/P1020222.jpg\"\n               title=\"\"\n               data-src=\"https:\/\/art-pegas.com\/bratislava\/wp-content\/gallery\/vytvarna-sutaz-dotyk-hviezd\/P1020222.jpg\"\n               data-thumbnail=\"https:\/\/art-pegas.com\/bratislava\/wp-content\/gallery\/vytvarna-sutaz-dotyk-hviezd\/thumbs\/thumbs_P1020222.jpg\"\n               data-image-id=\"308\"\n               data-title=\"P1020222\"\n               data-description=\"\"\n               data-image-slug=\"p1020222\"\n               class=\"ngg-simplelightbox\" rel=\"6a3adfec2c7a1644eeaeda61074d57df\">\n                <img\n                    title=\"P1020222\"\n                    alt=\"P1020222\"\n                    src=\"https:\/\/art-pegas.com\/bratislava\/wp-content\/gallery\/vytvarna-sutaz-dotyk-hviezd\/thumbs\/thumbs_P1020222.jpg\"\n                    width=\"240\"\n                    height=\"160\"\n                    style=\"max-width:100%;\"\n                \/>\n            <\/a>\n        <\/div>\n\t\t\t\t\t\t\t<\/div> \n\t\t\t\n\t\t\t\t<div id=\"ngg-image-1\" class=\"ngg-gallery-thumbnail-box \" >\n\t\t\t\t        <div class=\"ngg-gallery-thumbnail\">\n            <a href=\"https:\/\/art-pegas.com\/bratislava\/wp-content\/gallery\/vytvarna-sutaz-dotyk-hviezd\/P1020194.jpg\"\n               title=\"\"\n               data-src=\"https:\/\/art-pegas.com\/bratislava\/wp-content\/gallery\/vytvarna-sutaz-dotyk-hviezd\/P1020194.jpg\"\n               data-thumbnail=\"https:\/\/art-pegas.com\/bratislava\/wp-content\/gallery\/vytvarna-sutaz-dotyk-hviezd\/thumbs\/thumbs_P1020194.jpg\"\n               data-image-id=\"300\"\n               data-title=\"P1020194\"\n               data-description=\"\"\n               data-image-slug=\"p1020194\"\n               class=\"ngg-simplelightbox\" rel=\"6a3adfec2c7a1644eeaeda61074d57df\">\n                <img\n                    title=\"P1020194\"\n                    alt=\"P1020194\"\n                    src=\"https:\/\/art-pegas.com\/bratislava\/wp-content\/gallery\/vytvarna-sutaz-dotyk-hviezd\/thumbs\/thumbs_P1020194.jpg\"\n                    width=\"240\"\n                    height=\"160\"\n                    style=\"max-width:100%;\"\n                \/>\n            <\/a>\n        <\/div>\n\t\t\t\t\t\t\t<\/div> \n\t\t\t\n\t\t\t\t<div id=\"ngg-image-2\" class=\"ngg-gallery-thumbnail-box \" >\n\t\t\t\t        <div class=\"ngg-gallery-thumbnail\">\n            <a href=\"https:\/\/art-pegas.com\/bratislava\/wp-content\/gallery\/vytvarna-sutaz-dotyk-hviezd\/P1020193.jpg\"\n               title=\"\"\n               data-src=\"https:\/\/art-pegas.com\/bratislava\/wp-content\/gallery\/vytvarna-sutaz-dotyk-hviezd\/P1020193.jpg\"\n               data-thumbnail=\"https:\/\/art-pegas.com\/bratislava\/wp-content\/gallery\/vytvarna-sutaz-dotyk-hviezd\/thumbs\/thumbs_P1020193.jpg\"\n               data-image-id=\"299\"\n               data-title=\"P1020193\"\n               data-description=\"\"\n               data-image-slug=\"p1020193\"\n               class=\"ngg-simplelightbox\" rel=\"6a3adfec2c7a1644eeaeda61074d57df\">\n                <img\n                    title=\"P1020193\"\n                    alt=\"P1020193\"\n                    src=\"https:\/\/art-pegas.com\/bratislava\/wp-content\/gallery\/vytvarna-sutaz-dotyk-hviezd\/thumbs\/thumbs_P1020193.jpg\"\n                    width=\"240\"\n                    height=\"160\"\n                    style=\"max-width:100%;\"\n                \/>\n            <\/a>\n        <\/div>\n\t\t\t\t\t\t\t<\/div> \n\t\t\t\n\t\t\t\t<div id=\"ngg-image-3\" class=\"ngg-gallery-thumbnail-box \" >\n\t\t\t\t        <div class=\"ngg-gallery-thumbnail\">\n            <a href=\"https:\/\/art-pegas.com\/bratislava\/wp-content\/gallery\/vytvarna-sutaz-dotyk-hviezd\/P1020192.jpg\"\n               title=\"\"\n               data-src=\"https:\/\/art-pegas.com\/bratislava\/wp-content\/gallery\/vytvarna-sutaz-dotyk-hviezd\/P1020192.jpg\"\n               data-thumbnail=\"https:\/\/art-pegas.com\/bratislava\/wp-content\/gallery\/vytvarna-sutaz-dotyk-hviezd\/thumbs\/thumbs_P1020192.jpg\"\n               data-image-id=\"298\"\n               data-title=\"P1020192\"\n               data-description=\"\"\n               data-image-slug=\"p1020192\"\n               class=\"ngg-simplelightbox\" rel=\"6a3adfec2c7a1644eeaeda61074d57df\">\n                <img\n                    title=\"P1020192\"\n                    alt=\"P1020192\"\n                    src=\"https:\/\/art-pegas.com\/bratislava\/wp-content\/gallery\/vytvarna-sutaz-dotyk-hviezd\/thumbs\/thumbs_P1020192.jpg\"\n                    width=\"240\"\n                    height=\"160\"\n                    style=\"max-width:100%;\"\n                \/>\n            <\/a>\n        <\/div>\n\t\t\t\t\t\t\t<\/div> \n\t\t\t\n\t\t\t\t<div id=\"ngg-image-4\" class=\"ngg-gallery-thumbnail-box \" >\n\t\t\t\t        <div class=\"ngg-gallery-thumbnail\">\n            <a href=\"https:\/\/art-pegas.com\/bratislava\/wp-content\/gallery\/vytvarna-sutaz-dotyk-hviezd\/P1020292.jpg\"\n               title=\"\"\n               data-src=\"https:\/\/art-pegas.com\/bratislava\/wp-content\/gallery\/vytvarna-sutaz-dotyk-hviezd\/P1020292.jpg\"\n               data-thumbnail=\"https:\/\/art-pegas.com\/bratislava\/wp-content\/gallery\/vytvarna-sutaz-dotyk-hviezd\/thumbs\/thumbs_P1020292.jpg\"\n               data-image-id=\"349\"\n               data-title=\"P1020292\"\n               data-description=\"\"\n               data-image-slug=\"p1020292\"\n               class=\"ngg-simplelightbox\" rel=\"6a3adfec2c7a1644eeaeda61074d57df\">\n                <img\n                    title=\"P1020292\"\n                    alt=\"P1020292\"\n                    src=\"https:\/\/art-pegas.com\/bratislava\/wp-content\/gallery\/vytvarna-sutaz-dotyk-hviezd\/thumbs\/thumbs_P1020292.jpg\"\n                    width=\"240\"\n                    height=\"160\"\n                    style=\"max-width:100%;\"\n                \/>\n            <\/a>\n        <\/div>\n\t\t\t\t\t\t\t<\/div> \n\t\t\t\n\t\t\t\t<div id=\"ngg-image-5\" class=\"ngg-gallery-thumbnail-box \" >\n\t\t\t\t        <div class=\"ngg-gallery-thumbnail\">\n            <a href=\"https:\/\/art-pegas.com\/bratislava\/wp-content\/gallery\/vytvarna-sutaz-dotyk-hviezd\/P1020209.jpg\"\n               title=\"\"\n               data-src=\"https:\/\/art-pegas.com\/bratislava\/wp-content\/gallery\/vytvarna-sutaz-dotyk-hviezd\/P1020209.jpg\"\n               data-thumbnail=\"https:\/\/art-pegas.com\/bratislava\/wp-content\/gallery\/vytvarna-sutaz-dotyk-hviezd\/thumbs\/thumbs_P1020209.jpg\"\n               data-image-id=\"307\"\n               data-title=\"P1020209\"\n               data-description=\"\"\n               data-image-slug=\"p1020209\"\n               class=\"ngg-simplelightbox\" rel=\"6a3adfec2c7a1644eeaeda61074d57df\">\n                <img\n                    title=\"P1020209\"\n                    alt=\"P1020209\"\n                    src=\"https:\/\/art-pegas.com\/bratislava\/wp-content\/gallery\/vytvarna-sutaz-dotyk-hviezd\/thumbs\/thumbs_P1020209.jpg\"\n                    width=\"240\"\n                    height=\"160\"\n                    style=\"max-width:100%;\"\n                \/>\n            <\/a>\n        <\/div>\n\t\t\t\t\t\t\t<\/div> \n\t\t\t\n\t\t\t\t<div id=\"ngg-image-6\" class=\"ngg-gallery-thumbnail-box \" >\n\t\t\t\t        <div class=\"ngg-gallery-thumbnail\">\n            <a href=\"https:\/\/art-pegas.com\/bratislava\/wp-content\/gallery\/vytvarna-sutaz-dotyk-hviezd\/P1020300.jpg\"\n               title=\"\"\n               data-src=\"https:\/\/art-pegas.com\/bratislava\/wp-content\/gallery\/vytvarna-sutaz-dotyk-hviezd\/P1020300.jpg\"\n               data-thumbnail=\"https:\/\/art-pegas.com\/bratislava\/wp-content\/gallery\/vytvarna-sutaz-dotyk-hviezd\/thumbs\/thumbs_P1020300.jpg\"\n               data-image-id=\"357\"\n               data-title=\"P1020300\"\n               data-description=\"\"\n               data-image-slug=\"p1020300\"\n               class=\"ngg-simplelightbox\" rel=\"6a3adfec2c7a1644eeaeda61074d57df\">\n                <img\n                    title=\"P1020300\"\n                    alt=\"P1020300\"\n                    src=\"https:\/\/art-pegas.com\/bratislava\/wp-content\/gallery\/vytvarna-sutaz-dotyk-hviezd\/thumbs\/thumbs_P1020300.jpg\"\n                    width=\"240\"\n                    height=\"160\"\n                    style=\"max-width:100%;\"\n                \/>\n            <\/a>\n        <\/div>\n\t\t\t\t\t\t\t<\/div> \n\t\t\t\n\t\t\t\t<div id=\"ngg-image-7\" class=\"ngg-gallery-thumbnail-box \" >\n\t\t\t\t        <div class=\"ngg-gallery-thumbnail\">\n            <a href=\"https:\/\/art-pegas.com\/bratislava\/wp-content\/gallery\/vytvarna-sutaz-dotyk-hviezd\/P1020266.jpg\"\n               title=\"\"\n               data-src=\"https:\/\/art-pegas.com\/bratislava\/wp-content\/gallery\/vytvarna-sutaz-dotyk-hviezd\/P1020266.jpg\"\n               data-thumbnail=\"https:\/\/art-pegas.com\/bratislava\/wp-content\/gallery\/vytvarna-sutaz-dotyk-hviezd\/thumbs\/thumbs_P1020266.jpg\"\n               data-image-id=\"323\"\n               data-title=\"P1020266\"\n               data-description=\"\"\n               data-image-slug=\"p1020266\"\n               class=\"ngg-simplelightbox\" rel=\"6a3adfec2c7a1644eeaeda61074d57df\">\n                <img\n                    title=\"P1020266\"\n                    alt=\"P1020266\"\n                    src=\"https:\/\/art-pegas.com\/bratislava\/wp-content\/gallery\/vytvarna-sutaz-dotyk-hviezd\/thumbs\/thumbs_P1020266.jpg\"\n                    width=\"240\"\n                    height=\"160\"\n                    style=\"max-width:100%;\"\n                \/>\n            <\/a>\n        <\/div>\n\t\t\t\t\t\t\t<\/div> \n\t\t\t\n\t\t\t\t<div id=\"ngg-image-8\" class=\"ngg-gallery-thumbnail-box \" >\n\t\t\t\t        <div class=\"ngg-gallery-thumbnail\">\n            <a href=\"https:\/\/art-pegas.com\/bratislava\/wp-content\/gallery\/vytvarna-sutaz-dotyk-hviezd\/P1020283.jpg\"\n               title=\"\"\n               data-src=\"https:\/\/art-pegas.com\/bratislava\/wp-content\/gallery\/vytvarna-sutaz-dotyk-hviezd\/P1020283.jpg\"\n               data-thumbnail=\"https:\/\/art-pegas.com\/bratislava\/wp-content\/gallery\/vytvarna-sutaz-dotyk-hviezd\/thumbs\/thumbs_P1020283.jpg\"\n               data-image-id=\"340\"\n               data-title=\"P1020283\"\n               data-description=\"\"\n               data-image-slug=\"p1020283\"\n               class=\"ngg-simplelightbox\" rel=\"6a3adfec2c7a1644eeaeda61074d57df\">\n                <img\n                    title=\"P1020283\"\n                    alt=\"P1020283\"\n                    src=\"https:\/\/art-pegas.com\/bratislava\/wp-content\/gallery\/vytvarna-sutaz-dotyk-hviezd\/thumbs\/thumbs_P1020283.jpg\"\n                    width=\"240\"\n                    height=\"160\"\n                    style=\"max-width:100%;\"\n                \/>\n            <\/a>\n        <\/div>\n\t\t\t\t\t\t\t<\/div> \n\t\t\t\n\t\t\t\t<div id=\"ngg-image-9\" class=\"ngg-gallery-thumbnail-box \" >\n\t\t\t\t        <div class=\"ngg-gallery-thumbnail\">\n            <a href=\"https:\/\/art-pegas.com\/bratislava\/wp-content\/gallery\/vytvarna-sutaz-dotyk-hviezd\/P1020185.jpg\"\n               title=\"\"\n               data-src=\"https:\/\/art-pegas.com\/bratislava\/wp-content\/gallery\/vytvarna-sutaz-dotyk-hviezd\/P1020185.jpg\"\n               data-thumbnail=\"https:\/\/art-pegas.com\/bratislava\/wp-content\/gallery\/vytvarna-sutaz-dotyk-hviezd\/thumbs\/thumbs_P1020185.jpg\"\n               data-image-id=\"292\"\n               data-title=\"P1020185\"\n               data-description=\"\"\n               data-image-slug=\"p1020185\"\n               class=\"ngg-simplelightbox\" rel=\"6a3adfec2c7a1644eeaeda61074d57df\">\n                <img\n                    title=\"P1020185\"\n                    alt=\"P1020185\"\n                    src=\"https:\/\/art-pegas.com\/bratislava\/wp-content\/gallery\/vytvarna-sutaz-dotyk-hviezd\/thumbs\/thumbs_P1020185.jpg\"\n                    width=\"240\"\n                    height=\"160\"\n                    style=\"max-width:100%;\"\n                \/>\n            <\/a>\n        <\/div>\n\t\t\t\t\t\t\t<\/div> \n\t\t\t\n\t\t\t\t<div id=\"ngg-image-10\" class=\"ngg-gallery-thumbnail-box \" >\n\t\t\t\t        <div class=\"ngg-gallery-thumbnail\">\n            <a href=\"https:\/\/art-pegas.com\/bratislava\/wp-content\/gallery\/vytvarna-sutaz-dotyk-hviezd\/P1020184.jpg\"\n               title=\"\"\n               data-src=\"https:\/\/art-pegas.com\/bratislava\/wp-content\/gallery\/vytvarna-sutaz-dotyk-hviezd\/P1020184.jpg\"\n               data-thumbnail=\"https:\/\/art-pegas.com\/bratislava\/wp-content\/gallery\/vytvarna-sutaz-dotyk-hviezd\/thumbs\/thumbs_P1020184.jpg\"\n               data-image-id=\"291\"\n               data-title=\"P1020184\"\n               data-description=\"\"\n               data-image-slug=\"p1020184\"\n               class=\"ngg-simplelightbox\" rel=\"6a3adfec2c7a1644eeaeda61074d57df\">\n                <img\n                    title=\"P1020184\"\n                    alt=\"P1020184\"\n                    src=\"https:\/\/art-pegas.com\/bratislava\/wp-content\/gallery\/vytvarna-sutaz-dotyk-hviezd\/thumbs\/thumbs_P1020184.jpg\"\n                    width=\"240\"\n                    height=\"160\"\n                    style=\"max-width:100%;\"\n                \/>\n            <\/a>\n        <\/div>\n\t\t\t\t\t\t\t<\/div> \n\t\t\t\n\t\t\t\t<div id=\"ngg-image-11\" class=\"ngg-gallery-thumbnail-box \" >\n\t\t\t\t        <div class=\"ngg-gallery-thumbnail\">\n            <a href=\"https:\/\/art-pegas.com\/bratislava\/wp-content\/gallery\/vytvarna-sutaz-dotyk-hviezd\/P1020183.jpg\"\n               title=\"\"\n               data-src=\"https:\/\/art-pegas.com\/bratislava\/wp-content\/gallery\/vytvarna-sutaz-dotyk-hviezd\/P1020183.jpg\"\n               data-thumbnail=\"https:\/\/art-pegas.com\/bratislava\/wp-content\/gallery\/vytvarna-sutaz-dotyk-hviezd\/thumbs\/thumbs_P1020183.jpg\"\n               data-image-id=\"290\"\n               data-title=\"P1020183\"\n               data-description=\"\"\n               data-image-slug=\"p1020183\"\n               class=\"ngg-simplelightbox\" rel=\"6a3adfec2c7a1644eeaeda61074d57df\">\n                <img\n                    title=\"P1020183\"\n                    alt=\"P1020183\"\n                    src=\"https:\/\/art-pegas.com\/bratislava\/wp-content\/gallery\/vytvarna-sutaz-dotyk-hviezd\/thumbs\/thumbs_P1020183.jpg\"\n                    width=\"240\"\n                    height=\"160\"\n                    style=\"max-width:100%;\"\n                \/>\n            <\/a>\n        <\/div>\n\t\t\t\t\t\t\t<\/div> \n\t\t\t\n\t\t\t\t<div id=\"ngg-image-12\" class=\"ngg-gallery-thumbnail-box \" >\n\t\t\t\t        <div class=\"ngg-gallery-thumbnail\">\n            <a href=\"https:\/\/art-pegas.com\/bratislava\/wp-content\/gallery\/vytvarna-sutaz-dotyk-hviezd\/P1020275.jpg\"\n               title=\"\"\n               data-src=\"https:\/\/art-pegas.com\/bratislava\/wp-content\/gallery\/vytvarna-sutaz-dotyk-hviezd\/P1020275.jpg\"\n               data-thumbnail=\"https:\/\/art-pegas.com\/bratislava\/wp-content\/gallery\/vytvarna-sutaz-dotyk-hviezd\/thumbs\/thumbs_P1020275.jpg\"\n               data-image-id=\"332\"\n               data-title=\"P1020275\"\n               data-description=\"\"\n               data-image-slug=\"p1020275\"\n               class=\"ngg-simplelightbox\" rel=\"6a3adfec2c7a1644eeaeda61074d57df\">\n                <img\n                    title=\"P1020275\"\n                    alt=\"P1020275\"\n                    src=\"https:\/\/art-pegas.com\/bratislava\/wp-content\/gallery\/vytvarna-sutaz-dotyk-hviezd\/thumbs\/thumbs_P1020275.jpg\"\n                    width=\"240\"\n                    height=\"160\"\n                    style=\"max-width:100%;\"\n                \/>\n            <\/a>\n        <\/div>\n\t\t\t\t\t\t\t<\/div> \n\t\t\t\n\t\t\t\t<div id=\"ngg-image-13\" class=\"ngg-gallery-thumbnail-box \" >\n\t\t\t\t        <div class=\"ngg-gallery-thumbnail\">\n            <a href=\"https:\/\/art-pegas.com\/bratislava\/wp-content\/gallery\/vytvarna-sutaz-dotyk-hviezd\/P1020164.jpg\"\n               title=\"\"\n               data-src=\"https:\/\/art-pegas.com\/bratislava\/wp-content\/gallery\/vytvarna-sutaz-dotyk-hviezd\/P1020164.jpg\"\n               data-thumbnail=\"https:\/\/art-pegas.com\/bratislava\/wp-content\/gallery\/vytvarna-sutaz-dotyk-hviezd\/thumbs\/thumbs_P1020164.jpg\"\n               data-image-id=\"275\"\n               data-title=\"P1020164\"\n               data-description=\"\"\n               data-image-slug=\"p1020164\"\n               class=\"ngg-simplelightbox\" rel=\"6a3adfec2c7a1644eeaeda61074d57df\">\n                <img\n                    title=\"P1020164\"\n                    alt=\"P1020164\"\n                    src=\"https:\/\/art-pegas.com\/bratislava\/wp-content\/gallery\/vytvarna-sutaz-dotyk-hviezd\/thumbs\/thumbs_P1020164.jpg\"\n                    width=\"240\"\n                    height=\"160\"\n                    style=\"max-width:100%;\"\n                \/>\n            <\/a>\n        <\/div>\n\t\t\t\t\t\t\t<\/div> \n\t\t\t\n\t\t\t\t<div id=\"ngg-image-14\" class=\"ngg-gallery-thumbnail-box \" >\n\t\t\t\t        <div class=\"ngg-gallery-thumbnail\">\n            <a href=\"https:\/\/art-pegas.com\/bratislava\/wp-content\/gallery\/vytvarna-sutaz-dotyk-hviezd\/P1020253.jpg\"\n               title=\"\"\n               data-src=\"https:\/\/art-pegas.com\/bratislava\/wp-content\/gallery\/vytvarna-sutaz-dotyk-hviezd\/P1020253.jpg\"\n               data-thumbnail=\"https:\/\/art-pegas.com\/bratislava\/wp-content\/gallery\/vytvarna-sutaz-dotyk-hviezd\/thumbs\/thumbs_P1020253.jpg\"\n               data-image-id=\"315\"\n               data-title=\"P1020253\"\n               data-description=\"\"\n               data-image-slug=\"p1020253\"\n               class=\"ngg-simplelightbox\" rel=\"6a3adfec2c7a1644eeaeda61074d57df\">\n                <img\n                    title=\"P1020253\"\n                    alt=\"P1020253\"\n                    src=\"https:\/\/art-pegas.com\/bratislava\/wp-content\/gallery\/vytvarna-sutaz-dotyk-hviezd\/thumbs\/thumbs_P1020253.jpg\"\n                    width=\"240\"\n                    height=\"160\"\n                    style=\"max-width:100%;\"\n                \/>\n            <\/a>\n        <\/div>\n\t\t\t\t\t\t\t<\/div> \n\t\t\t\n\t\t\t\t<div id=\"ngg-image-15\" class=\"ngg-gallery-thumbnail-box \" >\n\t\t\t\t        <div class=\"ngg-gallery-thumbnail\">\n            <a href=\"https:\/\/art-pegas.com\/bratislava\/wp-content\/gallery\/vytvarna-sutaz-dotyk-hviezd\/P1020268.jpg\"\n               title=\"\"\n               data-src=\"https:\/\/art-pegas.com\/bratislava\/wp-content\/gallery\/vytvarna-sutaz-dotyk-hviezd\/P1020268.jpg\"\n               data-thumbnail=\"https:\/\/art-pegas.com\/bratislava\/wp-content\/gallery\/vytvarna-sutaz-dotyk-hviezd\/thumbs\/thumbs_P1020268.jpg\"\n               data-image-id=\"325\"\n               data-title=\"P1020268\"\n               data-description=\"\"\n               data-image-slug=\"p1020268\"\n               class=\"ngg-simplelightbox\" rel=\"6a3adfec2c7a1644eeaeda61074d57df\">\n                <img\n                    title=\"P1020268\"\n                    alt=\"P1020268\"\n                    src=\"https:\/\/art-pegas.com\/bratislava\/wp-content\/gallery\/vytvarna-sutaz-dotyk-hviezd\/thumbs\/thumbs_P1020268.jpg\"\n                    width=\"240\"\n                    height=\"160\"\n                    style=\"max-width:100%;\"\n                \/>\n            <\/a>\n        <\/div>\n\t\t\t\t\t\t\t<\/div> \n\t\t\t\n\t\t\t\t<div id=\"ngg-image-16\" class=\"ngg-gallery-thumbnail-box \" >\n\t\t\t\t        <div class=\"ngg-gallery-thumbnail\">\n            <a href=\"https:\/\/art-pegas.com\/bratislava\/wp-content\/gallery\/vytvarna-sutaz-dotyk-hviezd\/P1020284.jpg\"\n               title=\"\"\n               data-src=\"https:\/\/art-pegas.com\/bratislava\/wp-content\/gallery\/vytvarna-sutaz-dotyk-hviezd\/P1020284.jpg\"\n               data-thumbnail=\"https:\/\/art-pegas.com\/bratislava\/wp-content\/gallery\/vytvarna-sutaz-dotyk-hviezd\/thumbs\/thumbs_P1020284.jpg\"\n               data-image-id=\"341\"\n               data-title=\"P1020284\"\n               data-description=\"\"\n               data-image-slug=\"p1020284\"\n               class=\"ngg-simplelightbox\" rel=\"6a3adfec2c7a1644eeaeda61074d57df\">\n                <img\n                    title=\"P1020284\"\n                    alt=\"P1020284\"\n                    src=\"https:\/\/art-pegas.com\/bratislava\/wp-content\/gallery\/vytvarna-sutaz-dotyk-hviezd\/thumbs\/thumbs_P1020284.jpg\"\n                    width=\"240\"\n                    height=\"160\"\n                    style=\"max-width:100%;\"\n                \/>\n            <\/a>\n        <\/div>\n\t\t\t\t\t\t\t<\/div> \n\t\t\t\n\t\t\t\t<div id=\"ngg-image-17\" class=\"ngg-gallery-thumbnail-box \" >\n\t\t\t\t        <div class=\"ngg-gallery-thumbnail\">\n            <a href=\"https:\/\/art-pegas.com\/bratislava\/wp-content\/gallery\/vytvarna-sutaz-dotyk-hviezd\/P1020177.jpg\"\n               title=\"\"\n               data-src=\"https:\/\/art-pegas.com\/bratislava\/wp-content\/gallery\/vytvarna-sutaz-dotyk-hviezd\/P1020177.jpg\"\n               data-thumbnail=\"https:\/\/art-pegas.com\/bratislava\/wp-content\/gallery\/vytvarna-sutaz-dotyk-hviezd\/thumbs\/thumbs_P1020177.jpg\"\n               data-image-id=\"284\"\n               data-title=\"P1020177\"\n               data-description=\"\"\n               data-image-slug=\"p1020177\"\n               class=\"ngg-simplelightbox\" rel=\"6a3adfec2c7a1644eeaeda61074d57df\">\n                <img\n                    title=\"P1020177\"\n                    alt=\"P1020177\"\n                    src=\"https:\/\/art-pegas.com\/bratislava\/wp-content\/gallery\/vytvarna-sutaz-dotyk-hviezd\/thumbs\/thumbs_P1020177.jpg\"\n                    width=\"240\"\n                    height=\"160\"\n                    style=\"max-width:100%;\"\n                \/>\n            <\/a>\n        <\/div>\n\t\t\t\t\t\t\t<\/div> \n\t\t\t\n\t\t\t\t<div id=\"ngg-image-18\" class=\"ngg-gallery-thumbnail-box \" >\n\t\t\t\t        <div class=\"ngg-gallery-thumbnail\">\n            <a href=\"https:\/\/art-pegas.com\/bratislava\/wp-content\/gallery\/vytvarna-sutaz-dotyk-hviezd\/P1020176.jpg\"\n               title=\"\"\n               data-src=\"https:\/\/art-pegas.com\/bratislava\/wp-content\/gallery\/vytvarna-sutaz-dotyk-hviezd\/P1020176.jpg\"\n               data-thumbnail=\"https:\/\/art-pegas.com\/bratislava\/wp-content\/gallery\/vytvarna-sutaz-dotyk-hviezd\/thumbs\/thumbs_P1020176.jpg\"\n               data-image-id=\"283\"\n               data-title=\"P1020176\"\n               data-description=\"\"\n               data-image-slug=\"p1020176\"\n               class=\"ngg-simplelightbox\" rel=\"6a3adfec2c7a1644eeaeda61074d57df\">\n                <img\n                    title=\"P1020176\"\n                    alt=\"P1020176\"\n                    src=\"https:\/\/art-pegas.com\/bratislava\/wp-content\/gallery\/vytvarna-sutaz-dotyk-hviezd\/thumbs\/thumbs_P1020176.jpg\"\n                    width=\"240\"\n                    height=\"160\"\n                    style=\"max-width:100%;\"\n                \/>\n            <\/a>\n        <\/div>\n\t\t\t\t\t\t\t<\/div> \n\t\t\t\n\t\t\t\t<div id=\"ngg-image-19\" class=\"ngg-gallery-thumbnail-box \" >\n\t\t\t\t        <div class=\"ngg-gallery-thumbnail\">\n            <a href=\"https:\/\/art-pegas.com\/bratislava\/wp-content\/gallery\/vytvarna-sutaz-dotyk-hviezd\/P1020175.jpg\"\n               title=\"\"\n               data-src=\"https:\/\/art-pegas.com\/bratislava\/wp-content\/gallery\/vytvarna-sutaz-dotyk-hviezd\/P1020175.jpg\"\n               data-thumbnail=\"https:\/\/art-pegas.com\/bratislava\/wp-content\/gallery\/vytvarna-sutaz-dotyk-hviezd\/thumbs\/thumbs_P1020175.jpg\"\n               data-image-id=\"282\"\n               data-title=\"P1020175\"\n               data-description=\"\"\n               data-image-slug=\"p1020175\"\n               class=\"ngg-simplelightbox\" rel=\"6a3adfec2c7a1644eeaeda61074d57df\">\n                <img\n                    title=\"P1020175\"\n                    alt=\"P1020175\"\n                    src=\"https:\/\/art-pegas.com\/bratislava\/wp-content\/gallery\/vytvarna-sutaz-dotyk-hviezd\/thumbs\/thumbs_P1020175.jpg\"\n                    width=\"240\"\n                    height=\"160\"\n                    style=\"max-width:100%;\"\n                \/>\n            <\/a>\n        <\/div>\n\t\t\t\t\t\t\t<\/div> \n\t\t\t\n\t\t\t\t<div id=\"ngg-image-20\" class=\"ngg-gallery-thumbnail-box \" >\n\t\t\t\t        <div class=\"ngg-gallery-thumbnail\">\n            <a href=\"https:\/\/art-pegas.com\/bratislava\/wp-content\/gallery\/vytvarna-sutaz-dotyk-hviezd\/P1020276.jpg\"\n               title=\"\"\n               data-src=\"https:\/\/art-pegas.com\/bratislava\/wp-content\/gallery\/vytvarna-sutaz-dotyk-hviezd\/P1020276.jpg\"\n               data-thumbnail=\"https:\/\/art-pegas.com\/bratislava\/wp-content\/gallery\/vytvarna-sutaz-dotyk-hviezd\/thumbs\/thumbs_P1020276.jpg\"\n               data-image-id=\"333\"\n               data-title=\"P1020276\"\n               data-description=\"\"\n               data-image-slug=\"p1020276\"\n               class=\"ngg-simplelightbox\" rel=\"6a3adfec2c7a1644eeaeda61074d57df\">\n                <img\n                    title=\"P1020276\"\n                    alt=\"P1020276\"\n                    src=\"https:\/\/art-pegas.com\/bratislava\/wp-content\/gallery\/vytvarna-sutaz-dotyk-hviezd\/thumbs\/thumbs_P1020276.jpg\"\n                    width=\"240\"\n                    height=\"160\"\n                    style=\"max-width:100%;\"\n                \/>\n            <\/a>\n        <\/div>\n\t\t\t\t\t\t\t<\/div> \n\t\t\t\n\t\t\t\t<div id=\"ngg-image-21\" class=\"ngg-gallery-thumbnail-box \" >\n\t\t\t\t        <div class=\"ngg-gallery-thumbnail\">\n            <a href=\"https:\/\/art-pegas.com\/bratislava\/wp-content\/gallery\/vytvarna-sutaz-dotyk-hviezd\/P1020304.jpg\"\n               title=\"\"\n               data-src=\"https:\/\/art-pegas.com\/bratislava\/wp-content\/gallery\/vytvarna-sutaz-dotyk-hviezd\/P1020304.jpg\"\n               data-thumbnail=\"https:\/\/art-pegas.com\/bratislava\/wp-content\/gallery\/vytvarna-sutaz-dotyk-hviezd\/thumbs\/thumbs_P1020304.jpg\"\n               data-image-id=\"361\"\n               data-title=\"P1020304\"\n               data-description=\"\"\n               data-image-slug=\"p1020304\"\n               class=\"ngg-simplelightbox\" rel=\"6a3adfec2c7a1644eeaeda61074d57df\">\n                <img\n                    title=\"P1020304\"\n                    alt=\"P1020304\"\n                    src=\"https:\/\/art-pegas.com\/bratislava\/wp-content\/gallery\/vytvarna-sutaz-dotyk-hviezd\/thumbs\/thumbs_P1020304.jpg\"\n                    width=\"240\"\n                    height=\"160\"\n                    style=\"max-width:100%;\"\n                \/>\n            <\/a>\n        <\/div>\n\t\t\t\t\t\t\t<\/div> \n\t\t\t\n\t\t\t\t<div id=\"ngg-image-22\" class=\"ngg-gallery-thumbnail-box \" >\n\t\t\t\t        <div class=\"ngg-gallery-thumbnail\">\n            <a href=\"https:\/\/art-pegas.com\/bratislava\/wp-content\/gallery\/vytvarna-sutaz-dotyk-hviezd\/P1020254.jpg\"\n               title=\"\"\n               data-src=\"https:\/\/art-pegas.com\/bratislava\/wp-content\/gallery\/vytvarna-sutaz-dotyk-hviezd\/P1020254.jpg\"\n               data-thumbnail=\"https:\/\/art-pegas.com\/bratislava\/wp-content\/gallery\/vytvarna-sutaz-dotyk-hviezd\/thumbs\/thumbs_P1020254.jpg\"\n               data-image-id=\"316\"\n               data-title=\"P1020254\"\n               data-description=\"\"\n               data-image-slug=\"p1020254\"\n               class=\"ngg-simplelightbox\" rel=\"6a3adfec2c7a1644eeaeda61074d57df\">\n                <img\n                    title=\"P1020254\"\n                    alt=\"P1020254\"\n                    src=\"https:\/\/art-pegas.com\/bratislava\/wp-content\/gallery\/vytvarna-sutaz-dotyk-hviezd\/thumbs\/thumbs_P1020254.jpg\"\n                    width=\"240\"\n                    height=\"160\"\n                    style=\"max-width:100%;\"\n                \/>\n            <\/a>\n        <\/div>\n\t\t\t\t\t\t\t<\/div> \n\t\t\t\n\t\t\t\t<div id=\"ngg-image-23\" class=\"ngg-gallery-thumbnail-box \" >\n\t\t\t\t        <div class=\"ngg-gallery-thumbnail\">\n            <a href=\"https:\/\/art-pegas.com\/bratislava\/wp-content\/gallery\/vytvarna-sutaz-dotyk-hviezd\/P1020299.jpg\"\n               title=\"\"\n               data-src=\"https:\/\/art-pegas.com\/bratislava\/wp-content\/gallery\/vytvarna-sutaz-dotyk-hviezd\/P1020299.jpg\"\n               data-thumbnail=\"https:\/\/art-pegas.com\/bratislava\/wp-content\/gallery\/vytvarna-sutaz-dotyk-hviezd\/thumbs\/thumbs_P1020299.jpg\"\n               data-image-id=\"356\"\n               data-title=\"P1020299\"\n               data-description=\"\"\n               data-image-slug=\"p1020299\"\n               class=\"ngg-simplelightbox\" rel=\"6a3adfec2c7a1644eeaeda61074d57df\">\n                <img\n                    title=\"P1020299\"\n                    alt=\"P1020299\"\n                    src=\"https:\/\/art-pegas.com\/bratislava\/wp-content\/gallery\/vytvarna-sutaz-dotyk-hviezd\/thumbs\/thumbs_P1020299.jpg\"\n                    width=\"240\"\n                    height=\"160\"\n                    style=\"max-width:100%;\"\n                \/>\n            <\/a>\n        <\/div>\n\t\t\t\t\t\t\t<\/div> \n\t\t\t\n\t\n\t<br style=\"clear: both\" \/>\n\n\t\n\t\t<!-- Pagination -->\n\t<div class='ngg-navigation'><span class=\"current\">1<\/span><a class=\"page-numbers\" data-pageid=\"2\" href=\"https:\/\/art-pegas.com\/bratislava\/galeria\/nggallery\/page\/2\">2<\/a><a class=\"page-numbers\" data-pageid=\"3\" href=\"https:\/\/art-pegas.com\/bratislava\/galeria\/nggallery\/page\/3\">3<\/a><a class=\"page-numbers\" data-pageid=\"4\" href=\"https:\/\/art-pegas.com\/bratislava\/galeria\/nggallery\/page\/4\">4<\/a><a class=\"next\" data-pageid=\"2\" id=\"ngg-next-2\" href=\"https:\/\/art-pegas.com\/bratislava\/galeria\/nggallery\/page\/2\">&#9658;<\/a><\/div>\t<\/div>\n[\/vc_column_text][vc_zigzag]<h1 class=\"sc_title sc_title_regular\">Celoslovensk\u00e9 kolo s\u00fa\u0165a\u017ee hudobnej n\u00e1uky<\/p>\n<p>&#8220; Hn\u00fa\u0161\u0165ansk\u00fd akord &#8222;<\/h1>[vc_column_text]<!-- default-view.php -->\n<div\n\tclass=\"ngg-galleryoverview default-view \"\n\tid=\"ngg-gallery-d99f19c9d57957e6fd79a69c66645ddc-1\">\n\n\t\t<!-- Thumbnails -->\n\t\t\t\t<div id=\"ngg-image-0\" class=\"ngg-gallery-thumbnail-box \" >\n\t\t\t\t        <div class=\"ngg-gallery-thumbnail\">\n            <a href=\"https:\/\/art-pegas.com\/bratislava\/wp-content\/gallery\/hnustansky-akord\/IMG_20250317_104106.jpg\"\n               title=\"\"\n               data-src=\"https:\/\/art-pegas.com\/bratislava\/wp-content\/gallery\/hnustansky-akord\/IMG_20250317_104106.jpg\"\n               data-thumbnail=\"https:\/\/art-pegas.com\/bratislava\/wp-content\/gallery\/hnustansky-akord\/thumbs\/thumbs_IMG_20250317_104106.jpg\"\n               data-image-id=\"266\"\n               data-title=\"IMG_20250317_104106\"\n               data-description=\"\"\n               data-image-slug=\"img_20250317_104106\"\n               class=\"ngg-simplelightbox\" rel=\"d99f19c9d57957e6fd79a69c66645ddc\">\n                <img\n                    title=\"IMG_20250317_104106\"\n                    alt=\"IMG_20250317_104106\"\n                    src=\"https:\/\/art-pegas.com\/bratislava\/wp-content\/gallery\/hnustansky-akord\/thumbs\/thumbs_IMG_20250317_104106.jpg\"\n                    width=\"240\"\n                    height=\"160\"\n                    style=\"max-width:100%;\"\n                \/>\n            <\/a>\n        <\/div>\n\t\t\t\t\t\t\t<\/div> \n\t\t\t\n\t\t\t\t<div id=\"ngg-image-1\" class=\"ngg-gallery-thumbnail-box \" >\n\t\t\t\t        <div class=\"ngg-gallery-thumbnail\">\n            <a href=\"https:\/\/art-pegas.com\/bratislava\/wp-content\/gallery\/hnustansky-akord\/IMG-20250317-WA0036.jpg\"\n               title=\"\"\n               data-src=\"https:\/\/art-pegas.com\/bratislava\/wp-content\/gallery\/hnustansky-akord\/IMG-20250317-WA0036.jpg\"\n               data-thumbnail=\"https:\/\/art-pegas.com\/bratislava\/wp-content\/gallery\/hnustansky-akord\/thumbs\/thumbs_IMG-20250317-WA0036.jpg\"\n               data-image-id=\"274\"\n               data-title=\"IMG-20250317-WA0036\"\n               data-description=\"\"\n               data-image-slug=\"img-20250317-wa0036\"\n               class=\"ngg-simplelightbox\" rel=\"d99f19c9d57957e6fd79a69c66645ddc\">\n                <img\n                    title=\"IMG-20250317-WA0036\"\n                    alt=\"IMG-20250317-WA0036\"\n                    src=\"https:\/\/art-pegas.com\/bratislava\/wp-content\/gallery\/hnustansky-akord\/thumbs\/thumbs_IMG-20250317-WA0036.jpg\"\n                    width=\"240\"\n                    height=\"160\"\n                    style=\"max-width:100%;\"\n                \/>\n            <\/a>\n        <\/div>\n\t\t\t\t\t\t\t<\/div> \n\t\t\t\n\t\t\t\t<div id=\"ngg-image-2\" class=\"ngg-gallery-thumbnail-box \" >\n\t\t\t\t        <div class=\"ngg-gallery-thumbnail\">\n            <a href=\"https:\/\/art-pegas.com\/bratislava\/wp-content\/gallery\/hnustansky-akord\/IMG-20250317-WA0006.jpg\"\n               title=\"\"\n               data-src=\"https:\/\/art-pegas.com\/bratislava\/wp-content\/gallery\/hnustansky-akord\/IMG-20250317-WA0006.jpg\"\n               data-thumbnail=\"https:\/\/art-pegas.com\/bratislava\/wp-content\/gallery\/hnustansky-akord\/thumbs\/thumbs_IMG-20250317-WA0006.jpg\"\n               data-image-id=\"273\"\n               data-title=\"IMG-20250317-WA0006\"\n               data-description=\"\"\n               data-image-slug=\"img-20250317-wa0006\"\n               class=\"ngg-simplelightbox\" rel=\"d99f19c9d57957e6fd79a69c66645ddc\">\n                <img\n                    title=\"IMG-20250317-WA0006\"\n                    alt=\"IMG-20250317-WA0006\"\n                    src=\"https:\/\/art-pegas.com\/bratislava\/wp-content\/gallery\/hnustansky-akord\/thumbs\/thumbs_IMG-20250317-WA0006.jpg\"\n                    width=\"240\"\n                    height=\"160\"\n                    style=\"max-width:100%;\"\n                \/>\n            <\/a>\n        <\/div>\n\t\t\t\t\t\t\t<\/div> \n\t\t\t\n\t\t\t\t<div id=\"ngg-image-3\" class=\"ngg-gallery-thumbnail-box \" >\n\t\t\t\t        <div class=\"ngg-gallery-thumbnail\">\n            <a href=\"https:\/\/art-pegas.com\/bratislava\/wp-content\/gallery\/hnustansky-akord\/IMG_20250317_124855.jpg\"\n               title=\"\"\n               data-src=\"https:\/\/art-pegas.com\/bratislava\/wp-content\/gallery\/hnustansky-akord\/IMG_20250317_124855.jpg\"\n               data-thumbnail=\"https:\/\/art-pegas.com\/bratislava\/wp-content\/gallery\/hnustansky-akord\/thumbs\/thumbs_IMG_20250317_124855.jpg\"\n               data-image-id=\"272\"\n               data-title=\"IMG_20250317_124855\"\n               data-description=\"\"\n               data-image-slug=\"img_20250317_124855\"\n               class=\"ngg-simplelightbox\" rel=\"d99f19c9d57957e6fd79a69c66645ddc\">\n                <img\n                    title=\"IMG_20250317_124855\"\n                    alt=\"IMG_20250317_124855\"\n                    src=\"https:\/\/art-pegas.com\/bratislava\/wp-content\/gallery\/hnustansky-akord\/thumbs\/thumbs_IMG_20250317_124855.jpg\"\n                    width=\"240\"\n                    height=\"160\"\n                    style=\"max-width:100%;\"\n                \/>\n            <\/a>\n        <\/div>\n\t\t\t\t\t\t\t<\/div> \n\t\t\t\n\t\t\t\t<div id=\"ngg-image-4\" class=\"ngg-gallery-thumbnail-box \" >\n\t\t\t\t        <div class=\"ngg-gallery-thumbnail\">\n            <a href=\"https:\/\/art-pegas.com\/bratislava\/wp-content\/gallery\/hnustansky-akord\/IMG_20250317_124801.jpg\"\n               title=\"\"\n               data-src=\"https:\/\/art-pegas.com\/bratislava\/wp-content\/gallery\/hnustansky-akord\/IMG_20250317_124801.jpg\"\n               data-thumbnail=\"https:\/\/art-pegas.com\/bratislava\/wp-content\/gallery\/hnustansky-akord\/thumbs\/thumbs_IMG_20250317_124801.jpg\"\n               data-image-id=\"271\"\n               data-title=\"IMG_20250317_124801\"\n               data-description=\"\"\n               data-image-slug=\"img_20250317_124801\"\n               class=\"ngg-simplelightbox\" rel=\"d99f19c9d57957e6fd79a69c66645ddc\">\n                <img\n                    title=\"IMG_20250317_124801\"\n                    alt=\"IMG_20250317_124801\"\n                    src=\"https:\/\/art-pegas.com\/bratislava\/wp-content\/gallery\/hnustansky-akord\/thumbs\/thumbs_IMG_20250317_124801.jpg\"\n                    width=\"240\"\n                    height=\"160\"\n                    style=\"max-width:100%;\"\n                \/>\n            <\/a>\n        <\/div>\n\t\t\t\t\t\t\t<\/div> \n\t\t\t\n\t\t\t\t<div id=\"ngg-image-5\" class=\"ngg-gallery-thumbnail-box \" >\n\t\t\t\t        <div class=\"ngg-gallery-thumbnail\">\n            <a href=\"https:\/\/art-pegas.com\/bratislava\/wp-content\/gallery\/hnustansky-akord\/IMG_20250317_124719.jpg\"\n               title=\"\"\n               data-src=\"https:\/\/art-pegas.com\/bratislava\/wp-content\/gallery\/hnustansky-akord\/IMG_20250317_124719.jpg\"\n               data-thumbnail=\"https:\/\/art-pegas.com\/bratislava\/wp-content\/gallery\/hnustansky-akord\/thumbs\/thumbs_IMG_20250317_124719.jpg\"\n               data-image-id=\"270\"\n               data-title=\"IMG_20250317_124719\"\n               data-description=\"\"\n               data-image-slug=\"img_20250317_124719\"\n               class=\"ngg-simplelightbox\" rel=\"d99f19c9d57957e6fd79a69c66645ddc\">\n                <img\n                    title=\"IMG_20250317_124719\"\n                    alt=\"IMG_20250317_124719\"\n                    src=\"https:\/\/art-pegas.com\/bratislava\/wp-content\/gallery\/hnustansky-akord\/thumbs\/thumbs_IMG_20250317_124719.jpg\"\n                    width=\"240\"\n                    height=\"160\"\n                    style=\"max-width:100%;\"\n                \/>\n            <\/a>\n        <\/div>\n\t\t\t\t\t\t\t<\/div> \n\t\t\t\n\t\t\t\t<div id=\"ngg-image-6\" class=\"ngg-gallery-thumbnail-box \" >\n\t\t\t\t        <div class=\"ngg-gallery-thumbnail\">\n            <a href=\"https:\/\/art-pegas.com\/bratislava\/wp-content\/gallery\/hnustansky-akord\/IMG_20250317_124641.jpg\"\n               title=\"\"\n               data-src=\"https:\/\/art-pegas.com\/bratislava\/wp-content\/gallery\/hnustansky-akord\/IMG_20250317_124641.jpg\"\n               data-thumbnail=\"https:\/\/art-pegas.com\/bratislava\/wp-content\/gallery\/hnustansky-akord\/thumbs\/thumbs_IMG_20250317_124641.jpg\"\n               data-image-id=\"269\"\n               data-title=\"IMG_20250317_124641\"\n               data-description=\"\"\n               data-image-slug=\"img_20250317_124641\"\n               class=\"ngg-simplelightbox\" rel=\"d99f19c9d57957e6fd79a69c66645ddc\">\n                <img\n                    title=\"IMG_20250317_124641\"\n                    alt=\"IMG_20250317_124641\"\n                    src=\"https:\/\/art-pegas.com\/bratislava\/wp-content\/gallery\/hnustansky-akord\/thumbs\/thumbs_IMG_20250317_124641.jpg\"\n                    width=\"240\"\n                    height=\"160\"\n                    style=\"max-width:100%;\"\n                \/>\n            <\/a>\n        <\/div>\n\t\t\t\t\t\t\t<\/div> \n\t\t\t\n\t\t\t\t<div id=\"ngg-image-7\" class=\"ngg-gallery-thumbnail-box \" >\n\t\t\t\t        <div class=\"ngg-gallery-thumbnail\">\n            <a href=\"https:\/\/art-pegas.com\/bratislava\/wp-content\/gallery\/hnustansky-akord\/IMG_20250317_124403.jpg\"\n               title=\"\"\n               data-src=\"https:\/\/art-pegas.com\/bratislava\/wp-content\/gallery\/hnustansky-akord\/IMG_20250317_124403.jpg\"\n               data-thumbnail=\"https:\/\/art-pegas.com\/bratislava\/wp-content\/gallery\/hnustansky-akord\/thumbs\/thumbs_IMG_20250317_124403.jpg\"\n               data-image-id=\"268\"\n               data-title=\"IMG_20250317_124403\"\n               data-description=\"\"\n               data-image-slug=\"img_20250317_124403\"\n               class=\"ngg-simplelightbox\" rel=\"d99f19c9d57957e6fd79a69c66645ddc\">\n                <img\n                    title=\"IMG_20250317_124403\"\n                    alt=\"IMG_20250317_124403\"\n                    src=\"https:\/\/art-pegas.com\/bratislava\/wp-content\/gallery\/hnustansky-akord\/thumbs\/thumbs_IMG_20250317_124403.jpg\"\n                    width=\"240\"\n                    height=\"160\"\n                    style=\"max-width:100%;\"\n                \/>\n            <\/a>\n        <\/div>\n\t\t\t\t\t\t\t<\/div> \n\t\t\t\n\t\t\t\t<div id=\"ngg-image-8\" class=\"ngg-gallery-thumbnail-box \" >\n\t\t\t\t        <div class=\"ngg-gallery-thumbnail\">\n            <a href=\"https:\/\/art-pegas.com\/bratislava\/wp-content\/gallery\/hnustansky-akord\/IMG_20250317_104429.jpg\"\n               title=\"\"\n               data-src=\"https:\/\/art-pegas.com\/bratislava\/wp-content\/gallery\/hnustansky-akord\/IMG_20250317_104429.jpg\"\n               data-thumbnail=\"https:\/\/art-pegas.com\/bratislava\/wp-content\/gallery\/hnustansky-akord\/thumbs\/thumbs_IMG_20250317_104429.jpg\"\n               data-image-id=\"267\"\n               data-title=\"IMG_20250317_104429\"\n               data-description=\"\"\n               data-image-slug=\"img_20250317_104429\"\n               class=\"ngg-simplelightbox\" rel=\"d99f19c9d57957e6fd79a69c66645ddc\">\n                <img\n                    title=\"IMG_20250317_104429\"\n                    alt=\"IMG_20250317_104429\"\n                    src=\"https:\/\/art-pegas.com\/bratislava\/wp-content\/gallery\/hnustansky-akord\/thumbs\/thumbs_IMG_20250317_104429.jpg\"\n                    width=\"240\"\n                    height=\"160\"\n                    style=\"max-width:100%;\"\n                \/>\n            <\/a>\n        <\/div>\n\t\t\t\t\t\t\t<\/div> \n\t\t\t\n\t\t\t\t<div id=\"ngg-image-9\" class=\"ngg-gallery-thumbnail-box \" >\n\t\t\t\t        <div class=\"ngg-gallery-thumbnail\">\n            <a href=\"https:\/\/art-pegas.com\/bratislava\/wp-content\/gallery\/hnustansky-akord\/1742302680586.jpg\"\n               title=\"\"\n               data-src=\"https:\/\/art-pegas.com\/bratislava\/wp-content\/gallery\/hnustansky-akord\/1742302680586.jpg\"\n               data-thumbnail=\"https:\/\/art-pegas.com\/bratislava\/wp-content\/gallery\/hnustansky-akord\/thumbs\/thumbs_1742302680586.jpg\"\n               data-image-id=\"257\"\n               data-title=\"1742302680586\"\n               data-description=\"\"\n               data-image-slug=\"1742302680586\"\n               class=\"ngg-simplelightbox\" rel=\"d99f19c9d57957e6fd79a69c66645ddc\">\n                <img\n                    title=\"1742302680586\"\n                    alt=\"1742302680586\"\n                    src=\"https:\/\/art-pegas.com\/bratislava\/wp-content\/gallery\/hnustansky-akord\/thumbs\/thumbs_1742302680586.jpg\"\n                    width=\"240\"\n                    height=\"160\"\n                    style=\"max-width:100%;\"\n                \/>\n            <\/a>\n        <\/div>\n\t\t\t\t\t\t\t<\/div> \n\t\t\t\n\t\t\t\t<div id=\"ngg-image-10\" class=\"ngg-gallery-thumbnail-box \" >\n\t\t\t\t        <div class=\"ngg-gallery-thumbnail\">\n            <a href=\"https:\/\/art-pegas.com\/bratislava\/wp-content\/gallery\/hnustansky-akord\/IMG_20250317_103452.jpg\"\n               title=\"\"\n               data-src=\"https:\/\/art-pegas.com\/bratislava\/wp-content\/gallery\/hnustansky-akord\/IMG_20250317_103452.jpg\"\n               data-thumbnail=\"https:\/\/art-pegas.com\/bratislava\/wp-content\/gallery\/hnustansky-akord\/thumbs\/thumbs_IMG_20250317_103452.jpg\"\n               data-image-id=\"265\"\n               data-title=\"IMG_20250317_103452\"\n               data-description=\"\"\n               data-image-slug=\"img_20250317_103452\"\n               class=\"ngg-simplelightbox\" rel=\"d99f19c9d57957e6fd79a69c66645ddc\">\n                <img\n                    title=\"IMG_20250317_103452\"\n                    alt=\"IMG_20250317_103452\"\n                    src=\"https:\/\/art-pegas.com\/bratislava\/wp-content\/gallery\/hnustansky-akord\/thumbs\/thumbs_IMG_20250317_103452.jpg\"\n                    width=\"240\"\n                    height=\"160\"\n                    style=\"max-width:100%;\"\n                \/>\n            <\/a>\n        <\/div>\n\t\t\t\t\t\t\t<\/div> \n\t\t\t\n\t\t\t\t<div id=\"ngg-image-11\" class=\"ngg-gallery-thumbnail-box \" >\n\t\t\t\t        <div class=\"ngg-gallery-thumbnail\">\n            <a href=\"https:\/\/art-pegas.com\/bratislava\/wp-content\/gallery\/hnustansky-akord\/IMG_20250317_085332.jpg\"\n               title=\"\"\n               data-src=\"https:\/\/art-pegas.com\/bratislava\/wp-content\/gallery\/hnustansky-akord\/IMG_20250317_085332.jpg\"\n               data-thumbnail=\"https:\/\/art-pegas.com\/bratislava\/wp-content\/gallery\/hnustansky-akord\/thumbs\/thumbs_IMG_20250317_085332.jpg\"\n               data-image-id=\"264\"\n               data-title=\"IMG_20250317_085332\"\n               data-description=\"\"\n               data-image-slug=\"img_20250317_085332\"\n               class=\"ngg-simplelightbox\" rel=\"d99f19c9d57957e6fd79a69c66645ddc\">\n                <img\n                    title=\"IMG_20250317_085332\"\n                    alt=\"IMG_20250317_085332\"\n                    src=\"https:\/\/art-pegas.com\/bratislava\/wp-content\/gallery\/hnustansky-akord\/thumbs\/thumbs_IMG_20250317_085332.jpg\"\n                    width=\"240\"\n                    height=\"160\"\n                    style=\"max-width:100%;\"\n                \/>\n            <\/a>\n        <\/div>\n\t\t\t\t\t\t\t<\/div> \n\t\t\t\n\t\t\t\t<div id=\"ngg-image-12\" class=\"ngg-gallery-thumbnail-box \" >\n\t\t\t\t        <div class=\"ngg-gallery-thumbnail\">\n            <a href=\"https:\/\/art-pegas.com\/bratislava\/wp-content\/gallery\/hnustansky-akord\/IMG_20250317_085114.jpg\"\n               title=\"\"\n               data-src=\"https:\/\/art-pegas.com\/bratislava\/wp-content\/gallery\/hnustansky-akord\/IMG_20250317_085114.jpg\"\n               data-thumbnail=\"https:\/\/art-pegas.com\/bratislava\/wp-content\/gallery\/hnustansky-akord\/thumbs\/thumbs_IMG_20250317_085114.jpg\"\n               data-image-id=\"263\"\n               data-title=\"IMG_20250317_085114\"\n               data-description=\"\"\n               data-image-slug=\"img_20250317_085114\"\n               class=\"ngg-simplelightbox\" rel=\"d99f19c9d57957e6fd79a69c66645ddc\">\n                <img\n                    title=\"IMG_20250317_085114\"\n                    alt=\"IMG_20250317_085114\"\n                    src=\"https:\/\/art-pegas.com\/bratislava\/wp-content\/gallery\/hnustansky-akord\/thumbs\/thumbs_IMG_20250317_085114.jpg\"\n                    width=\"240\"\n                    height=\"160\"\n                    style=\"max-width:100%;\"\n                \/>\n            <\/a>\n        <\/div>\n\t\t\t\t\t\t\t<\/div> \n\t\t\t\n\t\t\t\t<div id=\"ngg-image-13\" class=\"ngg-gallery-thumbnail-box \" >\n\t\t\t\t        <div class=\"ngg-gallery-thumbnail\">\n            <a href=\"https:\/\/art-pegas.com\/bratislava\/wp-content\/gallery\/hnustansky-akord\/IMG_20250317_083858.jpg\"\n               title=\"\"\n               data-src=\"https:\/\/art-pegas.com\/bratislava\/wp-content\/gallery\/hnustansky-akord\/IMG_20250317_083858.jpg\"\n               data-thumbnail=\"https:\/\/art-pegas.com\/bratislava\/wp-content\/gallery\/hnustansky-akord\/thumbs\/thumbs_IMG_20250317_083858.jpg\"\n               data-image-id=\"262\"\n               data-title=\"IMG_20250317_083858\"\n               data-description=\"\"\n               data-image-slug=\"img_20250317_083858\"\n               class=\"ngg-simplelightbox\" rel=\"d99f19c9d57957e6fd79a69c66645ddc\">\n                <img\n                    title=\"IMG_20250317_083858\"\n                    alt=\"IMG_20250317_083858\"\n                    src=\"https:\/\/art-pegas.com\/bratislava\/wp-content\/gallery\/hnustansky-akord\/thumbs\/thumbs_IMG_20250317_083858.jpg\"\n                    width=\"240\"\n                    height=\"160\"\n                    style=\"max-width:100%;\"\n                \/>\n            <\/a>\n        <\/div>\n\t\t\t\t\t\t\t<\/div> \n\t\t\t\n\t\t\t\t<div id=\"ngg-image-14\" class=\"ngg-gallery-thumbnail-box \" >\n\t\t\t\t        <div class=\"ngg-gallery-thumbnail\">\n            <a href=\"https:\/\/art-pegas.com\/bratislava\/wp-content\/gallery\/hnustansky-akord\/IMG_20250317_083616.jpg\"\n               title=\"\"\n               data-src=\"https:\/\/art-pegas.com\/bratislava\/wp-content\/gallery\/hnustansky-akord\/IMG_20250317_083616.jpg\"\n               data-thumbnail=\"https:\/\/art-pegas.com\/bratislava\/wp-content\/gallery\/hnustansky-akord\/thumbs\/thumbs_IMG_20250317_083616.jpg\"\n               data-image-id=\"261\"\n               data-title=\"IMG_20250317_083616\"\n               data-description=\"\"\n               data-image-slug=\"img_20250317_083616\"\n               class=\"ngg-simplelightbox\" rel=\"d99f19c9d57957e6fd79a69c66645ddc\">\n                <img\n                    title=\"IMG_20250317_083616\"\n                    alt=\"IMG_20250317_083616\"\n                    src=\"https:\/\/art-pegas.com\/bratislava\/wp-content\/gallery\/hnustansky-akord\/thumbs\/thumbs_IMG_20250317_083616.jpg\"\n                    width=\"240\"\n                    height=\"160\"\n                    style=\"max-width:100%;\"\n                \/>\n            <\/a>\n        <\/div>\n\t\t\t\t\t\t\t<\/div> \n\t\t\t\n\t\t\t\t<div id=\"ngg-image-15\" class=\"ngg-gallery-thumbnail-box \" >\n\t\t\t\t        <div class=\"ngg-gallery-thumbnail\">\n            <a href=\"https:\/\/art-pegas.com\/bratislava\/wp-content\/gallery\/hnustansky-akord\/1742302680603.jpg\"\n               title=\"\"\n               data-src=\"https:\/\/art-pegas.com\/bratislava\/wp-content\/gallery\/hnustansky-akord\/1742302680603.jpg\"\n               data-thumbnail=\"https:\/\/art-pegas.com\/bratislava\/wp-content\/gallery\/hnustansky-akord\/thumbs\/thumbs_1742302680603.jpg\"\n               data-image-id=\"260\"\n               data-title=\"1742302680603\"\n               data-description=\"\"\n               data-image-slug=\"1742302680603\"\n               class=\"ngg-simplelightbox\" rel=\"d99f19c9d57957e6fd79a69c66645ddc\">\n                <img\n                    title=\"1742302680603\"\n                    alt=\"1742302680603\"\n                    src=\"https:\/\/art-pegas.com\/bratislava\/wp-content\/gallery\/hnustansky-akord\/thumbs\/thumbs_1742302680603.jpg\"\n                    width=\"240\"\n                    height=\"160\"\n                    style=\"max-width:100%;\"\n                \/>\n            <\/a>\n        <\/div>\n\t\t\t\t\t\t\t<\/div> \n\t\t\t\n\t\t\t\t<div id=\"ngg-image-16\" class=\"ngg-gallery-thumbnail-box \" >\n\t\t\t\t        <div class=\"ngg-gallery-thumbnail\">\n            <a href=\"https:\/\/art-pegas.com\/bratislava\/wp-content\/gallery\/hnustansky-akord\/1742302680598.jpg\"\n               title=\"\"\n               data-src=\"https:\/\/art-pegas.com\/bratislava\/wp-content\/gallery\/hnustansky-akord\/1742302680598.jpg\"\n               data-thumbnail=\"https:\/\/art-pegas.com\/bratislava\/wp-content\/gallery\/hnustansky-akord\/thumbs\/thumbs_1742302680598.jpg\"\n               data-image-id=\"259\"\n               data-title=\"1742302680598\"\n               data-description=\"\"\n               data-image-slug=\"1742302680598\"\n               class=\"ngg-simplelightbox\" rel=\"d99f19c9d57957e6fd79a69c66645ddc\">\n                <img\n                    title=\"1742302680598\"\n                    alt=\"1742302680598\"\n                    src=\"https:\/\/art-pegas.com\/bratislava\/wp-content\/gallery\/hnustansky-akord\/thumbs\/thumbs_1742302680598.jpg\"\n                    width=\"240\"\n                    height=\"160\"\n                    style=\"max-width:100%;\"\n                \/>\n            <\/a>\n        <\/div>\n\t\t\t\t\t\t\t<\/div> \n\t\t\t\n\t\t\t\t<div id=\"ngg-image-17\" class=\"ngg-gallery-thumbnail-box \" >\n\t\t\t\t        <div class=\"ngg-gallery-thumbnail\">\n            <a href=\"https:\/\/art-pegas.com\/bratislava\/wp-content\/gallery\/hnustansky-akord\/1742302680592.jpg\"\n               title=\"\"\n               data-src=\"https:\/\/art-pegas.com\/bratislava\/wp-content\/gallery\/hnustansky-akord\/1742302680592.jpg\"\n               data-thumbnail=\"https:\/\/art-pegas.com\/bratislava\/wp-content\/gallery\/hnustansky-akord\/thumbs\/thumbs_1742302680592.jpg\"\n               data-image-id=\"258\"\n               data-title=\"1742302680592\"\n               data-description=\"\"\n               data-image-slug=\"1742302680592\"\n               class=\"ngg-simplelightbox\" rel=\"d99f19c9d57957e6fd79a69c66645ddc\">\n                <img\n                    title=\"1742302680592\"\n                    alt=\"1742302680592\"\n                    src=\"https:\/\/art-pegas.com\/bratislava\/wp-content\/gallery\/hnustansky-akord\/thumbs\/thumbs_1742302680592.jpg\"\n                    width=\"240\"\n                    height=\"160\"\n                    style=\"max-width:100%;\"\n                \/>\n            <\/a>\n        <\/div>\n\t\t\t\t\t\t\t<\/div> \n\t\t\t\n\t\n\t<br style=\"clear: both\" \/>\n\n\t\n\t\t<!-- Pagination -->\n\t<div class='ngg-clear'><\/div>\t<\/div>\n[\/vc_column_text][vc_zigzag]<h1 class=\"sc_title sc_title_regular\">Viano\u010dn\u00fd koncert 2024, spojen\u00fd s v\u00fdstavou v\u00fdtvarn\u00fdch pr\u00e1c<\/h1>[vc_column_text]<!-- default-view.php -->\n<div\n\tclass=\"ngg-galleryoverview default-view \"\n\tid=\"ngg-gallery-b266f8cee5415ca9dd2b630036f3e3d7-1\">\n\n\t\t<!-- Thumbnails -->\n\t\t\t\t<div id=\"ngg-image-0\" class=\"ngg-gallery-thumbnail-box \" >\n\t\t\t\t        <div class=\"ngg-gallery-thumbnail\">\n            <a href=\"https:\/\/art-pegas.com\/bratislava\/wp-content\/gallery\/vianocny-koncert-2024-spojeny-s-vystavou-vytvarnych-prac\/DSC_0589.jpg\"\n               title=\"\"\n               data-src=\"https:\/\/art-pegas.com\/bratislava\/wp-content\/gallery\/vianocny-koncert-2024-spojeny-s-vystavou-vytvarnych-prac\/DSC_0589.jpg\"\n               data-thumbnail=\"https:\/\/art-pegas.com\/bratislava\/wp-content\/gallery\/vianocny-koncert-2024-spojeny-s-vystavou-vytvarnych-prac\/thumbs\/thumbs_DSC_0589.jpg\"\n               data-image-id=\"213\"\n               data-title=\"DSC_0589\"\n               data-description=\"\"\n               data-image-slug=\"dsc_0589\"\n               class=\"ngg-simplelightbox\" rel=\"b266f8cee5415ca9dd2b630036f3e3d7\">\n                <img\n                    title=\"DSC_0589\"\n                    alt=\"DSC_0589\"\n                    src=\"https:\/\/art-pegas.com\/bratislava\/wp-content\/gallery\/vianocny-koncert-2024-spojeny-s-vystavou-vytvarnych-prac\/thumbs\/thumbs_DSC_0589.jpg\"\n                    width=\"240\"\n                    height=\"160\"\n                    style=\"max-width:100%;\"\n                \/>\n            <\/a>\n        <\/div>\n\t\t\t\t\t\t\t<\/div> \n\t\t\t\n\t\t\t\t<div id=\"ngg-image-1\" class=\"ngg-gallery-thumbnail-box \" >\n\t\t\t\t        <div class=\"ngg-gallery-thumbnail\">\n            <a href=\"https:\/\/art-pegas.com\/bratislava\/wp-content\/gallery\/vianocny-koncert-2024-spojeny-s-vystavou-vytvarnych-prac\/DSC_0515.jpg\"\n               title=\"\"\n               data-src=\"https:\/\/art-pegas.com\/bratislava\/wp-content\/gallery\/vianocny-koncert-2024-spojeny-s-vystavou-vytvarnych-prac\/DSC_0515.jpg\"\n               data-thumbnail=\"https:\/\/art-pegas.com\/bratislava\/wp-content\/gallery\/vianocny-koncert-2024-spojeny-s-vystavou-vytvarnych-prac\/thumbs\/thumbs_DSC_0515.jpg\"\n               data-image-id=\"206\"\n               data-title=\"DSC_0515\"\n               data-description=\"\"\n               data-image-slug=\"dsc_0515\"\n               class=\"ngg-simplelightbox\" rel=\"b266f8cee5415ca9dd2b630036f3e3d7\">\n                <img\n                    title=\"DSC_0515\"\n                    alt=\"DSC_0515\"\n                    src=\"https:\/\/art-pegas.com\/bratislava\/wp-content\/gallery\/vianocny-koncert-2024-spojeny-s-vystavou-vytvarnych-prac\/thumbs\/thumbs_DSC_0515.jpg\"\n                    width=\"240\"\n                    height=\"160\"\n                    style=\"max-width:100%;\"\n                \/>\n            <\/a>\n        <\/div>\n\t\t\t\t\t\t\t<\/div> \n\t\t\t\n\t\t\t\t<div id=\"ngg-image-2\" class=\"ngg-gallery-thumbnail-box \" >\n\t\t\t\t        <div class=\"ngg-gallery-thumbnail\">\n            <a href=\"https:\/\/art-pegas.com\/bratislava\/wp-content\/gallery\/vianocny-koncert-2024-spojeny-s-vystavou-vytvarnych-prac\/DSC_0498.jpg\"\n               title=\"\"\n               data-src=\"https:\/\/art-pegas.com\/bratislava\/wp-content\/gallery\/vianocny-koncert-2024-spojeny-s-vystavou-vytvarnych-prac\/DSC_0498.jpg\"\n               data-thumbnail=\"https:\/\/art-pegas.com\/bratislava\/wp-content\/gallery\/vianocny-koncert-2024-spojeny-s-vystavou-vytvarnych-prac\/thumbs\/thumbs_DSC_0498.jpg\"\n               data-image-id=\"205\"\n               data-title=\"DSC_0498\"\n               data-description=\"\"\n               data-image-slug=\"dsc_0498\"\n               class=\"ngg-simplelightbox\" rel=\"b266f8cee5415ca9dd2b630036f3e3d7\">\n                <img\n                    title=\"DSC_0498\"\n                    alt=\"DSC_0498\"\n                    src=\"https:\/\/art-pegas.com\/bratislava\/wp-content\/gallery\/vianocny-koncert-2024-spojeny-s-vystavou-vytvarnych-prac\/thumbs\/thumbs_DSC_0498.jpg\"\n                    width=\"240\"\n                    height=\"160\"\n                    style=\"max-width:100%;\"\n                \/>\n            <\/a>\n        <\/div>\n\t\t\t\t\t\t\t<\/div> \n\t\t\t\n\t\t\t\t<div id=\"ngg-image-3\" class=\"ngg-gallery-thumbnail-box \" >\n\t\t\t\t        <div class=\"ngg-gallery-thumbnail\">\n            <a href=\"https:\/\/art-pegas.com\/bratislava\/wp-content\/gallery\/vianocny-koncert-2024-spojeny-s-vystavou-vytvarnych-prac\/DSC_0486.jpg\"\n               title=\"\"\n               data-src=\"https:\/\/art-pegas.com\/bratislava\/wp-content\/gallery\/vianocny-koncert-2024-spojeny-s-vystavou-vytvarnych-prac\/DSC_0486.jpg\"\n               data-thumbnail=\"https:\/\/art-pegas.com\/bratislava\/wp-content\/gallery\/vianocny-koncert-2024-spojeny-s-vystavou-vytvarnych-prac\/thumbs\/thumbs_DSC_0486.jpg\"\n               data-image-id=\"204\"\n               data-title=\"DSC_0486\"\n               data-description=\"\"\n               data-image-slug=\"dsc_0486\"\n               class=\"ngg-simplelightbox\" rel=\"b266f8cee5415ca9dd2b630036f3e3d7\">\n                <img\n                    title=\"DSC_0486\"\n                    alt=\"DSC_0486\"\n                    src=\"https:\/\/art-pegas.com\/bratislava\/wp-content\/gallery\/vianocny-koncert-2024-spojeny-s-vystavou-vytvarnych-prac\/thumbs\/thumbs_DSC_0486.jpg\"\n                    width=\"240\"\n                    height=\"160\"\n                    style=\"max-width:100%;\"\n                \/>\n            <\/a>\n        <\/div>\n\t\t\t\t\t\t\t<\/div> \n\t\t\t\n\t\t\t\t<div id=\"ngg-image-4\" class=\"ngg-gallery-thumbnail-box \" >\n\t\t\t\t        <div class=\"ngg-gallery-thumbnail\">\n            <a href=\"https:\/\/art-pegas.com\/bratislava\/wp-content\/gallery\/vianocny-koncert-2024-spojeny-s-vystavou-vytvarnych-prac\/DSC_0800.jpg\"\n               title=\"\"\n               data-src=\"https:\/\/art-pegas.com\/bratislava\/wp-content\/gallery\/vianocny-koncert-2024-spojeny-s-vystavou-vytvarnych-prac\/DSC_0800.jpg\"\n               data-thumbnail=\"https:\/\/art-pegas.com\/bratislava\/wp-content\/gallery\/vianocny-koncert-2024-spojeny-s-vystavou-vytvarnych-prac\/thumbs\/thumbs_DSC_0800.jpg\"\n               data-image-id=\"253\"\n               data-title=\"DSC_0800\"\n               data-description=\"\"\n               data-image-slug=\"dsc_0800\"\n               class=\"ngg-simplelightbox\" rel=\"b266f8cee5415ca9dd2b630036f3e3d7\">\n                <img\n                    title=\"DSC_0800\"\n                    alt=\"DSC_0800\"\n                    src=\"https:\/\/art-pegas.com\/bratislava\/wp-content\/gallery\/vianocny-koncert-2024-spojeny-s-vystavou-vytvarnych-prac\/thumbs\/thumbs_DSC_0800.jpg\"\n                    width=\"240\"\n                    height=\"160\"\n                    style=\"max-width:100%;\"\n                \/>\n            <\/a>\n        <\/div>\n\t\t\t\t\t\t\t<\/div> \n\t\t\t\n\t\t\t\t<div id=\"ngg-image-5\" class=\"ngg-gallery-thumbnail-box \" >\n\t\t\t\t        <div class=\"ngg-gallery-thumbnail\">\n            <a href=\"https:\/\/art-pegas.com\/bratislava\/wp-content\/gallery\/vianocny-koncert-2024-spojeny-s-vystavou-vytvarnych-prac\/DSC_0576.jpg\"\n               title=\"\"\n               data-src=\"https:\/\/art-pegas.com\/bratislava\/wp-content\/gallery\/vianocny-koncert-2024-spojeny-s-vystavou-vytvarnych-prac\/DSC_0576.jpg\"\n               data-thumbnail=\"https:\/\/art-pegas.com\/bratislava\/wp-content\/gallery\/vianocny-koncert-2024-spojeny-s-vystavou-vytvarnych-prac\/thumbs\/thumbs_DSC_0576.jpg\"\n               data-image-id=\"212\"\n               data-title=\"DSC_0576\"\n               data-description=\"\"\n               data-image-slug=\"dsc_0576\"\n               class=\"ngg-simplelightbox\" rel=\"b266f8cee5415ca9dd2b630036f3e3d7\">\n                <img\n                    title=\"DSC_0576\"\n                    alt=\"DSC_0576\"\n                    src=\"https:\/\/art-pegas.com\/bratislava\/wp-content\/gallery\/vianocny-koncert-2024-spojeny-s-vystavou-vytvarnych-prac\/thumbs\/thumbs_DSC_0576.jpg\"\n                    width=\"240\"\n                    height=\"160\"\n                    style=\"max-width:100%;\"\n                \/>\n            <\/a>\n        <\/div>\n\t\t\t\t\t\t\t<\/div> \n\t\t\t\n\t\t\t\t<div id=\"ngg-image-6\" class=\"ngg-gallery-thumbnail-box \" >\n\t\t\t\t        <div class=\"ngg-gallery-thumbnail\">\n            <a href=\"https:\/\/art-pegas.com\/bratislava\/wp-content\/gallery\/vianocny-koncert-2024-spojeny-s-vystavou-vytvarnych-prac\/DSC_0669.jpg\"\n               title=\"\"\n               data-src=\"https:\/\/art-pegas.com\/bratislava\/wp-content\/gallery\/vianocny-koncert-2024-spojeny-s-vystavou-vytvarnych-prac\/DSC_0669.jpg\"\n               data-thumbnail=\"https:\/\/art-pegas.com\/bratislava\/wp-content\/gallery\/vianocny-koncert-2024-spojeny-s-vystavou-vytvarnych-prac\/thumbs\/thumbs_DSC_0669.jpg\"\n               data-image-id=\"222\"\n               data-title=\"DSC_0669\"\n               data-description=\"\"\n               data-image-slug=\"dsc_0669\"\n               class=\"ngg-simplelightbox\" rel=\"b266f8cee5415ca9dd2b630036f3e3d7\">\n                <img\n                    title=\"DSC_0669\"\n                    alt=\"DSC_0669\"\n                    src=\"https:\/\/art-pegas.com\/bratislava\/wp-content\/gallery\/vianocny-koncert-2024-spojeny-s-vystavou-vytvarnych-prac\/thumbs\/thumbs_DSC_0669.jpg\"\n                    width=\"240\"\n                    height=\"160\"\n                    style=\"max-width:100%;\"\n                \/>\n            <\/a>\n        <\/div>\n\t\t\t\t\t\t\t<\/div> \n\t\t\t\n\t\t\t\t<div id=\"ngg-image-7\" class=\"ngg-gallery-thumbnail-box \" >\n\t\t\t\t        <div class=\"ngg-gallery-thumbnail\">\n            <a href=\"https:\/\/art-pegas.com\/bratislava\/wp-content\/gallery\/vianocny-koncert-2024-spojeny-s-vystavou-vytvarnych-prac\/DSC_0706.jpg\"\n               title=\"\"\n               data-src=\"https:\/\/art-pegas.com\/bratislava\/wp-content\/gallery\/vianocny-koncert-2024-spojeny-s-vystavou-vytvarnych-prac\/DSC_0706.jpg\"\n               data-thumbnail=\"https:\/\/art-pegas.com\/bratislava\/wp-content\/gallery\/vianocny-koncert-2024-spojeny-s-vystavou-vytvarnych-prac\/thumbs\/thumbs_DSC_0706.jpg\"\n               data-image-id=\"228\"\n               data-title=\"DSC_0706\"\n               data-description=\"\"\n               data-image-slug=\"dsc_0706-1\"\n               class=\"ngg-simplelightbox\" rel=\"b266f8cee5415ca9dd2b630036f3e3d7\">\n                <img\n                    title=\"DSC_0706\"\n                    alt=\"DSC_0706\"\n                    src=\"https:\/\/art-pegas.com\/bratislava\/wp-content\/gallery\/vianocny-koncert-2024-spojeny-s-vystavou-vytvarnych-prac\/thumbs\/thumbs_DSC_0706.jpg\"\n                    width=\"240\"\n                    height=\"160\"\n                    style=\"max-width:100%;\"\n                \/>\n            <\/a>\n        <\/div>\n\t\t\t\t\t\t\t<\/div> \n\t\t\t\n\t\t\t\t<div id=\"ngg-image-8\" class=\"ngg-gallery-thumbnail-box \" >\n\t\t\t\t        <div class=\"ngg-gallery-thumbnail\">\n            <a href=\"https:\/\/art-pegas.com\/bratislava\/wp-content\/gallery\/vianocny-koncert-2024-spojeny-s-vystavou-vytvarnych-prac\/DSC_0752.jpg\"\n               title=\"\"\n               data-src=\"https:\/\/art-pegas.com\/bratislava\/wp-content\/gallery\/vianocny-koncert-2024-spojeny-s-vystavou-vytvarnych-prac\/DSC_0752.jpg\"\n               data-thumbnail=\"https:\/\/art-pegas.com\/bratislava\/wp-content\/gallery\/vianocny-koncert-2024-spojeny-s-vystavou-vytvarnych-prac\/thumbs\/thumbs_DSC_0752.jpg\"\n               data-image-id=\"244\"\n               data-title=\"DSC_0752\"\n               data-description=\"\"\n               data-image-slug=\"dsc_0752\"\n               class=\"ngg-simplelightbox\" rel=\"b266f8cee5415ca9dd2b630036f3e3d7\">\n                <img\n                    title=\"DSC_0752\"\n                    alt=\"DSC_0752\"\n                    src=\"https:\/\/art-pegas.com\/bratislava\/wp-content\/gallery\/vianocny-koncert-2024-spojeny-s-vystavou-vytvarnych-prac\/thumbs\/thumbs_DSC_0752.jpg\"\n                    width=\"240\"\n                    height=\"160\"\n                    style=\"max-width:100%;\"\n                \/>\n            <\/a>\n        <\/div>\n\t\t\t\t\t\t\t<\/div> \n\t\t\t\n\t\t\t\t<div id=\"ngg-image-9\" class=\"ngg-gallery-thumbnail-box \" >\n\t\t\t\t        <div class=\"ngg-gallery-thumbnail\">\n            <a href=\"https:\/\/art-pegas.com\/bratislava\/wp-content\/gallery\/vianocny-koncert-2024-spojeny-s-vystavou-vytvarnych-prac\/DSC_0419.jpg\"\n               title=\"\"\n               data-src=\"https:\/\/art-pegas.com\/bratislava\/wp-content\/gallery\/vianocny-koncert-2024-spojeny-s-vystavou-vytvarnych-prac\/DSC_0419.jpg\"\n               data-thumbnail=\"https:\/\/art-pegas.com\/bratislava\/wp-content\/gallery\/vianocny-koncert-2024-spojeny-s-vystavou-vytvarnych-prac\/thumbs\/thumbs_DSC_0419.jpg\"\n               data-image-id=\"198\"\n               data-title=\"DSC_0419\"\n               data-description=\"\"\n               data-image-slug=\"dsc_0419\"\n               class=\"ngg-simplelightbox\" rel=\"b266f8cee5415ca9dd2b630036f3e3d7\">\n                <img\n                    title=\"DSC_0419\"\n                    alt=\"DSC_0419\"\n                    src=\"https:\/\/art-pegas.com\/bratislava\/wp-content\/gallery\/vianocny-koncert-2024-spojeny-s-vystavou-vytvarnych-prac\/thumbs\/thumbs_DSC_0419.jpg\"\n                    width=\"240\"\n                    height=\"160\"\n                    style=\"max-width:100%;\"\n                \/>\n            <\/a>\n        <\/div>\n\t\t\t\t\t\t\t<\/div> \n\t\t\t\n\t\t\t\t<div id=\"ngg-image-10\" class=\"ngg-gallery-thumbnail-box \" >\n\t\t\t\t        <div class=\"ngg-gallery-thumbnail\">\n            <a href=\"https:\/\/art-pegas.com\/bratislava\/wp-content\/gallery\/vianocny-koncert-2024-spojeny-s-vystavou-vytvarnych-prac\/DSC_0413.jpg\"\n               title=\"\"\n               data-src=\"https:\/\/art-pegas.com\/bratislava\/wp-content\/gallery\/vianocny-koncert-2024-spojeny-s-vystavou-vytvarnych-prac\/DSC_0413.jpg\"\n               data-thumbnail=\"https:\/\/art-pegas.com\/bratislava\/wp-content\/gallery\/vianocny-koncert-2024-spojeny-s-vystavou-vytvarnych-prac\/thumbs\/thumbs_DSC_0413.jpg\"\n               data-image-id=\"197\"\n               data-title=\"DSC_0413\"\n               data-description=\"\"\n               data-image-slug=\"dsc_0413\"\n               class=\"ngg-simplelightbox\" rel=\"b266f8cee5415ca9dd2b630036f3e3d7\">\n                <img\n                    title=\"DSC_0413\"\n                    alt=\"DSC_0413\"\n                    src=\"https:\/\/art-pegas.com\/bratislava\/wp-content\/gallery\/vianocny-koncert-2024-spojeny-s-vystavou-vytvarnych-prac\/thumbs\/thumbs_DSC_0413.jpg\"\n                    width=\"240\"\n                    height=\"160\"\n                    style=\"max-width:100%;\"\n                \/>\n            <\/a>\n        <\/div>\n\t\t\t\t\t\t\t<\/div> \n\t\t\t\n\t\t\t\t<div id=\"ngg-image-11\" class=\"ngg-gallery-thumbnail-box \" >\n\t\t\t\t        <div class=\"ngg-gallery-thumbnail\">\n            <a href=\"https:\/\/art-pegas.com\/bratislava\/wp-content\/gallery\/vianocny-koncert-2024-spojeny-s-vystavou-vytvarnych-prac\/DSC_0394.jpg\"\n               title=\"\"\n               data-src=\"https:\/\/art-pegas.com\/bratislava\/wp-content\/gallery\/vianocny-koncert-2024-spojeny-s-vystavou-vytvarnych-prac\/DSC_0394.jpg\"\n               data-thumbnail=\"https:\/\/art-pegas.com\/bratislava\/wp-content\/gallery\/vianocny-koncert-2024-spojeny-s-vystavou-vytvarnych-prac\/thumbs\/thumbs_DSC_0394.jpg\"\n               data-image-id=\"196\"\n               data-title=\"DSC_0394\"\n               data-description=\"\"\n               data-image-slug=\"dsc_0394\"\n               class=\"ngg-simplelightbox\" rel=\"b266f8cee5415ca9dd2b630036f3e3d7\">\n                <img\n                    title=\"DSC_0394\"\n                    alt=\"DSC_0394\"\n                    src=\"https:\/\/art-pegas.com\/bratislava\/wp-content\/gallery\/vianocny-koncert-2024-spojeny-s-vystavou-vytvarnych-prac\/thumbs\/thumbs_DSC_0394.jpg\"\n                    width=\"240\"\n                    height=\"160\"\n                    style=\"max-width:100%;\"\n                \/>\n            <\/a>\n        <\/div>\n\t\t\t\t\t\t\t<\/div> \n\t\t\t\n\t\t\t\t<div id=\"ngg-image-12\" class=\"ngg-gallery-thumbnail-box \" >\n\t\t\t\t        <div class=\"ngg-gallery-thumbnail\">\n            <a href=\"https:\/\/art-pegas.com\/bratislava\/wp-content\/gallery\/vianocny-koncert-2024-spojeny-s-vystavou-vytvarnych-prac\/DSC_0737.jpg\"\n               title=\"\"\n               data-src=\"https:\/\/art-pegas.com\/bratislava\/wp-content\/gallery\/vianocny-koncert-2024-spojeny-s-vystavou-vytvarnych-prac\/DSC_0737.jpg\"\n               data-thumbnail=\"https:\/\/art-pegas.com\/bratislava\/wp-content\/gallery\/vianocny-koncert-2024-spojeny-s-vystavou-vytvarnych-prac\/thumbs\/thumbs_DSC_0737.jpg\"\n               data-image-id=\"236\"\n               data-title=\"DSC_0737\"\n               data-description=\"\"\n               data-image-slug=\"dsc_0737\"\n               class=\"ngg-simplelightbox\" rel=\"b266f8cee5415ca9dd2b630036f3e3d7\">\n                <img\n                    title=\"DSC_0737\"\n                    alt=\"DSC_0737\"\n                    src=\"https:\/\/art-pegas.com\/bratislava\/wp-content\/gallery\/vianocny-koncert-2024-spojeny-s-vystavou-vytvarnych-prac\/thumbs\/thumbs_DSC_0737.jpg\"\n                    width=\"240\"\n                    height=\"160\"\n                    style=\"max-width:100%;\"\n                \/>\n            <\/a>\n        <\/div>\n\t\t\t\t\t\t\t<\/div> \n\t\t\t\n\t\t\t\t<div id=\"ngg-image-13\" class=\"ngg-gallery-thumbnail-box \" >\n\t\t\t\t        <div class=\"ngg-gallery-thumbnail\">\n            <a href=\"https:\/\/art-pegas.com\/bratislava\/wp-content\/gallery\/vianocny-koncert-2024-spojeny-s-vystavou-vytvarnych-prac\/DSC_0289.jpg\"\n               title=\"\"\n               data-src=\"https:\/\/art-pegas.com\/bratislava\/wp-content\/gallery\/vianocny-koncert-2024-spojeny-s-vystavou-vytvarnych-prac\/DSC_0289.jpg\"\n               data-thumbnail=\"https:\/\/art-pegas.com\/bratislava\/wp-content\/gallery\/vianocny-koncert-2024-spojeny-s-vystavou-vytvarnych-prac\/thumbs\/thumbs_DSC_0289.jpg\"\n               data-image-id=\"182\"\n               data-title=\"DSC_0289\"\n               data-description=\"\"\n               data-image-slug=\"dsc_0289\"\n               class=\"ngg-simplelightbox\" rel=\"b266f8cee5415ca9dd2b630036f3e3d7\">\n                <img\n                    title=\"DSC_0289\"\n                    alt=\"DSC_0289\"\n                    src=\"https:\/\/art-pegas.com\/bratislava\/wp-content\/gallery\/vianocny-koncert-2024-spojeny-s-vystavou-vytvarnych-prac\/thumbs\/thumbs_DSC_0289.jpg\"\n                    width=\"240\"\n                    height=\"160\"\n                    style=\"max-width:100%;\"\n                \/>\n            <\/a>\n        <\/div>\n\t\t\t\t\t\t\t<\/div> \n\t\t\t\n\t\t\t\t<div id=\"ngg-image-14\" class=\"ngg-gallery-thumbnail-box \" >\n\t\t\t\t        <div class=\"ngg-gallery-thumbnail\">\n            <a href=\"https:\/\/art-pegas.com\/bratislava\/wp-content\/gallery\/vianocny-koncert-2024-spojeny-s-vystavou-vytvarnych-prac\/DSC_0638.jpg\"\n               title=\"\"\n               data-src=\"https:\/\/art-pegas.com\/bratislava\/wp-content\/gallery\/vianocny-koncert-2024-spojeny-s-vystavou-vytvarnych-prac\/DSC_0638.jpg\"\n               data-thumbnail=\"https:\/\/art-pegas.com\/bratislava\/wp-content\/gallery\/vianocny-koncert-2024-spojeny-s-vystavou-vytvarnych-prac\/thumbs\/thumbs_DSC_0638.jpg\"\n               data-image-id=\"220\"\n               data-title=\"DSC_0638\"\n               data-description=\"\"\n               data-image-slug=\"dsc_0638\"\n               class=\"ngg-simplelightbox\" rel=\"b266f8cee5415ca9dd2b630036f3e3d7\">\n                <img\n                    title=\"DSC_0638\"\n                    alt=\"DSC_0638\"\n                    src=\"https:\/\/art-pegas.com\/bratislava\/wp-content\/gallery\/vianocny-koncert-2024-spojeny-s-vystavou-vytvarnych-prac\/thumbs\/thumbs_DSC_0638.jpg\"\n                    width=\"240\"\n                    height=\"160\"\n                    style=\"max-width:100%;\"\n                \/>\n            <\/a>\n        <\/div>\n\t\t\t\t\t\t\t<\/div> \n\t\t\t\n\t\t\t\t<div id=\"ngg-image-15\" class=\"ngg-gallery-thumbnail-box \" >\n\t\t\t\t        <div class=\"ngg-gallery-thumbnail\">\n            <a href=\"https:\/\/art-pegas.com\/bratislava\/wp-content\/gallery\/vianocny-koncert-2024-spojeny-s-vystavou-vytvarnych-prac\/DSC_0716.jpg\"\n               title=\"\"\n               data-src=\"https:\/\/art-pegas.com\/bratislava\/wp-content\/gallery\/vianocny-koncert-2024-spojeny-s-vystavou-vytvarnych-prac\/DSC_0716.jpg\"\n               data-thumbnail=\"https:\/\/art-pegas.com\/bratislava\/wp-content\/gallery\/vianocny-koncert-2024-spojeny-s-vystavou-vytvarnych-prac\/thumbs\/thumbs_DSC_0716.jpg\"\n               data-image-id=\"229\"\n               data-title=\"DSC_0716\"\n               data-description=\"\"\n               data-image-slug=\"dsc_0716\"\n               class=\"ngg-simplelightbox\" rel=\"b266f8cee5415ca9dd2b630036f3e3d7\">\n                <img\n                    title=\"DSC_0716\"\n                    alt=\"DSC_0716\"\n                    src=\"https:\/\/art-pegas.com\/bratislava\/wp-content\/gallery\/vianocny-koncert-2024-spojeny-s-vystavou-vytvarnych-prac\/thumbs\/thumbs_DSC_0716.jpg\"\n                    width=\"240\"\n                    height=\"160\"\n                    style=\"max-width:100%;\"\n                \/>\n            <\/a>\n        <\/div>\n\t\t\t\t\t\t\t<\/div> \n\t\t\t\n\t\t\t\t<div id=\"ngg-image-16\" class=\"ngg-gallery-thumbnail-box \" >\n\t\t\t\t        <div class=\"ngg-gallery-thumbnail\">\n            <a href=\"https:\/\/art-pegas.com\/bratislava\/wp-content\/gallery\/vianocny-koncert-2024-spojeny-s-vystavou-vytvarnych-prac\/DSC_0759.jpg\"\n               title=\"\"\n               data-src=\"https:\/\/art-pegas.com\/bratislava\/wp-content\/gallery\/vianocny-koncert-2024-spojeny-s-vystavou-vytvarnych-prac\/DSC_0759.jpg\"\n               data-thumbnail=\"https:\/\/art-pegas.com\/bratislava\/wp-content\/gallery\/vianocny-koncert-2024-spojeny-s-vystavou-vytvarnych-prac\/thumbs\/thumbs_DSC_0759.jpg\"\n               data-image-id=\"245\"\n               data-title=\"DSC_0759\"\n               data-description=\"\"\n               data-image-slug=\"dsc_0759\"\n               class=\"ngg-simplelightbox\" rel=\"b266f8cee5415ca9dd2b630036f3e3d7\">\n                <img\n                    title=\"DSC_0759\"\n                    alt=\"DSC_0759\"\n                    src=\"https:\/\/art-pegas.com\/bratislava\/wp-content\/gallery\/vianocny-koncert-2024-spojeny-s-vystavou-vytvarnych-prac\/thumbs\/thumbs_DSC_0759.jpg\"\n                    width=\"240\"\n                    height=\"160\"\n                    style=\"max-width:100%;\"\n                \/>\n            <\/a>\n        <\/div>\n\t\t\t\t\t\t\t<\/div> \n\t\t\t\n\t\t\t\t<div id=\"ngg-image-17\" class=\"ngg-gallery-thumbnail-box \" >\n\t\t\t\t        <div class=\"ngg-gallery-thumbnail\">\n            <a href=\"https:\/\/art-pegas.com\/bratislava\/wp-content\/gallery\/vianocny-koncert-2024-spojeny-s-vystavou-vytvarnych-prac\/DSC_0372.jpg\"\n               title=\"\"\n               data-src=\"https:\/\/art-pegas.com\/bratislava\/wp-content\/gallery\/vianocny-koncert-2024-spojeny-s-vystavou-vytvarnych-prac\/DSC_0372.jpg\"\n               data-thumbnail=\"https:\/\/art-pegas.com\/bratislava\/wp-content\/gallery\/vianocny-koncert-2024-spojeny-s-vystavou-vytvarnych-prac\/thumbs\/thumbs_DSC_0372.jpg\"\n               data-image-id=\"190\"\n               data-title=\"DSC_0372\"\n               data-description=\"\"\n               data-image-slug=\"dsc_0372\"\n               class=\"ngg-simplelightbox\" rel=\"b266f8cee5415ca9dd2b630036f3e3d7\">\n                <img\n                    title=\"DSC_0372\"\n                    alt=\"DSC_0372\"\n                    src=\"https:\/\/art-pegas.com\/bratislava\/wp-content\/gallery\/vianocny-koncert-2024-spojeny-s-vystavou-vytvarnych-prac\/thumbs\/thumbs_DSC_0372.jpg\"\n                    width=\"240\"\n                    height=\"160\"\n                    style=\"max-width:100%;\"\n                \/>\n            <\/a>\n        <\/div>\n\t\t\t\t\t\t\t<\/div> \n\t\t\t\n\t\t\t\t<div id=\"ngg-image-18\" class=\"ngg-gallery-thumbnail-box \" >\n\t\t\t\t        <div class=\"ngg-gallery-thumbnail\">\n            <a href=\"https:\/\/art-pegas.com\/bratislava\/wp-content\/gallery\/vianocny-koncert-2024-spojeny-s-vystavou-vytvarnych-prac\/DSC_0364.jpg\"\n               title=\"\"\n               data-src=\"https:\/\/art-pegas.com\/bratislava\/wp-content\/gallery\/vianocny-koncert-2024-spojeny-s-vystavou-vytvarnych-prac\/DSC_0364.jpg\"\n               data-thumbnail=\"https:\/\/art-pegas.com\/bratislava\/wp-content\/gallery\/vianocny-koncert-2024-spojeny-s-vystavou-vytvarnych-prac\/thumbs\/thumbs_DSC_0364.jpg\"\n               data-image-id=\"189\"\n               data-title=\"DSC_0364\"\n               data-description=\"\"\n               data-image-slug=\"dsc_0364\"\n               class=\"ngg-simplelightbox\" rel=\"b266f8cee5415ca9dd2b630036f3e3d7\">\n                <img\n                    title=\"DSC_0364\"\n                    alt=\"DSC_0364\"\n                    src=\"https:\/\/art-pegas.com\/bratislava\/wp-content\/gallery\/vianocny-koncert-2024-spojeny-s-vystavou-vytvarnych-prac\/thumbs\/thumbs_DSC_0364.jpg\"\n                    width=\"240\"\n                    height=\"160\"\n                    style=\"max-width:100%;\"\n                \/>\n            <\/a>\n        <\/div>\n\t\t\t\t\t\t\t<\/div> \n\t\t\t\n\t\t\t\t<div id=\"ngg-image-19\" class=\"ngg-gallery-thumbnail-box \" >\n\t\t\t\t        <div class=\"ngg-gallery-thumbnail\">\n            <a href=\"https:\/\/art-pegas.com\/bratislava\/wp-content\/gallery\/vianocny-koncert-2024-spojeny-s-vystavou-vytvarnych-prac\/DSC_0351.jpg\"\n               title=\"\"\n               data-src=\"https:\/\/art-pegas.com\/bratislava\/wp-content\/gallery\/vianocny-koncert-2024-spojeny-s-vystavou-vytvarnych-prac\/DSC_0351.jpg\"\n               data-thumbnail=\"https:\/\/art-pegas.com\/bratislava\/wp-content\/gallery\/vianocny-koncert-2024-spojeny-s-vystavou-vytvarnych-prac\/thumbs\/thumbs_DSC_0351.jpg\"\n               data-image-id=\"188\"\n               data-title=\"DSC_0351\"\n               data-description=\"\"\n               data-image-slug=\"dsc_0351\"\n               class=\"ngg-simplelightbox\" rel=\"b266f8cee5415ca9dd2b630036f3e3d7\">\n                <img\n                    title=\"DSC_0351\"\n                    alt=\"DSC_0351\"\n                    src=\"https:\/\/art-pegas.com\/bratislava\/wp-content\/gallery\/vianocny-koncert-2024-spojeny-s-vystavou-vytvarnych-prac\/thumbs\/thumbs_DSC_0351.jpg\"\n                    width=\"240\"\n                    height=\"160\"\n                    style=\"max-width:100%;\"\n                \/>\n            <\/a>\n        <\/div>\n\t\t\t\t\t\t\t<\/div> \n\t\t\t\n\t\t\t\t<div id=\"ngg-image-20\" class=\"ngg-gallery-thumbnail-box \" >\n\t\t\t\t        <div class=\"ngg-gallery-thumbnail\">\n            <a href=\"https:\/\/art-pegas.com\/bratislava\/wp-content\/gallery\/vianocny-koncert-2024-spojeny-s-vystavou-vytvarnych-prac\/DSC_0739.jpg\"\n               title=\"\"\n               data-src=\"https:\/\/art-pegas.com\/bratislava\/wp-content\/gallery\/vianocny-koncert-2024-spojeny-s-vystavou-vytvarnych-prac\/DSC_0739.jpg\"\n               data-thumbnail=\"https:\/\/art-pegas.com\/bratislava\/wp-content\/gallery\/vianocny-koncert-2024-spojeny-s-vystavou-vytvarnych-prac\/thumbs\/thumbs_DSC_0739.jpg\"\n               data-image-id=\"237\"\n               data-title=\"DSC_0739\"\n               data-description=\"\"\n               data-image-slug=\"dsc_0739\"\n               class=\"ngg-simplelightbox\" rel=\"b266f8cee5415ca9dd2b630036f3e3d7\">\n                <img\n                    title=\"DSC_0739\"\n                    alt=\"DSC_0739\"\n                    src=\"https:\/\/art-pegas.com\/bratislava\/wp-content\/gallery\/vianocny-koncert-2024-spojeny-s-vystavou-vytvarnych-prac\/thumbs\/thumbs_DSC_0739.jpg\"\n                    width=\"240\"\n                    height=\"160\"\n                    style=\"max-width:100%;\"\n                \/>\n            <\/a>\n        <\/div>\n\t\t\t\t\t\t\t<\/div> \n\t\t\t\n\t\t\t\t<div id=\"ngg-image-21\" class=\"ngg-gallery-thumbnail-box \" >\n\t\t\t\t        <div class=\"ngg-gallery-thumbnail\">\n            <a href=\"https:\/\/art-pegas.com\/bratislava\/wp-content\/gallery\/vianocny-koncert-2024-spojeny-s-vystavou-vytvarnych-prac\/DSC_0593.jpg\"\n               title=\"\"\n               data-src=\"https:\/\/art-pegas.com\/bratislava\/wp-content\/gallery\/vianocny-koncert-2024-spojeny-s-vystavou-vytvarnych-prac\/DSC_0593.jpg\"\n               data-thumbnail=\"https:\/\/art-pegas.com\/bratislava\/wp-content\/gallery\/vianocny-koncert-2024-spojeny-s-vystavou-vytvarnych-prac\/thumbs\/thumbs_DSC_0593.jpg\"\n               data-image-id=\"214\"\n               data-title=\"DSC_0593\"\n               data-description=\"\"\n               data-image-slug=\"dsc_0593\"\n               class=\"ngg-simplelightbox\" rel=\"b266f8cee5415ca9dd2b630036f3e3d7\">\n                <img\n                    title=\"DSC_0593\"\n                    alt=\"DSC_0593\"\n                    src=\"https:\/\/art-pegas.com\/bratislava\/wp-content\/gallery\/vianocny-koncert-2024-spojeny-s-vystavou-vytvarnych-prac\/thumbs\/thumbs_DSC_0593.jpg\"\n                    width=\"240\"\n                    height=\"160\"\n                    style=\"max-width:100%;\"\n                \/>\n            <\/a>\n        <\/div>\n\t\t\t\t\t\t\t<\/div> \n\t\t\t\n\t\t\t\t<div id=\"ngg-image-22\" class=\"ngg-gallery-thumbnail-box \" >\n\t\t\t\t        <div class=\"ngg-gallery-thumbnail\">\n            <a href=\"https:\/\/art-pegas.com\/bratislava\/wp-content\/gallery\/vianocny-koncert-2024-spojeny-s-vystavou-vytvarnych-prac\/DSC_0667.jpg\"\n               title=\"\"\n               data-src=\"https:\/\/art-pegas.com\/bratislava\/wp-content\/gallery\/vianocny-koncert-2024-spojeny-s-vystavou-vytvarnych-prac\/DSC_0667.jpg\"\n               data-thumbnail=\"https:\/\/art-pegas.com\/bratislava\/wp-content\/gallery\/vianocny-koncert-2024-spojeny-s-vystavou-vytvarnych-prac\/thumbs\/thumbs_DSC_0667.jpg\"\n               data-image-id=\"221\"\n               data-title=\"DSC_0667\"\n               data-description=\"\"\n               data-image-slug=\"dsc_0667\"\n               class=\"ngg-simplelightbox\" rel=\"b266f8cee5415ca9dd2b630036f3e3d7\">\n                <img\n                    title=\"DSC_0667\"\n                    alt=\"DSC_0667\"\n                    src=\"https:\/\/art-pegas.com\/bratislava\/wp-content\/gallery\/vianocny-koncert-2024-spojeny-s-vystavou-vytvarnych-prac\/thumbs\/thumbs_DSC_0667.jpg\"\n                    width=\"240\"\n                    height=\"160\"\n                    style=\"max-width:100%;\"\n                \/>\n            <\/a>\n        <\/div>\n\t\t\t\t\t\t\t<\/div> \n\t\t\t\n\t\t\t\t<div id=\"ngg-image-23\" class=\"ngg-gallery-thumbnail-box \" >\n\t\t\t\t        <div class=\"ngg-gallery-thumbnail\">\n            <a href=\"https:\/\/art-pegas.com\/bratislava\/wp-content\/gallery\/vianocny-koncert-2024-spojeny-s-vystavou-vytvarnych-prac\/DSC_0821.jpg\"\n               title=\"\"\n               data-src=\"https:\/\/art-pegas.com\/bratislava\/wp-content\/gallery\/vianocny-koncert-2024-spojeny-s-vystavou-vytvarnych-prac\/DSC_0821.jpg\"\n               data-thumbnail=\"https:\/\/art-pegas.com\/bratislava\/wp-content\/gallery\/vianocny-koncert-2024-spojeny-s-vystavou-vytvarnych-prac\/thumbs\/thumbs_DSC_0821.jpg\"\n               data-image-id=\"256\"\n               data-title=\"DSC_0821\"\n               data-description=\"\"\n               data-image-slug=\"dsc_0821-1\"\n               class=\"ngg-simplelightbox\" rel=\"b266f8cee5415ca9dd2b630036f3e3d7\">\n                <img\n                    title=\"DSC_0821\"\n                    alt=\"DSC_0821\"\n                    src=\"https:\/\/art-pegas.com\/bratislava\/wp-content\/gallery\/vianocny-koncert-2024-spojeny-s-vystavou-vytvarnych-prac\/thumbs\/thumbs_DSC_0821.jpg\"\n                    width=\"240\"\n                    height=\"160\"\n                    style=\"max-width:100%;\"\n                \/>\n            <\/a>\n        <\/div>\n\t\t\t\t\t\t\t<\/div> \n\t\t\t\n\t\n\t<br style=\"clear: both\" \/>\n\n\t\n\t\t<!-- Pagination -->\n\t<div class='ngg-navigation'><span class=\"current\">1<\/span><a class=\"page-numbers\" data-pageid=\"2\" href=\"https:\/\/art-pegas.com\/bratislava\/galeria\/nggallery\/page\/2\">2<\/a><a class=\"page-numbers\" data-pageid=\"3\" href=\"https:\/\/art-pegas.com\/bratislava\/galeria\/nggallery\/page\/3\">3<\/a><a class=\"page-numbers\" data-pageid=\"4\" href=\"https:\/\/art-pegas.com\/bratislava\/galeria\/nggallery\/page\/4\">4<\/a><a class=\"next\" data-pageid=\"2\" id=\"ngg-next-2\" href=\"https:\/\/art-pegas.com\/bratislava\/galeria\/nggallery\/page\/2\">&#9658;<\/a><\/div>\t<\/div>\n[\/vc_column_text][vc_zigzag]<h1 class=\"sc_title sc_title_regular\">CAMPANAFEST 2024, Nitra &#8211; \u010fakujeme za pozvanie hlavn\u00e9mu organiz\u00e1torovi Igorovi Holkovi<\/h1>[vc_column_text]<!-- default-view.php -->\n<div\n\tclass=\"ngg-galleryoverview default-view \"\n\tid=\"ngg-gallery-09325064b0c9c5c271c9117d3afeedac-1\">\n\n\t\t<!-- Thumbnails -->\n\t\t\t\t<div id=\"ngg-image-0\" class=\"ngg-gallery-thumbnail-box \" >\n\t\t\t\t        <div class=\"ngg-gallery-thumbnail\">\n            <a href=\"https:\/\/art-pegas.com\/bratislava\/wp-content\/gallery\/campanafest-2024\/IMG-20240907-WA0064.jpg\"\n               title=\"\"\n               data-src=\"https:\/\/art-pegas.com\/bratislava\/wp-content\/gallery\/campanafest-2024\/IMG-20240907-WA0064.jpg\"\n               data-thumbnail=\"https:\/\/art-pegas.com\/bratislava\/wp-content\/gallery\/campanafest-2024\/thumbs\/thumbs_IMG-20240907-WA0064.jpg\"\n               data-image-id=\"181\"\n               data-title=\"IMG-20240907-WA0064\"\n               data-description=\"\"\n               data-image-slug=\"img-20240907-wa0064\"\n               class=\"ngg-simplelightbox\" rel=\"09325064b0c9c5c271c9117d3afeedac\">\n                <img\n                    title=\"IMG-20240907-WA0064\"\n                    alt=\"IMG-20240907-WA0064\"\n                    src=\"https:\/\/art-pegas.com\/bratislava\/wp-content\/gallery\/campanafest-2024\/thumbs\/thumbs_IMG-20240907-WA0064.jpg\"\n                    width=\"240\"\n                    height=\"160\"\n                    style=\"max-width:100%;\"\n                \/>\n            <\/a>\n        <\/div>\n\t\t\t\t\t\t\t<\/div> \n\t\t\t\n\t\t\t\t<div id=\"ngg-image-1\" class=\"ngg-gallery-thumbnail-box \" >\n\t\t\t\t        <div class=\"ngg-gallery-thumbnail\">\n            <a href=\"https:\/\/art-pegas.com\/bratislava\/wp-content\/gallery\/campanafest-2024\/IMG_20240907_165135.jpg\"\n               title=\"\"\n               data-src=\"https:\/\/art-pegas.com\/bratislava\/wp-content\/gallery\/campanafest-2024\/IMG_20240907_165135.jpg\"\n               data-thumbnail=\"https:\/\/art-pegas.com\/bratislava\/wp-content\/gallery\/campanafest-2024\/thumbs\/thumbs_IMG_20240907_165135.jpg\"\n               data-image-id=\"174\"\n               data-title=\"IMG_20240907_165135\"\n               data-description=\"\"\n               data-image-slug=\"img_20240907_165135\"\n               class=\"ngg-simplelightbox\" rel=\"09325064b0c9c5c271c9117d3afeedac\">\n                <img\n                    title=\"IMG_20240907_165135\"\n                    alt=\"IMG_20240907_165135\"\n                    src=\"https:\/\/art-pegas.com\/bratislava\/wp-content\/gallery\/campanafest-2024\/thumbs\/thumbs_IMG_20240907_165135.jpg\"\n                    width=\"240\"\n                    height=\"160\"\n                    style=\"max-width:100%;\"\n                \/>\n            <\/a>\n        <\/div>\n\t\t\t\t\t\t\t<\/div> \n\t\t\t\n\t\t\t\t<div id=\"ngg-image-2\" class=\"ngg-gallery-thumbnail-box \" >\n\t\t\t\t        <div class=\"ngg-gallery-thumbnail\">\n            <a href=\"https:\/\/art-pegas.com\/bratislava\/wp-content\/gallery\/campanafest-2024\/IMG_20240907_164702_1.jpg\"\n               title=\"\"\n               data-src=\"https:\/\/art-pegas.com\/bratislava\/wp-content\/gallery\/campanafest-2024\/IMG_20240907_164702_1.jpg\"\n               data-thumbnail=\"https:\/\/art-pegas.com\/bratislava\/wp-content\/gallery\/campanafest-2024\/thumbs\/thumbs_IMG_20240907_164702_1.jpg\"\n               data-image-id=\"173\"\n               data-title=\"IMG_20240907_164702_1\"\n               data-description=\"\"\n               data-image-slug=\"img_20240907_164702_1\"\n               class=\"ngg-simplelightbox\" rel=\"09325064b0c9c5c271c9117d3afeedac\">\n                <img\n                    title=\"IMG_20240907_164702_1\"\n                    alt=\"IMG_20240907_164702_1\"\n                    src=\"https:\/\/art-pegas.com\/bratislava\/wp-content\/gallery\/campanafest-2024\/thumbs\/thumbs_IMG_20240907_164702_1.jpg\"\n                    width=\"240\"\n                    height=\"160\"\n                    style=\"max-width:100%;\"\n                \/>\n            <\/a>\n        <\/div>\n\t\t\t\t\t\t\t<\/div> \n\t\t\t\n\t\t\t\t<div id=\"ngg-image-3\" class=\"ngg-gallery-thumbnail-box \" >\n\t\t\t\t        <div class=\"ngg-gallery-thumbnail\">\n            <a href=\"https:\/\/art-pegas.com\/bratislava\/wp-content\/gallery\/campanafest-2024\/IMG_20240907_164441.jpg\"\n               title=\"\"\n               data-src=\"https:\/\/art-pegas.com\/bratislava\/wp-content\/gallery\/campanafest-2024\/IMG_20240907_164441.jpg\"\n               data-thumbnail=\"https:\/\/art-pegas.com\/bratislava\/wp-content\/gallery\/campanafest-2024\/thumbs\/thumbs_IMG_20240907_164441.jpg\"\n               data-image-id=\"172\"\n               data-title=\"IMG_20240907_164441\"\n               data-description=\"\"\n               data-image-slug=\"img_20240907_164441\"\n               class=\"ngg-simplelightbox\" rel=\"09325064b0c9c5c271c9117d3afeedac\">\n                <img\n                    title=\"IMG_20240907_164441\"\n                    alt=\"IMG_20240907_164441\"\n                    src=\"https:\/\/art-pegas.com\/bratislava\/wp-content\/gallery\/campanafest-2024\/thumbs\/thumbs_IMG_20240907_164441.jpg\"\n                    width=\"240\"\n                    height=\"160\"\n                    style=\"max-width:100%;\"\n                \/>\n            <\/a>\n        <\/div>\n\t\t\t\t\t\t\t<\/div> \n\t\t\t\n\t\t\t\t<div id=\"ngg-image-4\" class=\"ngg-gallery-thumbnail-box \" >\n\t\t\t\t        <div class=\"ngg-gallery-thumbnail\">\n            <a href=\"https:\/\/art-pegas.com\/bratislava\/wp-content\/gallery\/campanafest-2024\/IMG_20240907_165308.jpg\"\n               title=\"\"\n               data-src=\"https:\/\/art-pegas.com\/bratislava\/wp-content\/gallery\/campanafest-2024\/IMG_20240907_165308.jpg\"\n               data-thumbnail=\"https:\/\/art-pegas.com\/bratislava\/wp-content\/gallery\/campanafest-2024\/thumbs\/thumbs_IMG_20240907_165308.jpg\"\n               data-image-id=\"175\"\n               data-title=\"IMG_20240907_165308\"\n               data-description=\"\"\n               data-image-slug=\"img_20240907_165308\"\n               class=\"ngg-simplelightbox\" rel=\"09325064b0c9c5c271c9117d3afeedac\">\n                <img\n                    title=\"IMG_20240907_165308\"\n                    alt=\"IMG_20240907_165308\"\n                    src=\"https:\/\/art-pegas.com\/bratislava\/wp-content\/gallery\/campanafest-2024\/thumbs\/thumbs_IMG_20240907_165308.jpg\"\n                    width=\"240\"\n                    height=\"160\"\n                    style=\"max-width:100%;\"\n                \/>\n            <\/a>\n        <\/div>\n\t\t\t\t\t\t\t<\/div> \n\t\t\t\n\t\t\t\t<div id=\"ngg-image-5\" class=\"ngg-gallery-thumbnail-box \" >\n\t\t\t\t        <div class=\"ngg-gallery-thumbnail\">\n            <a href=\"https:\/\/art-pegas.com\/bratislava\/wp-content\/gallery\/campanafest-2024\/IMG-20240907-WA0061.jpg\"\n               title=\"\"\n               data-src=\"https:\/\/art-pegas.com\/bratislava\/wp-content\/gallery\/campanafest-2024\/IMG-20240907-WA0061.jpg\"\n               data-thumbnail=\"https:\/\/art-pegas.com\/bratislava\/wp-content\/gallery\/campanafest-2024\/thumbs\/thumbs_IMG-20240907-WA0061.jpg\"\n               data-image-id=\"180\"\n               data-title=\"IMG-20240907-WA0061\"\n               data-description=\"\"\n               data-image-slug=\"img-20240907-wa0061\"\n               class=\"ngg-simplelightbox\" rel=\"09325064b0c9c5c271c9117d3afeedac\">\n                <img\n                    title=\"IMG-20240907-WA0061\"\n                    alt=\"IMG-20240907-WA0061\"\n                    src=\"https:\/\/art-pegas.com\/bratislava\/wp-content\/gallery\/campanafest-2024\/thumbs\/thumbs_IMG-20240907-WA0061.jpg\"\n                    width=\"240\"\n                    height=\"160\"\n                    style=\"max-width:100%;\"\n                \/>\n            <\/a>\n        <\/div>\n\t\t\t\t\t\t\t<\/div> \n\t\t\t\n\t\t\t\t<div id=\"ngg-image-6\" class=\"ngg-gallery-thumbnail-box \" >\n\t\t\t\t        <div class=\"ngg-gallery-thumbnail\">\n            <a href=\"https:\/\/art-pegas.com\/bratislava\/wp-content\/gallery\/campanafest-2024\/IMG_20240907_151808.jpg\"\n               title=\"\"\n               data-src=\"https:\/\/art-pegas.com\/bratislava\/wp-content\/gallery\/campanafest-2024\/IMG_20240907_151808.jpg\"\n               data-thumbnail=\"https:\/\/art-pegas.com\/bratislava\/wp-content\/gallery\/campanafest-2024\/thumbs\/thumbs_IMG_20240907_151808.jpg\"\n               data-image-id=\"169\"\n               data-title=\"IMG_20240907_151808\"\n               data-description=\"\"\n               data-image-slug=\"img_20240907_151808\"\n               class=\"ngg-simplelightbox\" rel=\"09325064b0c9c5c271c9117d3afeedac\">\n                <img\n                    title=\"IMG_20240907_151808\"\n                    alt=\"IMG_20240907_151808\"\n                    src=\"https:\/\/art-pegas.com\/bratislava\/wp-content\/gallery\/campanafest-2024\/thumbs\/thumbs_IMG_20240907_151808.jpg\"\n                    width=\"240\"\n                    height=\"160\"\n                    style=\"max-width:100%;\"\n                \/>\n            <\/a>\n        <\/div>\n\t\t\t\t\t\t\t<\/div> \n\t\t\t\n\t\t\t\t<div id=\"ngg-image-7\" class=\"ngg-gallery-thumbnail-box \" >\n\t\t\t\t        <div class=\"ngg-gallery-thumbnail\">\n            <a href=\"https:\/\/art-pegas.com\/bratislava\/wp-content\/gallery\/campanafest-2024\/IMG_20240907_144048.jpg\"\n               title=\"\"\n               data-src=\"https:\/\/art-pegas.com\/bratislava\/wp-content\/gallery\/campanafest-2024\/IMG_20240907_144048.jpg\"\n               data-thumbnail=\"https:\/\/art-pegas.com\/bratislava\/wp-content\/gallery\/campanafest-2024\/thumbs\/thumbs_IMG_20240907_144048.jpg\"\n               data-image-id=\"168\"\n               data-title=\"IMG_20240907_144048\"\n               data-description=\"\"\n               data-image-slug=\"img_20240907_144048\"\n               class=\"ngg-simplelightbox\" rel=\"09325064b0c9c5c271c9117d3afeedac\">\n                <img\n                    title=\"IMG_20240907_144048\"\n                    alt=\"IMG_20240907_144048\"\n                    src=\"https:\/\/art-pegas.com\/bratislava\/wp-content\/gallery\/campanafest-2024\/thumbs\/thumbs_IMG_20240907_144048.jpg\"\n                    width=\"240\"\n                    height=\"160\"\n                    style=\"max-width:100%;\"\n                \/>\n            <\/a>\n        <\/div>\n\t\t\t\t\t\t\t<\/div> \n\t\t\t\n\t\t\t\t<div id=\"ngg-image-8\" class=\"ngg-gallery-thumbnail-box \" >\n\t\t\t\t        <div class=\"ngg-gallery-thumbnail\">\n            <a href=\"https:\/\/art-pegas.com\/bratislava\/wp-content\/gallery\/campanafest-2024\/1725780759401.jpg\"\n               title=\"\"\n               data-src=\"https:\/\/art-pegas.com\/bratislava\/wp-content\/gallery\/campanafest-2024\/1725780759401.jpg\"\n               data-thumbnail=\"https:\/\/art-pegas.com\/bratislava\/wp-content\/gallery\/campanafest-2024\/thumbs\/thumbs_1725780759401.jpg\"\n               data-image-id=\"167\"\n               data-title=\"1725780759401\"\n               data-description=\"\"\n               data-image-slug=\"1725780759401\"\n               class=\"ngg-simplelightbox\" rel=\"09325064b0c9c5c271c9117d3afeedac\">\n                <img\n                    title=\"1725780759401\"\n                    alt=\"1725780759401\"\n                    src=\"https:\/\/art-pegas.com\/bratislava\/wp-content\/gallery\/campanafest-2024\/thumbs\/thumbs_1725780759401.jpg\"\n                    width=\"240\"\n                    height=\"160\"\n                    style=\"max-width:100%;\"\n                \/>\n            <\/a>\n        <\/div>\n\t\t\t\t\t\t\t<\/div> \n\t\t\t\n\t\t\t\t<div id=\"ngg-image-9\" class=\"ngg-gallery-thumbnail-box \" >\n\t\t\t\t        <div class=\"ngg-gallery-thumbnail\">\n            <a href=\"https:\/\/art-pegas.com\/bratislava\/wp-content\/gallery\/campanafest-2024\/1725780759393.jpg\"\n               title=\"\"\n               data-src=\"https:\/\/art-pegas.com\/bratislava\/wp-content\/gallery\/campanafest-2024\/1725780759393.jpg\"\n               data-thumbnail=\"https:\/\/art-pegas.com\/bratislava\/wp-content\/gallery\/campanafest-2024\/thumbs\/thumbs_1725780759393.jpg\"\n               data-image-id=\"166\"\n               data-title=\"1725780759393\"\n               data-description=\"\"\n               data-image-slug=\"1725780759393\"\n               class=\"ngg-simplelightbox\" rel=\"09325064b0c9c5c271c9117d3afeedac\">\n                <img\n                    title=\"1725780759393\"\n                    alt=\"1725780759393\"\n                    src=\"https:\/\/art-pegas.com\/bratislava\/wp-content\/gallery\/campanafest-2024\/thumbs\/thumbs_1725780759393.jpg\"\n                    width=\"240\"\n                    height=\"160\"\n                    style=\"max-width:100%;\"\n                \/>\n            <\/a>\n        <\/div>\n\t\t\t\t\t\t\t<\/div> \n\t\t\t\n\t\t\t\t<div id=\"ngg-image-10\" class=\"ngg-gallery-thumbnail-box \" >\n\t\t\t\t        <div class=\"ngg-gallery-thumbnail\">\n            <a href=\"https:\/\/art-pegas.com\/bratislava\/wp-content\/gallery\/campanafest-2024\/1725780759385.jpg\"\n               title=\"\"\n               data-src=\"https:\/\/art-pegas.com\/bratislava\/wp-content\/gallery\/campanafest-2024\/1725780759385.jpg\"\n               data-thumbnail=\"https:\/\/art-pegas.com\/bratislava\/wp-content\/gallery\/campanafest-2024\/thumbs\/thumbs_1725780759385.jpg\"\n               data-image-id=\"165\"\n               data-title=\"1725780759385\"\n               data-description=\"\"\n               data-image-slug=\"1725780759385\"\n               class=\"ngg-simplelightbox\" rel=\"09325064b0c9c5c271c9117d3afeedac\">\n                <img\n                    title=\"1725780759385\"\n                    alt=\"1725780759385\"\n                    src=\"https:\/\/art-pegas.com\/bratislava\/wp-content\/gallery\/campanafest-2024\/thumbs\/thumbs_1725780759385.jpg\"\n                    width=\"240\"\n                    height=\"160\"\n                    style=\"max-width:100%;\"\n                \/>\n            <\/a>\n        <\/div>\n\t\t\t\t\t\t\t<\/div> \n\t\t\t\n\t\t\t\t<div id=\"ngg-image-11\" class=\"ngg-gallery-thumbnail-box \" >\n\t\t\t\t        <div class=\"ngg-gallery-thumbnail\">\n            <a href=\"https:\/\/art-pegas.com\/bratislava\/wp-content\/gallery\/campanafest-2024\/1725780759377.jpg\"\n               title=\"\"\n               data-src=\"https:\/\/art-pegas.com\/bratislava\/wp-content\/gallery\/campanafest-2024\/1725780759377.jpg\"\n               data-thumbnail=\"https:\/\/art-pegas.com\/bratislava\/wp-content\/gallery\/campanafest-2024\/thumbs\/thumbs_1725780759377.jpg\"\n               data-image-id=\"164\"\n               data-title=\"1725780759377\"\n               data-description=\"\"\n               data-image-slug=\"1725780759377\"\n               class=\"ngg-simplelightbox\" rel=\"09325064b0c9c5c271c9117d3afeedac\">\n                <img\n                    title=\"1725780759377\"\n                    alt=\"1725780759377\"\n                    src=\"https:\/\/art-pegas.com\/bratislava\/wp-content\/gallery\/campanafest-2024\/thumbs\/thumbs_1725780759377.jpg\"\n                    width=\"240\"\n                    height=\"160\"\n                    style=\"max-width:100%;\"\n                \/>\n            <\/a>\n        <\/div>\n\t\t\t\t\t\t\t<\/div> \n\t\t\t\n\t\t\t\t<div id=\"ngg-image-12\" class=\"ngg-gallery-thumbnail-box \" >\n\t\t\t\t        <div class=\"ngg-gallery-thumbnail\">\n            <a href=\"https:\/\/art-pegas.com\/bratislava\/wp-content\/gallery\/campanafest-2024\/IMG_20240907_165401.jpg\"\n               title=\"\"\n               data-src=\"https:\/\/art-pegas.com\/bratislava\/wp-content\/gallery\/campanafest-2024\/IMG_20240907_165401.jpg\"\n               data-thumbnail=\"https:\/\/art-pegas.com\/bratislava\/wp-content\/gallery\/campanafest-2024\/thumbs\/thumbs_IMG_20240907_165401.jpg\"\n               data-image-id=\"176\"\n               data-title=\"IMG_20240907_165401\"\n               data-description=\"\"\n               data-image-slug=\"img_20240907_165401\"\n               class=\"ngg-simplelightbox\" rel=\"09325064b0c9c5c271c9117d3afeedac\">\n                <img\n                    title=\"IMG_20240907_165401\"\n                    alt=\"IMG_20240907_165401\"\n                    src=\"https:\/\/art-pegas.com\/bratislava\/wp-content\/gallery\/campanafest-2024\/thumbs\/thumbs_IMG_20240907_165401.jpg\"\n                    width=\"240\"\n                    height=\"160\"\n                    style=\"max-width:100%;\"\n                \/>\n            <\/a>\n        <\/div>\n\t\t\t\t\t\t\t<\/div> \n\t\t\t\n\t\t\t\t<div id=\"ngg-image-13\" class=\"ngg-gallery-thumbnail-box \" >\n\t\t\t\t        <div class=\"ngg-gallery-thumbnail\">\n            <a href=\"https:\/\/art-pegas.com\/bratislava\/wp-content\/gallery\/campanafest-2024\/1725780759253.jpg\"\n               title=\"\"\n               data-src=\"https:\/\/art-pegas.com\/bratislava\/wp-content\/gallery\/campanafest-2024\/1725780759253.jpg\"\n               data-thumbnail=\"https:\/\/art-pegas.com\/bratislava\/wp-content\/gallery\/campanafest-2024\/thumbs\/thumbs_1725780759253.jpg\"\n               data-image-id=\"150\"\n               data-title=\"1725780759253\"\n               data-description=\"\"\n               data-image-slug=\"1725780759253\"\n               class=\"ngg-simplelightbox\" rel=\"09325064b0c9c5c271c9117d3afeedac\">\n                <img\n                    title=\"1725780759253\"\n                    alt=\"1725780759253\"\n                    src=\"https:\/\/art-pegas.com\/bratislava\/wp-content\/gallery\/campanafest-2024\/thumbs\/thumbs_1725780759253.jpg\"\n                    width=\"240\"\n                    height=\"160\"\n                    style=\"max-width:100%;\"\n                \/>\n            <\/a>\n        <\/div>\n\t\t\t\t\t\t\t<\/div> \n\t\t\t\n\t\t\t\t<div id=\"ngg-image-14\" class=\"ngg-gallery-thumbnail-box \" >\n\t\t\t\t        <div class=\"ngg-gallery-thumbnail\">\n            <a href=\"https:\/\/art-pegas.com\/bratislava\/wp-content\/gallery\/campanafest-2024\/1725780759352.jpg\"\n               title=\"\"\n               data-src=\"https:\/\/art-pegas.com\/bratislava\/wp-content\/gallery\/campanafest-2024\/1725780759352.jpg\"\n               data-thumbnail=\"https:\/\/art-pegas.com\/bratislava\/wp-content\/gallery\/campanafest-2024\/thumbs\/thumbs_1725780759352.jpg\"\n               data-image-id=\"161\"\n               data-title=\"1725780759352\"\n               data-description=\"\"\n               data-image-slug=\"1725780759352\"\n               class=\"ngg-simplelightbox\" rel=\"09325064b0c9c5c271c9117d3afeedac\">\n                <img\n                    title=\"1725780759352\"\n                    alt=\"1725780759352\"\n                    src=\"https:\/\/art-pegas.com\/bratislava\/wp-content\/gallery\/campanafest-2024\/thumbs\/thumbs_1725780759352.jpg\"\n                    width=\"240\"\n                    height=\"160\"\n                    style=\"max-width:100%;\"\n                \/>\n            <\/a>\n        <\/div>\n\t\t\t\t\t\t\t<\/div> \n\t\t\t\n\t\t\t\t<div id=\"ngg-image-15\" class=\"ngg-gallery-thumbnail-box \" >\n\t\t\t\t        <div class=\"ngg-gallery-thumbnail\">\n            <a href=\"https:\/\/art-pegas.com\/bratislava\/wp-content\/gallery\/campanafest-2024\/1725780759341.jpg\"\n               title=\"\"\n               data-src=\"https:\/\/art-pegas.com\/bratislava\/wp-content\/gallery\/campanafest-2024\/1725780759341.jpg\"\n               data-thumbnail=\"https:\/\/art-pegas.com\/bratislava\/wp-content\/gallery\/campanafest-2024\/thumbs\/thumbs_1725780759341.jpg\"\n               data-image-id=\"160\"\n               data-title=\"1725780759341\"\n               data-description=\"\"\n               data-image-slug=\"1725780759341\"\n               class=\"ngg-simplelightbox\" rel=\"09325064b0c9c5c271c9117d3afeedac\">\n                <img\n                    title=\"1725780759341\"\n                    alt=\"1725780759341\"\n                    src=\"https:\/\/art-pegas.com\/bratislava\/wp-content\/gallery\/campanafest-2024\/thumbs\/thumbs_1725780759341.jpg\"\n                    width=\"240\"\n                    height=\"160\"\n                    style=\"max-width:100%;\"\n                \/>\n            <\/a>\n        <\/div>\n\t\t\t\t\t\t\t<\/div> \n\t\t\t\n\t\t\t\t<div id=\"ngg-image-16\" class=\"ngg-gallery-thumbnail-box \" >\n\t\t\t\t        <div class=\"ngg-gallery-thumbnail\">\n            <a href=\"https:\/\/art-pegas.com\/bratislava\/wp-content\/gallery\/campanafest-2024\/1725780759332.jpg\"\n               title=\"\"\n               data-src=\"https:\/\/art-pegas.com\/bratislava\/wp-content\/gallery\/campanafest-2024\/1725780759332.jpg\"\n               data-thumbnail=\"https:\/\/art-pegas.com\/bratislava\/wp-content\/gallery\/campanafest-2024\/thumbs\/thumbs_1725780759332.jpg\"\n               data-image-id=\"159\"\n               data-title=\"1725780759332\"\n               data-description=\"\"\n               data-image-slug=\"1725780759332\"\n               class=\"ngg-simplelightbox\" rel=\"09325064b0c9c5c271c9117d3afeedac\">\n                <img\n                    title=\"1725780759332\"\n                    alt=\"1725780759332\"\n                    src=\"https:\/\/art-pegas.com\/bratislava\/wp-content\/gallery\/campanafest-2024\/thumbs\/thumbs_1725780759332.jpg\"\n                    width=\"240\"\n                    height=\"160\"\n                    style=\"max-width:100%;\"\n                \/>\n            <\/a>\n        <\/div>\n\t\t\t\t\t\t\t<\/div> \n\t\t\t\n\t\t\t\t<div id=\"ngg-image-17\" class=\"ngg-gallery-thumbnail-box \" >\n\t\t\t\t        <div class=\"ngg-gallery-thumbnail\">\n            <a href=\"https:\/\/art-pegas.com\/bratislava\/wp-content\/gallery\/campanafest-2024\/1725780759323.jpg\"\n               title=\"\"\n               data-src=\"https:\/\/art-pegas.com\/bratislava\/wp-content\/gallery\/campanafest-2024\/1725780759323.jpg\"\n               data-thumbnail=\"https:\/\/art-pegas.com\/bratislava\/wp-content\/gallery\/campanafest-2024\/thumbs\/thumbs_1725780759323.jpg\"\n               data-image-id=\"158\"\n               data-title=\"1725780759323\"\n               data-description=\"\"\n               data-image-slug=\"1725780759323\"\n               class=\"ngg-simplelightbox\" rel=\"09325064b0c9c5c271c9117d3afeedac\">\n                <img\n                    title=\"1725780759323\"\n                    alt=\"1725780759323\"\n                    src=\"https:\/\/art-pegas.com\/bratislava\/wp-content\/gallery\/campanafest-2024\/thumbs\/thumbs_1725780759323.jpg\"\n                    width=\"240\"\n                    height=\"160\"\n                    style=\"max-width:100%;\"\n                \/>\n            <\/a>\n        <\/div>\n\t\t\t\t\t\t\t<\/div> \n\t\t\t\n\t\t\t\t<div id=\"ngg-image-18\" class=\"ngg-gallery-thumbnail-box \" >\n\t\t\t\t        <div class=\"ngg-gallery-thumbnail\">\n            <a href=\"https:\/\/art-pegas.com\/bratislava\/wp-content\/gallery\/campanafest-2024\/1725780759313.jpg\"\n               title=\"\"\n               data-src=\"https:\/\/art-pegas.com\/bratislava\/wp-content\/gallery\/campanafest-2024\/1725780759313.jpg\"\n               data-thumbnail=\"https:\/\/art-pegas.com\/bratislava\/wp-content\/gallery\/campanafest-2024\/thumbs\/thumbs_1725780759313.jpg\"\n               data-image-id=\"157\"\n               data-title=\"1725780759313\"\n               data-description=\"\"\n               data-image-slug=\"1725780759313\"\n               class=\"ngg-simplelightbox\" rel=\"09325064b0c9c5c271c9117d3afeedac\">\n                <img\n                    title=\"1725780759313\"\n                    alt=\"1725780759313\"\n                    src=\"https:\/\/art-pegas.com\/bratislava\/wp-content\/gallery\/campanafest-2024\/thumbs\/thumbs_1725780759313.jpg\"\n                    width=\"240\"\n                    height=\"160\"\n                    style=\"max-width:100%;\"\n                \/>\n            <\/a>\n        <\/div>\n\t\t\t\t\t\t\t<\/div> \n\t\t\t\n\t\t\t\t<div id=\"ngg-image-19\" class=\"ngg-gallery-thumbnail-box \" >\n\t\t\t\t        <div class=\"ngg-gallery-thumbnail\">\n            <a href=\"https:\/\/art-pegas.com\/bratislava\/wp-content\/gallery\/campanafest-2024\/1725780759304.jpg\"\n               title=\"\"\n               data-src=\"https:\/\/art-pegas.com\/bratislava\/wp-content\/gallery\/campanafest-2024\/1725780759304.jpg\"\n               data-thumbnail=\"https:\/\/art-pegas.com\/bratislava\/wp-content\/gallery\/campanafest-2024\/thumbs\/thumbs_1725780759304.jpg\"\n               data-image-id=\"156\"\n               data-title=\"1725780759304\"\n               data-description=\"\"\n               data-image-slug=\"1725780759304\"\n               class=\"ngg-simplelightbox\" rel=\"09325064b0c9c5c271c9117d3afeedac\">\n                <img\n                    title=\"1725780759304\"\n                    alt=\"1725780759304\"\n                    src=\"https:\/\/art-pegas.com\/bratislava\/wp-content\/gallery\/campanafest-2024\/thumbs\/thumbs_1725780759304.jpg\"\n                    width=\"240\"\n                    height=\"160\"\n                    style=\"max-width:100%;\"\n                \/>\n            <\/a>\n        <\/div>\n\t\t\t\t\t\t\t<\/div> \n\t\t\t\n\t\t\t\t<div id=\"ngg-image-20\" class=\"ngg-gallery-thumbnail-box \" >\n\t\t\t\t        <div class=\"ngg-gallery-thumbnail\">\n            <a href=\"https:\/\/art-pegas.com\/bratislava\/wp-content\/gallery\/campanafest-2024\/IMG_20240907_172748.jpg\"\n               title=\"\"\n               data-src=\"https:\/\/art-pegas.com\/bratislava\/wp-content\/gallery\/campanafest-2024\/IMG_20240907_172748.jpg\"\n               data-thumbnail=\"https:\/\/art-pegas.com\/bratislava\/wp-content\/gallery\/campanafest-2024\/thumbs\/thumbs_IMG_20240907_172748.jpg\"\n               data-image-id=\"177\"\n               data-title=\"IMG_20240907_172748\"\n               data-description=\"\"\n               data-image-slug=\"img_20240907_172748\"\n               class=\"ngg-simplelightbox\" rel=\"09325064b0c9c5c271c9117d3afeedac\">\n                <img\n                    title=\"IMG_20240907_172748\"\n                    alt=\"IMG_20240907_172748\"\n                    src=\"https:\/\/art-pegas.com\/bratislava\/wp-content\/gallery\/campanafest-2024\/thumbs\/thumbs_IMG_20240907_172748.jpg\"\n                    width=\"240\"\n                    height=\"160\"\n                    style=\"max-width:100%;\"\n                \/>\n            <\/a>\n        <\/div>\n\t\t\t\t\t\t\t<\/div> \n\t\t\t\n\t\t\t\t<div id=\"ngg-image-21\" class=\"ngg-gallery-thumbnail-box \" >\n\t\t\t\t        <div class=\"ngg-gallery-thumbnail\">\n            <a href=\"https:\/\/art-pegas.com\/bratislava\/wp-content\/gallery\/campanafest-2024\/1725780759287.jpg\"\n               title=\"\"\n               data-src=\"https:\/\/art-pegas.com\/bratislava\/wp-content\/gallery\/campanafest-2024\/1725780759287.jpg\"\n               data-thumbnail=\"https:\/\/art-pegas.com\/bratislava\/wp-content\/gallery\/campanafest-2024\/thumbs\/thumbs_1725780759287.jpg\"\n               data-image-id=\"154\"\n               data-title=\"1725780759287\"\n               data-description=\"\"\n               data-image-slug=\"1725780759287\"\n               class=\"ngg-simplelightbox\" rel=\"09325064b0c9c5c271c9117d3afeedac\">\n                <img\n                    title=\"1725780759287\"\n                    alt=\"1725780759287\"\n                    src=\"https:\/\/art-pegas.com\/bratislava\/wp-content\/gallery\/campanafest-2024\/thumbs\/thumbs_1725780759287.jpg\"\n                    width=\"240\"\n                    height=\"160\"\n                    style=\"max-width:100%;\"\n                \/>\n            <\/a>\n        <\/div>\n\t\t\t\t\t\t\t<\/div> \n\t\t\t\n\t\t\t\t<div id=\"ngg-image-22\" class=\"ngg-gallery-thumbnail-box \" >\n\t\t\t\t        <div class=\"ngg-gallery-thumbnail\">\n            <a href=\"https:\/\/art-pegas.com\/bratislava\/wp-content\/gallery\/campanafest-2024\/1725780759277.jpg\"\n               title=\"\"\n               data-src=\"https:\/\/art-pegas.com\/bratislava\/wp-content\/gallery\/campanafest-2024\/1725780759277.jpg\"\n               data-thumbnail=\"https:\/\/art-pegas.com\/bratislava\/wp-content\/gallery\/campanafest-2024\/thumbs\/thumbs_1725780759277.jpg\"\n               data-image-id=\"153\"\n               data-title=\"1725780759277\"\n               data-description=\"\"\n               data-image-slug=\"1725780759277\"\n               class=\"ngg-simplelightbox\" rel=\"09325064b0c9c5c271c9117d3afeedac\">\n                <img\n                    title=\"1725780759277\"\n                    alt=\"1725780759277\"\n                    src=\"https:\/\/art-pegas.com\/bratislava\/wp-content\/gallery\/campanafest-2024\/thumbs\/thumbs_1725780759277.jpg\"\n                    width=\"240\"\n                    height=\"160\"\n                    style=\"max-width:100%;\"\n                \/>\n            <\/a>\n        <\/div>\n\t\t\t\t\t\t\t<\/div> \n\t\t\t\n\t\t\t\t<div id=\"ngg-image-23\" class=\"ngg-gallery-thumbnail-box \" >\n\t\t\t\t        <div class=\"ngg-gallery-thumbnail\">\n            <a href=\"https:\/\/art-pegas.com\/bratislava\/wp-content\/gallery\/campanafest-2024\/1725780759269.jpg\"\n               title=\"\"\n               data-src=\"https:\/\/art-pegas.com\/bratislava\/wp-content\/gallery\/campanafest-2024\/1725780759269.jpg\"\n               data-thumbnail=\"https:\/\/art-pegas.com\/bratislava\/wp-content\/gallery\/campanafest-2024\/thumbs\/thumbs_1725780759269.jpg\"\n               data-image-id=\"152\"\n               data-title=\"1725780759269\"\n               data-description=\"\"\n               data-image-slug=\"1725780759269\"\n               class=\"ngg-simplelightbox\" rel=\"09325064b0c9c5c271c9117d3afeedac\">\n                <img\n                    title=\"1725780759269\"\n                    alt=\"1725780759269\"\n                    src=\"https:\/\/art-pegas.com\/bratislava\/wp-content\/gallery\/campanafest-2024\/thumbs\/thumbs_1725780759269.jpg\"\n                    width=\"240\"\n                    height=\"160\"\n                    style=\"max-width:100%;\"\n                \/>\n            <\/a>\n        <\/div>\n\t\t\t\t\t\t\t<\/div> \n\t\t\t\n\t\n\t<br style=\"clear: both\" \/>\n\n\t\n\t\t<!-- Pagination -->\n\t<div class='ngg-navigation'><span class=\"current\">1<\/span><a class=\"page-numbers\" data-pageid=\"2\" href=\"https:\/\/art-pegas.com\/bratislava\/galeria\/nggallery\/page\/2\">2<\/a><a class=\"next\" data-pageid=\"2\" id=\"ngg-next-2\" href=\"https:\/\/art-pegas.com\/bratislava\/galeria\/nggallery\/page\/2\">&#9658;<\/a><\/div>\t<\/div>\n[\/vc_column_text][vc_zigzag]<h1 class=\"sc_title sc_title_regular\">Viano\u010dn\u00fd koncert 11.12.2023<\/h1>[vc_column_text]<!-- default-view.php -->\n<div\n\tclass=\"ngg-galleryoverview default-view \"\n\tid=\"ngg-gallery-2fe56b733bf81374fe99106e687caf2d-1\">\n\n\t\t<!-- Thumbnails -->\n\t\t\t\t<div id=\"ngg-image-0\" class=\"ngg-gallery-thumbnail-box \" >\n\t\t\t\t        <div class=\"ngg-gallery-thumbnail\">\n            <a href=\"https:\/\/art-pegas.com\/bratislava\/wp-content\/gallery\/vianocny-koncert-11-12-2023\/DSC_0858.jpg\"\n               title=\"\"\n               data-src=\"https:\/\/art-pegas.com\/bratislava\/wp-content\/gallery\/vianocny-koncert-11-12-2023\/DSC_0858.jpg\"\n               data-thumbnail=\"https:\/\/art-pegas.com\/bratislava\/wp-content\/gallery\/vianocny-koncert-11-12-2023\/thumbs\/thumbs_DSC_0858.jpg\"\n               data-image-id=\"134\"\n               data-title=\"DSC_0858\"\n               data-description=\"\"\n               data-image-slug=\"dsc_0858\"\n               class=\"ngg-simplelightbox\" rel=\"2fe56b733bf81374fe99106e687caf2d\">\n                <img\n                    title=\"DSC_0858\"\n                    alt=\"DSC_0858\"\n                    src=\"https:\/\/art-pegas.com\/bratislava\/wp-content\/gallery\/vianocny-koncert-11-12-2023\/thumbs\/thumbs_DSC_0858.jpg\"\n                    width=\"240\"\n                    height=\"160\"\n                    style=\"max-width:100%;\"\n                \/>\n            <\/a>\n        <\/div>\n\t\t\t\t\t\t\t<\/div> \n\t\t\t\n\t\t\t\t<div id=\"ngg-image-1\" class=\"ngg-gallery-thumbnail-box \" >\n\t\t\t\t        <div class=\"ngg-gallery-thumbnail\">\n            <a href=\"https:\/\/art-pegas.com\/bratislava\/wp-content\/gallery\/vianocny-koncert-11-12-2023\/DSC_0832.jpg\"\n               title=\"\"\n               data-src=\"https:\/\/art-pegas.com\/bratislava\/wp-content\/gallery\/vianocny-koncert-11-12-2023\/DSC_0832.jpg\"\n               data-thumbnail=\"https:\/\/art-pegas.com\/bratislava\/wp-content\/gallery\/vianocny-koncert-11-12-2023\/thumbs\/thumbs_DSC_0832.jpg\"\n               data-image-id=\"127\"\n               data-title=\"DSC_0832\"\n               data-description=\"\"\n               data-image-slug=\"dsc_0832\"\n               class=\"ngg-simplelightbox\" rel=\"2fe56b733bf81374fe99106e687caf2d\">\n                <img\n                    title=\"DSC_0832\"\n                    alt=\"DSC_0832\"\n                    src=\"https:\/\/art-pegas.com\/bratislava\/wp-content\/gallery\/vianocny-koncert-11-12-2023\/thumbs\/thumbs_DSC_0832.jpg\"\n                    width=\"240\"\n                    height=\"160\"\n                    style=\"max-width:100%;\"\n                \/>\n            <\/a>\n        <\/div>\n\t\t\t\t\t\t\t<\/div> \n\t\t\t\n\t\t\t\t<div id=\"ngg-image-2\" class=\"ngg-gallery-thumbnail-box \" >\n\t\t\t\t        <div class=\"ngg-gallery-thumbnail\">\n            <a href=\"https:\/\/art-pegas.com\/bratislava\/wp-content\/gallery\/vianocny-koncert-11-12-2023\/DSC_0824.jpg\"\n               title=\"\"\n               data-src=\"https:\/\/art-pegas.com\/bratislava\/wp-content\/gallery\/vianocny-koncert-11-12-2023\/DSC_0824.jpg\"\n               data-thumbnail=\"https:\/\/art-pegas.com\/bratislava\/wp-content\/gallery\/vianocny-koncert-11-12-2023\/thumbs\/thumbs_DSC_0824.jpg\"\n               data-image-id=\"126\"\n               data-title=\"DSC_0824\"\n               data-description=\"\"\n               data-image-slug=\"dsc_0824\"\n               class=\"ngg-simplelightbox\" rel=\"2fe56b733bf81374fe99106e687caf2d\">\n                <img\n                    title=\"DSC_0824\"\n                    alt=\"DSC_0824\"\n                    src=\"https:\/\/art-pegas.com\/bratislava\/wp-content\/gallery\/vianocny-koncert-11-12-2023\/thumbs\/thumbs_DSC_0824.jpg\"\n                    width=\"240\"\n                    height=\"160\"\n                    style=\"max-width:100%;\"\n                \/>\n            <\/a>\n        <\/div>\n\t\t\t\t\t\t\t<\/div> \n\t\t\t\n\t\t\t\t<div id=\"ngg-image-3\" class=\"ngg-gallery-thumbnail-box \" >\n\t\t\t\t        <div class=\"ngg-gallery-thumbnail\">\n            <a href=\"https:\/\/art-pegas.com\/bratislava\/wp-content\/gallery\/vianocny-koncert-11-12-2023\/DSC_0821.jpg\"\n               title=\"\"\n               data-src=\"https:\/\/art-pegas.com\/bratislava\/wp-content\/gallery\/vianocny-koncert-11-12-2023\/DSC_0821.jpg\"\n               data-thumbnail=\"https:\/\/art-pegas.com\/bratislava\/wp-content\/gallery\/vianocny-koncert-11-12-2023\/thumbs\/thumbs_DSC_0821.jpg\"\n               data-image-id=\"125\"\n               data-title=\"DSC_0821\"\n               data-description=\"\"\n               data-image-slug=\"dsc_0821\"\n               class=\"ngg-simplelightbox\" rel=\"2fe56b733bf81374fe99106e687caf2d\">\n                <img\n                    title=\"DSC_0821\"\n                    alt=\"DSC_0821\"\n                    src=\"https:\/\/art-pegas.com\/bratislava\/wp-content\/gallery\/vianocny-koncert-11-12-2023\/thumbs\/thumbs_DSC_0821.jpg\"\n                    width=\"240\"\n                    height=\"160\"\n                    style=\"max-width:100%;\"\n                \/>\n            <\/a>\n        <\/div>\n\t\t\t\t\t\t\t<\/div> \n\t\t\t\n\t\t\t\t<div id=\"ngg-image-4\" class=\"ngg-gallery-thumbnail-box \" >\n\t\t\t\t        <div class=\"ngg-gallery-thumbnail\">\n            <a href=\"https:\/\/art-pegas.com\/bratislava\/wp-content\/gallery\/vianocny-koncert-11-12-2023\/DSC_0838.jpg\"\n               title=\"\"\n               data-src=\"https:\/\/art-pegas.com\/bratislava\/wp-content\/gallery\/vianocny-koncert-11-12-2023\/DSC_0838.jpg\"\n               data-thumbnail=\"https:\/\/art-pegas.com\/bratislava\/wp-content\/gallery\/vianocny-koncert-11-12-2023\/thumbs\/thumbs_DSC_0838.jpg\"\n               data-image-id=\"128\"\n               data-title=\"DSC_0838\"\n               data-description=\"\"\n               data-image-slug=\"dsc_0838\"\n               class=\"ngg-simplelightbox\" rel=\"2fe56b733bf81374fe99106e687caf2d\">\n                <img\n                    title=\"DSC_0838\"\n                    alt=\"DSC_0838\"\n                    src=\"https:\/\/art-pegas.com\/bratislava\/wp-content\/gallery\/vianocny-koncert-11-12-2023\/thumbs\/thumbs_DSC_0838.jpg\"\n                    width=\"240\"\n                    height=\"160\"\n                    style=\"max-width:100%;\"\n                \/>\n            <\/a>\n        <\/div>\n\t\t\t\t\t\t\t<\/div> \n\t\t\t\n\t\t\t\t<div id=\"ngg-image-5\" class=\"ngg-gallery-thumbnail-box \" >\n\t\t\t\t        <div class=\"ngg-gallery-thumbnail\">\n            <a href=\"https:\/\/art-pegas.com\/bratislava\/wp-content\/gallery\/vianocny-koncert-11-12-2023\/DSC_0857.jpg\"\n               title=\"\"\n               data-src=\"https:\/\/art-pegas.com\/bratislava\/wp-content\/gallery\/vianocny-koncert-11-12-2023\/DSC_0857.jpg\"\n               data-thumbnail=\"https:\/\/art-pegas.com\/bratislava\/wp-content\/gallery\/vianocny-koncert-11-12-2023\/thumbs\/thumbs_DSC_0857.jpg\"\n               data-image-id=\"133\"\n               data-title=\"DSC_0857\"\n               data-description=\"\"\n               data-image-slug=\"dsc_0857\"\n               class=\"ngg-simplelightbox\" rel=\"2fe56b733bf81374fe99106e687caf2d\">\n                <img\n                    title=\"DSC_0857\"\n                    alt=\"DSC_0857\"\n                    src=\"https:\/\/art-pegas.com\/bratislava\/wp-content\/gallery\/vianocny-koncert-11-12-2023\/thumbs\/thumbs_DSC_0857.jpg\"\n                    width=\"240\"\n                    height=\"160\"\n                    style=\"max-width:100%;\"\n                \/>\n            <\/a>\n        <\/div>\n\t\t\t\t\t\t\t<\/div> \n\t\t\t\n\t\t\t\t<div id=\"ngg-image-6\" class=\"ngg-gallery-thumbnail-box \" >\n\t\t\t\t        <div class=\"ngg-gallery-thumbnail\">\n            <a href=\"https:\/\/art-pegas.com\/bratislava\/wp-content\/gallery\/vianocny-koncert-11-12-2023\/DSC_0906.jpg\"\n               title=\"\"\n               data-src=\"https:\/\/art-pegas.com\/bratislava\/wp-content\/gallery\/vianocny-koncert-11-12-2023\/DSC_0906.jpg\"\n               data-thumbnail=\"https:\/\/art-pegas.com\/bratislava\/wp-content\/gallery\/vianocny-koncert-11-12-2023\/thumbs\/thumbs_DSC_0906.jpg\"\n               data-image-id=\"143\"\n               data-title=\"DSC_0906\"\n               data-description=\"\"\n               data-image-slug=\"dsc_0906\"\n               class=\"ngg-simplelightbox\" rel=\"2fe56b733bf81374fe99106e687caf2d\">\n                <img\n                    title=\"DSC_0906\"\n                    alt=\"DSC_0906\"\n                    src=\"https:\/\/art-pegas.com\/bratislava\/wp-content\/gallery\/vianocny-koncert-11-12-2023\/thumbs\/thumbs_DSC_0906.jpg\"\n                    width=\"240\"\n                    height=\"160\"\n                    style=\"max-width:100%;\"\n                \/>\n            <\/a>\n        <\/div>\n\t\t\t\t\t\t\t<\/div> \n\t\t\t\n\t\t\t\t<div id=\"ngg-image-7\" class=\"ngg-gallery-thumbnail-box \" >\n\t\t\t\t        <div class=\"ngg-gallery-thumbnail\">\n            <a href=\"https:\/\/art-pegas.com\/bratislava\/wp-content\/gallery\/vianocny-koncert-11-12-2023\/DSC_0915.jpg\"\n               title=\"\"\n               data-src=\"https:\/\/art-pegas.com\/bratislava\/wp-content\/gallery\/vianocny-koncert-11-12-2023\/DSC_0915.jpg\"\n               data-thumbnail=\"https:\/\/art-pegas.com\/bratislava\/wp-content\/gallery\/vianocny-koncert-11-12-2023\/thumbs\/thumbs_DSC_0915.jpg\"\n               data-image-id=\"146\"\n               data-title=\"DSC_0915\"\n               data-description=\"\"\n               data-image-slug=\"dsc_0915\"\n               class=\"ngg-simplelightbox\" rel=\"2fe56b733bf81374fe99106e687caf2d\">\n                <img\n                    title=\"DSC_0915\"\n                    alt=\"DSC_0915\"\n                    src=\"https:\/\/art-pegas.com\/bratislava\/wp-content\/gallery\/vianocny-koncert-11-12-2023\/thumbs\/thumbs_DSC_0915.jpg\"\n                    width=\"240\"\n                    height=\"160\"\n                    style=\"max-width:100%;\"\n                \/>\n            <\/a>\n        <\/div>\n\t\t\t\t\t\t\t<\/div> \n\t\t\t\n\t\t\t\t<div id=\"ngg-image-8\" class=\"ngg-gallery-thumbnail-box \" >\n\t\t\t\t        <div class=\"ngg-gallery-thumbnail\">\n            <a href=\"https:\/\/art-pegas.com\/bratislava\/wp-content\/gallery\/vianocny-koncert-11-12-2023\/DSC_0801.jpg\"\n               title=\"\"\n               data-src=\"https:\/\/art-pegas.com\/bratislava\/wp-content\/gallery\/vianocny-koncert-11-12-2023\/DSC_0801.jpg\"\n               data-thumbnail=\"https:\/\/art-pegas.com\/bratislava\/wp-content\/gallery\/vianocny-koncert-11-12-2023\/thumbs\/thumbs_DSC_0801.jpg\"\n               data-image-id=\"120\"\n               data-title=\"DSC_0801\"\n               data-description=\"\"\n               data-image-slug=\"dsc_0801\"\n               class=\"ngg-simplelightbox\" rel=\"2fe56b733bf81374fe99106e687caf2d\">\n                <img\n                    title=\"DSC_0801\"\n                    alt=\"DSC_0801\"\n                    src=\"https:\/\/art-pegas.com\/bratislava\/wp-content\/gallery\/vianocny-koncert-11-12-2023\/thumbs\/thumbs_DSC_0801.jpg\"\n                    width=\"240\"\n                    height=\"160\"\n                    style=\"max-width:100%;\"\n                \/>\n            <\/a>\n        <\/div>\n\t\t\t\t\t\t\t<\/div> \n\t\t\t\n\t\t\t\t<div id=\"ngg-image-9\" class=\"ngg-gallery-thumbnail-box \" >\n\t\t\t\t        <div class=\"ngg-gallery-thumbnail\">\n            <a href=\"https:\/\/art-pegas.com\/bratislava\/wp-content\/gallery\/vianocny-koncert-11-12-2023\/DSC_0797.jpg\"\n               title=\"\"\n               data-src=\"https:\/\/art-pegas.com\/bratislava\/wp-content\/gallery\/vianocny-koncert-11-12-2023\/DSC_0797.jpg\"\n               data-thumbnail=\"https:\/\/art-pegas.com\/bratislava\/wp-content\/gallery\/vianocny-koncert-11-12-2023\/thumbs\/thumbs_DSC_0797.jpg\"\n               data-image-id=\"119\"\n               data-title=\"DSC_0797\"\n               data-description=\"\"\n               data-image-slug=\"dsc_0797\"\n               class=\"ngg-simplelightbox\" rel=\"2fe56b733bf81374fe99106e687caf2d\">\n                <img\n                    title=\"DSC_0797\"\n                    alt=\"DSC_0797\"\n                    src=\"https:\/\/art-pegas.com\/bratislava\/wp-content\/gallery\/vianocny-koncert-11-12-2023\/thumbs\/thumbs_DSC_0797.jpg\"\n                    width=\"240\"\n                    height=\"160\"\n                    style=\"max-width:100%;\"\n                \/>\n            <\/a>\n        <\/div>\n\t\t\t\t\t\t\t<\/div> \n\t\t\t\n\t\t\t\t<div id=\"ngg-image-10\" class=\"ngg-gallery-thumbnail-box \" >\n\t\t\t\t        <div class=\"ngg-gallery-thumbnail\">\n            <a href=\"https:\/\/art-pegas.com\/bratislava\/wp-content\/gallery\/vianocny-koncert-11-12-2023\/DSC_0793.jpg\"\n               title=\"\"\n               data-src=\"https:\/\/art-pegas.com\/bratislava\/wp-content\/gallery\/vianocny-koncert-11-12-2023\/DSC_0793.jpg\"\n               data-thumbnail=\"https:\/\/art-pegas.com\/bratislava\/wp-content\/gallery\/vianocny-koncert-11-12-2023\/thumbs\/thumbs_DSC_0793.jpg\"\n               data-image-id=\"118\"\n               data-title=\"DSC_0793\"\n               data-description=\"\"\n               data-image-slug=\"dsc_0793\"\n               class=\"ngg-simplelightbox\" rel=\"2fe56b733bf81374fe99106e687caf2d\">\n                <img\n                    title=\"DSC_0793\"\n                    alt=\"DSC_0793\"\n                    src=\"https:\/\/art-pegas.com\/bratislava\/wp-content\/gallery\/vianocny-koncert-11-12-2023\/thumbs\/thumbs_DSC_0793.jpg\"\n                    width=\"240\"\n                    height=\"160\"\n                    style=\"max-width:100%;\"\n                \/>\n            <\/a>\n        <\/div>\n\t\t\t\t\t\t\t<\/div> \n\t\t\t\n\t\t\t\t<div id=\"ngg-image-11\" class=\"ngg-gallery-thumbnail-box \" >\n\t\t\t\t        <div class=\"ngg-gallery-thumbnail\">\n            <a href=\"https:\/\/art-pegas.com\/bratislava\/wp-content\/gallery\/vianocny-koncert-11-12-2023\/DSC_0790.jpg\"\n               title=\"\"\n               data-src=\"https:\/\/art-pegas.com\/bratislava\/wp-content\/gallery\/vianocny-koncert-11-12-2023\/DSC_0790.jpg\"\n               data-thumbnail=\"https:\/\/art-pegas.com\/bratislava\/wp-content\/gallery\/vianocny-koncert-11-12-2023\/thumbs\/thumbs_DSC_0790.jpg\"\n               data-image-id=\"117\"\n               data-title=\"DSC_0790\"\n               data-description=\"\"\n               data-image-slug=\"dsc_0790\"\n               class=\"ngg-simplelightbox\" rel=\"2fe56b733bf81374fe99106e687caf2d\">\n                <img\n                    title=\"DSC_0790\"\n                    alt=\"DSC_0790\"\n                    src=\"https:\/\/art-pegas.com\/bratislava\/wp-content\/gallery\/vianocny-koncert-11-12-2023\/thumbs\/thumbs_DSC_0790.jpg\"\n                    width=\"240\"\n                    height=\"160\"\n                    style=\"max-width:100%;\"\n                \/>\n            <\/a>\n        <\/div>\n\t\t\t\t\t\t\t<\/div> \n\t\t\t\n\t\t\t\t<div id=\"ngg-image-12\" class=\"ngg-gallery-thumbnail-box \" >\n\t\t\t\t        <div class=\"ngg-gallery-thumbnail\">\n            <a href=\"https:\/\/art-pegas.com\/bratislava\/wp-content\/gallery\/vianocny-koncert-11-12-2023\/DSC_0909.jpg\"\n               title=\"\"\n               data-src=\"https:\/\/art-pegas.com\/bratislava\/wp-content\/gallery\/vianocny-koncert-11-12-2023\/DSC_0909.jpg\"\n               data-thumbnail=\"https:\/\/art-pegas.com\/bratislava\/wp-content\/gallery\/vianocny-koncert-11-12-2023\/thumbs\/thumbs_DSC_0909.jpg\"\n               data-image-id=\"144\"\n               data-title=\"DSC_0909\"\n               data-description=\"\"\n               data-image-slug=\"dsc_0909\"\n               class=\"ngg-simplelightbox\" rel=\"2fe56b733bf81374fe99106e687caf2d\">\n                <img\n                    title=\"DSC_0909\"\n                    alt=\"DSC_0909\"\n                    src=\"https:\/\/art-pegas.com\/bratislava\/wp-content\/gallery\/vianocny-koncert-11-12-2023\/thumbs\/thumbs_DSC_0909.jpg\"\n                    width=\"240\"\n                    height=\"160\"\n                    style=\"max-width:100%;\"\n                \/>\n            <\/a>\n        <\/div>\n\t\t\t\t\t\t\t<\/div> \n\t\t\t\n\t\t\t\t<div id=\"ngg-image-13\" class=\"ngg-gallery-thumbnail-box \" >\n\t\t\t\t        <div class=\"ngg-gallery-thumbnail\">\n            <a href=\"https:\/\/art-pegas.com\/bratislava\/wp-content\/gallery\/vianocny-koncert-11-12-2023\/DSC_0706.jpg\"\n               title=\"\"\n               data-src=\"https:\/\/art-pegas.com\/bratislava\/wp-content\/gallery\/vianocny-koncert-11-12-2023\/DSC_0706.jpg\"\n               data-thumbnail=\"https:\/\/art-pegas.com\/bratislava\/wp-content\/gallery\/vianocny-koncert-11-12-2023\/thumbs\/thumbs_DSC_0706.jpg\"\n               data-image-id=\"103\"\n               data-title=\"DSC_0706\"\n               data-description=\"\"\n               data-image-slug=\"dsc_0706\"\n               class=\"ngg-simplelightbox\" rel=\"2fe56b733bf81374fe99106e687caf2d\">\n                <img\n                    title=\"DSC_0706\"\n                    alt=\"DSC_0706\"\n                    src=\"https:\/\/art-pegas.com\/bratislava\/wp-content\/gallery\/vianocny-koncert-11-12-2023\/thumbs\/thumbs_DSC_0706.jpg\"\n                    width=\"240\"\n                    height=\"160\"\n                    style=\"max-width:100%;\"\n                \/>\n            <\/a>\n        <\/div>\n\t\t\t\t\t\t\t<\/div> \n\t\t\t\n\t\t\t\t<div id=\"ngg-image-14\" class=\"ngg-gallery-thumbnail-box \" >\n\t\t\t\t        <div class=\"ngg-gallery-thumbnail\">\n            <a href=\"https:\/\/art-pegas.com\/bratislava\/wp-content\/gallery\/vianocny-koncert-11-12-2023\/DSC_0899.jpg\"\n               title=\"\"\n               data-src=\"https:\/\/art-pegas.com\/bratislava\/wp-content\/gallery\/vianocny-koncert-11-12-2023\/DSC_0899.jpg\"\n               data-thumbnail=\"https:\/\/art-pegas.com\/bratislava\/wp-content\/gallery\/vianocny-koncert-11-12-2023\/thumbs\/thumbs_DSC_0899.jpg\"\n               data-image-id=\"141\"\n               data-title=\"DSC_0899\"\n               data-description=\"\"\n               data-image-slug=\"dsc_0899\"\n               class=\"ngg-simplelightbox\" rel=\"2fe56b733bf81374fe99106e687caf2d\">\n                <img\n                    title=\"DSC_0899\"\n                    alt=\"DSC_0899\"\n                    src=\"https:\/\/art-pegas.com\/bratislava\/wp-content\/gallery\/vianocny-koncert-11-12-2023\/thumbs\/thumbs_DSC_0899.jpg\"\n                    width=\"240\"\n                    height=\"160\"\n                    style=\"max-width:100%;\"\n                \/>\n            <\/a>\n        <\/div>\n\t\t\t\t\t\t\t<\/div> \n\t\t\t\n\t\t\t\t<div id=\"ngg-image-15\" class=\"ngg-gallery-thumbnail-box \" >\n\t\t\t\t        <div class=\"ngg-gallery-thumbnail\">\n            <a href=\"https:\/\/art-pegas.com\/bratislava\/wp-content\/gallery\/vianocny-koncert-11-12-2023\/DSC_0770.jpg\"\n               title=\"\"\n               data-src=\"https:\/\/art-pegas.com\/bratislava\/wp-content\/gallery\/vianocny-koncert-11-12-2023\/DSC_0770.jpg\"\n               data-thumbnail=\"https:\/\/art-pegas.com\/bratislava\/wp-content\/gallery\/vianocny-koncert-11-12-2023\/thumbs\/thumbs_DSC_0770.jpg\"\n               data-image-id=\"113\"\n               data-title=\"DSC_0770\"\n               data-description=\"\"\n               data-image-slug=\"dsc_0770\"\n               class=\"ngg-simplelightbox\" rel=\"2fe56b733bf81374fe99106e687caf2d\">\n                <img\n                    title=\"DSC_0770\"\n                    alt=\"DSC_0770\"\n                    src=\"https:\/\/art-pegas.com\/bratislava\/wp-content\/gallery\/vianocny-koncert-11-12-2023\/thumbs\/thumbs_DSC_0770.jpg\"\n                    width=\"240\"\n                    height=\"160\"\n                    style=\"max-width:100%;\"\n                \/>\n            <\/a>\n        <\/div>\n\t\t\t\t\t\t\t<\/div> \n\t\t\t\n\t\t\t\t<div id=\"ngg-image-16\" class=\"ngg-gallery-thumbnail-box \" >\n\t\t\t\t        <div class=\"ngg-gallery-thumbnail\">\n            <a href=\"https:\/\/art-pegas.com\/bratislava\/wp-content\/gallery\/vianocny-koncert-11-12-2023\/DSC_0754.jpg\"\n               title=\"\"\n               data-src=\"https:\/\/art-pegas.com\/bratislava\/wp-content\/gallery\/vianocny-koncert-11-12-2023\/DSC_0754.jpg\"\n               data-thumbnail=\"https:\/\/art-pegas.com\/bratislava\/wp-content\/gallery\/vianocny-koncert-11-12-2023\/thumbs\/thumbs_DSC_0754.jpg\"\n               data-image-id=\"112\"\n               data-title=\"DSC_0754\"\n               data-description=\"\"\n               data-image-slug=\"dsc_0754\"\n               class=\"ngg-simplelightbox\" rel=\"2fe56b733bf81374fe99106e687caf2d\">\n                <img\n                    title=\"DSC_0754\"\n                    alt=\"DSC_0754\"\n                    src=\"https:\/\/art-pegas.com\/bratislava\/wp-content\/gallery\/vianocny-koncert-11-12-2023\/thumbs\/thumbs_DSC_0754.jpg\"\n                    width=\"240\"\n                    height=\"160\"\n                    style=\"max-width:100%;\"\n                \/>\n            <\/a>\n        <\/div>\n\t\t\t\t\t\t\t<\/div> \n\t\t\t\n\t\t\t\t<div id=\"ngg-image-17\" class=\"ngg-gallery-thumbnail-box \" >\n\t\t\t\t        <div class=\"ngg-gallery-thumbnail\">\n            <a href=\"https:\/\/art-pegas.com\/bratislava\/wp-content\/gallery\/vianocny-koncert-11-12-2023\/DSC_0751.jpg\"\n               title=\"\"\n               data-src=\"https:\/\/art-pegas.com\/bratislava\/wp-content\/gallery\/vianocny-koncert-11-12-2023\/DSC_0751.jpg\"\n               data-thumbnail=\"https:\/\/art-pegas.com\/bratislava\/wp-content\/gallery\/vianocny-koncert-11-12-2023\/thumbs\/thumbs_DSC_0751.jpg\"\n               data-image-id=\"111\"\n               data-title=\"DSC_0751\"\n               data-description=\"\"\n               data-image-slug=\"dsc_0751\"\n               class=\"ngg-simplelightbox\" rel=\"2fe56b733bf81374fe99106e687caf2d\">\n                <img\n                    title=\"DSC_0751\"\n                    alt=\"DSC_0751\"\n                    src=\"https:\/\/art-pegas.com\/bratislava\/wp-content\/gallery\/vianocny-koncert-11-12-2023\/thumbs\/thumbs_DSC_0751.jpg\"\n                    width=\"240\"\n                    height=\"160\"\n                    style=\"max-width:100%;\"\n                \/>\n            <\/a>\n        <\/div>\n\t\t\t\t\t\t\t<\/div> \n\t\t\t\n\t\t\t\t<div id=\"ngg-image-18\" class=\"ngg-gallery-thumbnail-box \" >\n\t\t\t\t        <div class=\"ngg-gallery-thumbnail\">\n            <a href=\"https:\/\/art-pegas.com\/bratislava\/wp-content\/gallery\/vianocny-koncert-11-12-2023\/DSC_0747.jpg\"\n               title=\"\"\n               data-src=\"https:\/\/art-pegas.com\/bratislava\/wp-content\/gallery\/vianocny-koncert-11-12-2023\/DSC_0747.jpg\"\n               data-thumbnail=\"https:\/\/art-pegas.com\/bratislava\/wp-content\/gallery\/vianocny-koncert-11-12-2023\/thumbs\/thumbs_DSC_0747.jpg\"\n               data-image-id=\"110\"\n               data-title=\"DSC_0747\"\n               data-description=\"\"\n               data-image-slug=\"dsc_0747\"\n               class=\"ngg-simplelightbox\" rel=\"2fe56b733bf81374fe99106e687caf2d\">\n                <img\n                    title=\"DSC_0747\"\n                    alt=\"DSC_0747\"\n                    src=\"https:\/\/art-pegas.com\/bratislava\/wp-content\/gallery\/vianocny-koncert-11-12-2023\/thumbs\/thumbs_DSC_0747.jpg\"\n                    width=\"240\"\n                    height=\"160\"\n                    style=\"max-width:100%;\"\n                \/>\n            <\/a>\n        <\/div>\n\t\t\t\t\t\t\t<\/div> \n\t\t\t\n\t\t\t\t<div id=\"ngg-image-19\" class=\"ngg-gallery-thumbnail-box \" >\n\t\t\t\t        <div class=\"ngg-gallery-thumbnail\">\n            <a href=\"https:\/\/art-pegas.com\/bratislava\/wp-content\/gallery\/vianocny-koncert-11-12-2023\/DSC_0744.jpg\"\n               title=\"\"\n               data-src=\"https:\/\/art-pegas.com\/bratislava\/wp-content\/gallery\/vianocny-koncert-11-12-2023\/DSC_0744.jpg\"\n               data-thumbnail=\"https:\/\/art-pegas.com\/bratislava\/wp-content\/gallery\/vianocny-koncert-11-12-2023\/thumbs\/thumbs_DSC_0744.jpg\"\n               data-image-id=\"109\"\n               data-title=\"DSC_0744\"\n               data-description=\"\"\n               data-image-slug=\"dsc_0744\"\n               class=\"ngg-simplelightbox\" rel=\"2fe56b733bf81374fe99106e687caf2d\">\n                <img\n                    title=\"DSC_0744\"\n                    alt=\"DSC_0744\"\n                    src=\"https:\/\/art-pegas.com\/bratislava\/wp-content\/gallery\/vianocny-koncert-11-12-2023\/thumbs\/thumbs_DSC_0744.jpg\"\n                    width=\"240\"\n                    height=\"160\"\n                    style=\"max-width:100%;\"\n                \/>\n            <\/a>\n        <\/div>\n\t\t\t\t\t\t\t<\/div> \n\t\t\t\n\t\t\t\t<div id=\"ngg-image-20\" class=\"ngg-gallery-thumbnail-box \" >\n\t\t\t\t        <div class=\"ngg-gallery-thumbnail\">\n            <a href=\"https:\/\/art-pegas.com\/bratislava\/wp-content\/gallery\/vianocny-koncert-11-12-2023\/DSC_0868.jpg\"\n               title=\"\"\n               data-src=\"https:\/\/art-pegas.com\/bratislava\/wp-content\/gallery\/vianocny-koncert-11-12-2023\/DSC_0868.jpg\"\n               data-thumbnail=\"https:\/\/art-pegas.com\/bratislava\/wp-content\/gallery\/vianocny-koncert-11-12-2023\/thumbs\/thumbs_DSC_0868.jpg\"\n               data-image-id=\"136\"\n               data-title=\"DSC_0868\"\n               data-description=\"\"\n               data-image-slug=\"dsc_0868\"\n               class=\"ngg-simplelightbox\" rel=\"2fe56b733bf81374fe99106e687caf2d\">\n                <img\n                    title=\"DSC_0868\"\n                    alt=\"DSC_0868\"\n                    src=\"https:\/\/art-pegas.com\/bratislava\/wp-content\/gallery\/vianocny-koncert-11-12-2023\/thumbs\/thumbs_DSC_0868.jpg\"\n                    width=\"240\"\n                    height=\"160\"\n                    style=\"max-width:100%;\"\n                \/>\n            <\/a>\n        <\/div>\n\t\t\t\t\t\t\t<\/div> \n\t\t\t\n\t\t\t\t<div id=\"ngg-image-21\" class=\"ngg-gallery-thumbnail-box \" >\n\t\t\t\t        <div class=\"ngg-gallery-thumbnail\">\n            <a href=\"https:\/\/art-pegas.com\/bratislava\/wp-content\/gallery\/vianocny-koncert-11-12-2023\/DSC_0865.jpg\"\n               title=\"\"\n               data-src=\"https:\/\/art-pegas.com\/bratislava\/wp-content\/gallery\/vianocny-koncert-11-12-2023\/DSC_0865.jpg\"\n               data-thumbnail=\"https:\/\/art-pegas.com\/bratislava\/wp-content\/gallery\/vianocny-koncert-11-12-2023\/thumbs\/thumbs_DSC_0865.jpg\"\n               data-image-id=\"135\"\n               data-title=\"DSC_0865\"\n               data-description=\"\"\n               data-image-slug=\"dsc_0865\"\n               class=\"ngg-simplelightbox\" rel=\"2fe56b733bf81374fe99106e687caf2d\">\n                <img\n                    title=\"DSC_0865\"\n                    alt=\"DSC_0865\"\n                    src=\"https:\/\/art-pegas.com\/bratislava\/wp-content\/gallery\/vianocny-koncert-11-12-2023\/thumbs\/thumbs_DSC_0865.jpg\"\n                    width=\"240\"\n                    height=\"160\"\n                    style=\"max-width:100%;\"\n                \/>\n            <\/a>\n        <\/div>\n\t\t\t\t\t\t\t<\/div> \n\t\t\t\n\t\t\t\t<div id=\"ngg-image-22\" class=\"ngg-gallery-thumbnail-box \" >\n\t\t\t\t        <div class=\"ngg-gallery-thumbnail\">\n            <a href=\"https:\/\/art-pegas.com\/bratislava\/wp-content\/gallery\/vianocny-koncert-11-12-2023\/DSC_0900.jpg\"\n               title=\"\"\n               data-src=\"https:\/\/art-pegas.com\/bratislava\/wp-content\/gallery\/vianocny-koncert-11-12-2023\/DSC_0900.jpg\"\n               data-thumbnail=\"https:\/\/art-pegas.com\/bratislava\/wp-content\/gallery\/vianocny-koncert-11-12-2023\/thumbs\/thumbs_DSC_0900.jpg\"\n               data-image-id=\"142\"\n               data-title=\"DSC_0900\"\n               data-description=\"\"\n               data-image-slug=\"dsc_0900\"\n               class=\"ngg-simplelightbox\" rel=\"2fe56b733bf81374fe99106e687caf2d\">\n                <img\n                    title=\"DSC_0900\"\n                    alt=\"DSC_0900\"\n                    src=\"https:\/\/art-pegas.com\/bratislava\/wp-content\/gallery\/vianocny-koncert-11-12-2023\/thumbs\/thumbs_DSC_0900.jpg\"\n                    width=\"240\"\n                    height=\"160\"\n                    style=\"max-width:100%;\"\n                \/>\n            <\/a>\n        <\/div>\n\t\t\t\t\t\t\t<\/div> \n\t\t\t\n\t\t\t\t<div id=\"ngg-image-23\" class=\"ngg-gallery-thumbnail-box \" >\n\t\t\t\t        <div class=\"ngg-gallery-thumbnail\">\n            <a href=\"https:\/\/art-pegas.com\/bratislava\/wp-content\/gallery\/vianocny-koncert-11-12-2023\/DSC_0708.jpg\"\n               title=\"\"\n               data-src=\"https:\/\/art-pegas.com\/bratislava\/wp-content\/gallery\/vianocny-koncert-11-12-2023\/DSC_0708.jpg\"\n               data-thumbnail=\"https:\/\/art-pegas.com\/bratislava\/wp-content\/gallery\/vianocny-koncert-11-12-2023\/thumbs\/thumbs_DSC_0708.jpg\"\n               data-image-id=\"105\"\n               data-title=\"DSC_0708\"\n               data-description=\"\"\n               data-image-slug=\"dsc_0708\"\n               class=\"ngg-simplelightbox\" rel=\"2fe56b733bf81374fe99106e687caf2d\">\n                <img\n                    title=\"DSC_0708\"\n                    alt=\"DSC_0708\"\n                    src=\"https:\/\/art-pegas.com\/bratislava\/wp-content\/gallery\/vianocny-koncert-11-12-2023\/thumbs\/thumbs_DSC_0708.jpg\"\n                    width=\"240\"\n                    height=\"160\"\n                    style=\"max-width:100%;\"\n                \/>\n            <\/a>\n        <\/div>\n\t\t\t\t\t\t\t<\/div> \n\t\t\t\n\t\n\t<br style=\"clear: both\" \/>\n\n\t\n\t\t<!-- Pagination -->\n\t<div class='ngg-navigation'><span class=\"current\">1<\/span><a class=\"page-numbers\" data-pageid=\"2\" href=\"https:\/\/art-pegas.com\/bratislava\/galeria\/nggallery\/page\/2\">2<\/a><a class=\"next\" data-pageid=\"2\" id=\"ngg-next-2\" href=\"https:\/\/art-pegas.com\/bratislava\/galeria\/nggallery\/page\/2\">&#9658;<\/a><\/div>\t<\/div>\n[\/vc_column_text][vc_zigzag]<h1 class=\"sc_title sc_title_regular\"><\/p>\n<div>Johana Anastasia Dodokov\u00e1 a M\u00e1ria Federi\u010dov\u00e1, z triedy p.u\u010d.T\u00e1ni Hajzu\u0161ovej spievali ako zbor<\/div>\n<p>kapely The Rest,v Camel Clube, v Karlovej vsi<\/h1>[vc_column_text]<!-- default-view.php -->\n<div\n\tclass=\"ngg-galleryoverview default-view \"\n\tid=\"ngg-gallery-0be5d9e09600ddaef3d5a90ce9d4c4a7-1\">\n\n\t\t<!-- Thumbnails -->\n\t\t\t\t<div id=\"ngg-image-0\" class=\"ngg-gallery-thumbnail-box \" >\n\t\t\t\t        <div class=\"ngg-gallery-thumbnail\">\n            <a href=\"https:\/\/art-pegas.com\/bratislava\/wp-content\/gallery\/kapela-the-rest\/IMG-20231209-WA0020.jpg\"\n               title=\"\"\n               data-src=\"https:\/\/art-pegas.com\/bratislava\/wp-content\/gallery\/kapela-the-rest\/IMG-20231209-WA0020.jpg\"\n               data-thumbnail=\"https:\/\/art-pegas.com\/bratislava\/wp-content\/gallery\/kapela-the-rest\/thumbs\/thumbs_IMG-20231209-WA0020.jpg\"\n               data-image-id=\"147\"\n               data-title=\"IMG-20231209-WA0020\"\n               data-description=\"\"\n               data-image-slug=\"img-20231209-wa0020\"\n               class=\"ngg-simplelightbox\" rel=\"0be5d9e09600ddaef3d5a90ce9d4c4a7\">\n                <img\n                    title=\"IMG-20231209-WA0020\"\n                    alt=\"IMG-20231209-WA0020\"\n                    src=\"https:\/\/art-pegas.com\/bratislava\/wp-content\/gallery\/kapela-the-rest\/thumbs\/thumbs_IMG-20231209-WA0020.jpg\"\n                    width=\"240\"\n                    height=\"160\"\n                    style=\"max-width:100%;\"\n                \/>\n            <\/a>\n        <\/div>\n\t\t\t\t\t\t\t<\/div> \n\t\t\t\n\t\t\t\t<div id=\"ngg-image-1\" class=\"ngg-gallery-thumbnail-box \" >\n\t\t\t\t        <div class=\"ngg-gallery-thumbnail\">\n            <a href=\"https:\/\/art-pegas.com\/bratislava\/wp-content\/gallery\/kapela-the-rest\/IMG-20231111-WA0021.jpg\"\n               title=\"\"\n               data-src=\"https:\/\/art-pegas.com\/bratislava\/wp-content\/gallery\/kapela-the-rest\/IMG-20231111-WA0021.jpg\"\n               data-thumbnail=\"https:\/\/art-pegas.com\/bratislava\/wp-content\/gallery\/kapela-the-rest\/thumbs\/thumbs_IMG-20231111-WA0021.jpg\"\n               data-image-id=\"148\"\n               data-title=\"IMG-20231111-WA0021\"\n               data-description=\"\"\n               data-image-slug=\"img-20231111-wa0021\"\n               class=\"ngg-simplelightbox\" rel=\"0be5d9e09600ddaef3d5a90ce9d4c4a7\">\n                <img\n                    title=\"IMG-20231111-WA0021\"\n                    alt=\"IMG-20231111-WA0021\"\n                    src=\"https:\/\/art-pegas.com\/bratislava\/wp-content\/gallery\/kapela-the-rest\/thumbs\/thumbs_IMG-20231111-WA0021.jpg\"\n                    width=\"240\"\n                    height=\"160\"\n                    style=\"max-width:100%;\"\n                \/>\n            <\/a>\n        <\/div>\n\t\t\t\t\t\t\t<\/div> \n\t\t\t\n\t\t\t\t<div id=\"ngg-image-2\" class=\"ngg-gallery-thumbnail-box \" >\n\t\t\t\t        <div class=\"ngg-gallery-thumbnail\">\n            <a href=\"https:\/\/art-pegas.com\/bratislava\/wp-content\/gallery\/kapela-the-rest\/IMG-20231209-WA0022.jpg\"\n               title=\"\"\n               data-src=\"https:\/\/art-pegas.com\/bratislava\/wp-content\/gallery\/kapela-the-rest\/IMG-20231209-WA0022.jpg\"\n               data-thumbnail=\"https:\/\/art-pegas.com\/bratislava\/wp-content\/gallery\/kapela-the-rest\/thumbs\/thumbs_IMG-20231209-WA0022.jpg\"\n               data-image-id=\"149\"\n               data-title=\"IMG-20231209-WA0022\"\n               data-description=\"\"\n               data-image-slug=\"img-20231209-wa0022\"\n               class=\"ngg-simplelightbox\" rel=\"0be5d9e09600ddaef3d5a90ce9d4c4a7\">\n                <img\n                    title=\"IMG-20231209-WA0022\"\n                    alt=\"IMG-20231209-WA0022\"\n                    src=\"https:\/\/art-pegas.com\/bratislava\/wp-content\/gallery\/kapela-the-rest\/thumbs\/thumbs_IMG-20231209-WA0022.jpg\"\n                    width=\"240\"\n                    height=\"160\"\n                    style=\"max-width:100%;\"\n                \/>\n            <\/a>\n        <\/div>\n\t\t\t\t\t\t\t<\/div> \n\t\t\t\n\t\n\t<br style=\"clear: both\" \/>\n\n\t\n\t\t<!-- Pagination -->\n\t<div class='ngg-clear'><\/div>\t<\/div>\n[\/vc_column_text][vc_zigzag]<h1 class=\"sc_title sc_title_regular\">V\u00fdtvarn\u00fd odbor, Bratislava<\/h1>[vc_column_text]<!-- default-view.php -->\n<div\n\tclass=\"ngg-galleryoverview default-view \"\n\tid=\"ngg-gallery-60a6b3b2340d5313af5cb9e5c6fd36ae-1\">\n\n\t\t<!-- Thumbnails -->\n\t\t\t\t<div id=\"ngg-image-0\" class=\"ngg-gallery-thumbnail-box \" >\n\t\t\t\t        <div class=\"ngg-gallery-thumbnail\">\n            <a href=\"https:\/\/art-pegas.com\/bratislava\/wp-content\/gallery\/szus-ba-vytvarny-odbor\/vytvarny-odbor-art-pegas-szus-bratislava-01.jpg\"\n               title=\"\"\n               data-src=\"https:\/\/art-pegas.com\/bratislava\/wp-content\/gallery\/szus-ba-vytvarny-odbor\/vytvarny-odbor-art-pegas-szus-bratislava-01.jpg\"\n               data-thumbnail=\"https:\/\/art-pegas.com\/bratislava\/wp-content\/gallery\/szus-ba-vytvarny-odbor\/thumbs\/thumbs_vytvarny-odbor-art-pegas-szus-bratislava-01.jpg\"\n               data-image-id=\"6\"\n               data-title=\"vytvarny-odbor-art-pegas-szus-bratislava-01\"\n               data-description=\"\"\n               data-image-slug=\"vytvarny-odbor-art-pegas-szus-bratislava-01\"\n               class=\"ngg-simplelightbox\" rel=\"60a6b3b2340d5313af5cb9e5c6fd36ae\">\n                <img\n                    title=\"vytvarny-odbor-art-pegas-szus-bratislava-01\"\n                    alt=\"vytvarny-odbor-art-pegas-szus-bratislava-01\"\n                    src=\"https:\/\/art-pegas.com\/bratislava\/wp-content\/gallery\/szus-ba-vytvarny-odbor\/thumbs\/thumbs_vytvarny-odbor-art-pegas-szus-bratislava-01.jpg\"\n                    width=\"240\"\n                    height=\"160\"\n                    style=\"max-width:100%;\"\n                \/>\n            <\/a>\n        <\/div>\n\t\t\t\t\t\t\t<\/div> \n\t\t\t\n\t\t\t\t<div id=\"ngg-image-1\" class=\"ngg-gallery-thumbnail-box \" >\n\t\t\t\t        <div class=\"ngg-gallery-thumbnail\">\n            <a href=\"https:\/\/art-pegas.com\/bratislava\/wp-content\/gallery\/szus-ba-vytvarny-odbor\/vytvarny-odbor-art-pegas-szus-bratislava-02.jpg\"\n               title=\"\"\n               data-src=\"https:\/\/art-pegas.com\/bratislava\/wp-content\/gallery\/szus-ba-vytvarny-odbor\/vytvarny-odbor-art-pegas-szus-bratislava-02.jpg\"\n               data-thumbnail=\"https:\/\/art-pegas.com\/bratislava\/wp-content\/gallery\/szus-ba-vytvarny-odbor\/thumbs\/thumbs_vytvarny-odbor-art-pegas-szus-bratislava-02.jpg\"\n               data-image-id=\"7\"\n               data-title=\"vytvarny-odbor-art-pegas-szus-bratislava-02\"\n               data-description=\"\"\n               data-image-slug=\"vytvarny-odbor-art-pegas-szus-bratislava-02\"\n               class=\"ngg-simplelightbox\" rel=\"60a6b3b2340d5313af5cb9e5c6fd36ae\">\n                <img\n                    title=\"vytvarny-odbor-art-pegas-szus-bratislava-02\"\n                    alt=\"vytvarny-odbor-art-pegas-szus-bratislava-02\"\n                    src=\"https:\/\/art-pegas.com\/bratislava\/wp-content\/gallery\/szus-ba-vytvarny-odbor\/thumbs\/thumbs_vytvarny-odbor-art-pegas-szus-bratislava-02.jpg\"\n                    width=\"240\"\n                    height=\"160\"\n                    style=\"max-width:100%;\"\n                \/>\n            <\/a>\n        <\/div>\n\t\t\t\t\t\t\t<\/div> \n\t\t\t\n\t\t\t\t<div id=\"ngg-image-2\" class=\"ngg-gallery-thumbnail-box \" >\n\t\t\t\t        <div class=\"ngg-gallery-thumbnail\">\n            <a href=\"https:\/\/art-pegas.com\/bratislava\/wp-content\/gallery\/szus-ba-vytvarny-odbor\/vytvarny-odbor-art-pegas-szus-bratislava-03.jpg\"\n               title=\"\"\n               data-src=\"https:\/\/art-pegas.com\/bratislava\/wp-content\/gallery\/szus-ba-vytvarny-odbor\/vytvarny-odbor-art-pegas-szus-bratislava-03.jpg\"\n               data-thumbnail=\"https:\/\/art-pegas.com\/bratislava\/wp-content\/gallery\/szus-ba-vytvarny-odbor\/thumbs\/thumbs_vytvarny-odbor-art-pegas-szus-bratislava-03.jpg\"\n               data-image-id=\"8\"\n               data-title=\"vytvarny-odbor-art-pegas-szus-bratislava-03\"\n               data-description=\"\"\n               data-image-slug=\"vytvarny-odbor-art-pegas-szus-bratislava-03\"\n               class=\"ngg-simplelightbox\" rel=\"60a6b3b2340d5313af5cb9e5c6fd36ae\">\n                <img\n                    title=\"vytvarny-odbor-art-pegas-szus-bratislava-03\"\n                    alt=\"vytvarny-odbor-art-pegas-szus-bratislava-03\"\n                    src=\"https:\/\/art-pegas.com\/bratislava\/wp-content\/gallery\/szus-ba-vytvarny-odbor\/thumbs\/thumbs_vytvarny-odbor-art-pegas-szus-bratislava-03.jpg\"\n                    width=\"240\"\n                    height=\"160\"\n                    style=\"max-width:100%;\"\n                \/>\n            <\/a>\n        <\/div>\n\t\t\t\t\t\t\t<\/div> \n\t\t\t\n\t\t\t\t<div id=\"ngg-image-3\" class=\"ngg-gallery-thumbnail-box \" >\n\t\t\t\t        <div class=\"ngg-gallery-thumbnail\">\n            <a href=\"https:\/\/art-pegas.com\/bratislava\/wp-content\/gallery\/szus-ba-vytvarny-odbor\/vytvarny-odbor-art-pegas-szus-bratislava-04.jpg\"\n               title=\"\"\n               data-src=\"https:\/\/art-pegas.com\/bratislava\/wp-content\/gallery\/szus-ba-vytvarny-odbor\/vytvarny-odbor-art-pegas-szus-bratislava-04.jpg\"\n               data-thumbnail=\"https:\/\/art-pegas.com\/bratislava\/wp-content\/gallery\/szus-ba-vytvarny-odbor\/thumbs\/thumbs_vytvarny-odbor-art-pegas-szus-bratislava-04.jpg\"\n               data-image-id=\"9\"\n               data-title=\"vytvarny-odbor-art-pegas-szus-bratislava-04\"\n               data-description=\"\"\n               data-image-slug=\"vytvarny-odbor-art-pegas-szus-bratislava-04\"\n               class=\"ngg-simplelightbox\" rel=\"60a6b3b2340d5313af5cb9e5c6fd36ae\">\n                <img\n                    title=\"vytvarny-odbor-art-pegas-szus-bratislava-04\"\n                    alt=\"vytvarny-odbor-art-pegas-szus-bratislava-04\"\n                    src=\"https:\/\/art-pegas.com\/bratislava\/wp-content\/gallery\/szus-ba-vytvarny-odbor\/thumbs\/thumbs_vytvarny-odbor-art-pegas-szus-bratislava-04.jpg\"\n                    width=\"240\"\n                    height=\"160\"\n                    style=\"max-width:100%;\"\n                \/>\n            <\/a>\n        <\/div>\n\t\t\t\t\t\t\t<\/div> \n\t\t\t\n\t\t\t\t<div id=\"ngg-image-4\" class=\"ngg-gallery-thumbnail-box \" >\n\t\t\t\t        <div class=\"ngg-gallery-thumbnail\">\n            <a href=\"https:\/\/art-pegas.com\/bratislava\/wp-content\/gallery\/szus-ba-vytvarny-odbor\/vytvarny-odbor-art-pegas-szus-bratislava-05.jpg\"\n               title=\"\"\n               data-src=\"https:\/\/art-pegas.com\/bratislava\/wp-content\/gallery\/szus-ba-vytvarny-odbor\/vytvarny-odbor-art-pegas-szus-bratislava-05.jpg\"\n               data-thumbnail=\"https:\/\/art-pegas.com\/bratislava\/wp-content\/gallery\/szus-ba-vytvarny-odbor\/thumbs\/thumbs_vytvarny-odbor-art-pegas-szus-bratislava-05.jpg\"\n               data-image-id=\"10\"\n               data-title=\"vytvarny-odbor-art-pegas-szus-bratislava-05\"\n               data-description=\"\"\n               data-image-slug=\"vytvarny-odbor-art-pegas-szus-bratislava-05\"\n               class=\"ngg-simplelightbox\" rel=\"60a6b3b2340d5313af5cb9e5c6fd36ae\">\n                <img\n                    title=\"vytvarny-odbor-art-pegas-szus-bratislava-05\"\n                    alt=\"vytvarny-odbor-art-pegas-szus-bratislava-05\"\n                    src=\"https:\/\/art-pegas.com\/bratislava\/wp-content\/gallery\/szus-ba-vytvarny-odbor\/thumbs\/thumbs_vytvarny-odbor-art-pegas-szus-bratislava-05.jpg\"\n                    width=\"240\"\n                    height=\"160\"\n                    style=\"max-width:100%;\"\n                \/>\n            <\/a>\n        <\/div>\n\t\t\t\t\t\t\t<\/div> \n\t\t\t\n\t\t\t\t<div id=\"ngg-image-5\" class=\"ngg-gallery-thumbnail-box \" >\n\t\t\t\t        <div class=\"ngg-gallery-thumbnail\">\n            <a href=\"https:\/\/art-pegas.com\/bratislava\/wp-content\/gallery\/szus-ba-vytvarny-odbor\/vytvarny-odbor-art-pegas-szus-bratislava-06.jpg\"\n               title=\"\"\n               data-src=\"https:\/\/art-pegas.com\/bratislava\/wp-content\/gallery\/szus-ba-vytvarny-odbor\/vytvarny-odbor-art-pegas-szus-bratislava-06.jpg\"\n               data-thumbnail=\"https:\/\/art-pegas.com\/bratislava\/wp-content\/gallery\/szus-ba-vytvarny-odbor\/thumbs\/thumbs_vytvarny-odbor-art-pegas-szus-bratislava-06.jpg\"\n               data-image-id=\"11\"\n               data-title=\"vytvarny-odbor-art-pegas-szus-bratislava-06\"\n               data-description=\"\"\n               data-image-slug=\"vytvarny-odbor-art-pegas-szus-bratislava-06\"\n               class=\"ngg-simplelightbox\" rel=\"60a6b3b2340d5313af5cb9e5c6fd36ae\">\n                <img\n                    title=\"vytvarny-odbor-art-pegas-szus-bratislava-06\"\n                    alt=\"vytvarny-odbor-art-pegas-szus-bratislava-06\"\n                    src=\"https:\/\/art-pegas.com\/bratislava\/wp-content\/gallery\/szus-ba-vytvarny-odbor\/thumbs\/thumbs_vytvarny-odbor-art-pegas-szus-bratislava-06.jpg\"\n                    width=\"240\"\n                    height=\"160\"\n                    style=\"max-width:100%;\"\n                \/>\n            <\/a>\n        <\/div>\n\t\t\t\t\t\t\t<\/div> \n\t\t\t\n\t\t\t\t<div id=\"ngg-image-6\" class=\"ngg-gallery-thumbnail-box \" >\n\t\t\t\t        <div class=\"ngg-gallery-thumbnail\">\n            <a href=\"https:\/\/art-pegas.com\/bratislava\/wp-content\/gallery\/szus-ba-vytvarny-odbor\/vytvarny-odbor-art-pegas-szus-bratislava-07.jpg\"\n               title=\"\"\n               data-src=\"https:\/\/art-pegas.com\/bratislava\/wp-content\/gallery\/szus-ba-vytvarny-odbor\/vytvarny-odbor-art-pegas-szus-bratislava-07.jpg\"\n               data-thumbnail=\"https:\/\/art-pegas.com\/bratislava\/wp-content\/gallery\/szus-ba-vytvarny-odbor\/thumbs\/thumbs_vytvarny-odbor-art-pegas-szus-bratislava-07.jpg\"\n               data-image-id=\"12\"\n               data-title=\"vytvarny-odbor-art-pegas-szus-bratislava-07\"\n               data-description=\"\"\n               data-image-slug=\"vytvarny-odbor-art-pegas-szus-bratislava-07\"\n               class=\"ngg-simplelightbox\" rel=\"60a6b3b2340d5313af5cb9e5c6fd36ae\">\n                <img\n                    title=\"vytvarny-odbor-art-pegas-szus-bratislava-07\"\n                    alt=\"vytvarny-odbor-art-pegas-szus-bratislava-07\"\n                    src=\"https:\/\/art-pegas.com\/bratislava\/wp-content\/gallery\/szus-ba-vytvarny-odbor\/thumbs\/thumbs_vytvarny-odbor-art-pegas-szus-bratislava-07.jpg\"\n                    width=\"240\"\n                    height=\"160\"\n                    style=\"max-width:100%;\"\n                \/>\n            <\/a>\n        <\/div>\n\t\t\t\t\t\t\t<\/div> \n\t\t\t\n\t\t\t\t<div id=\"ngg-image-7\" class=\"ngg-gallery-thumbnail-box \" >\n\t\t\t\t        <div class=\"ngg-gallery-thumbnail\">\n            <a href=\"https:\/\/art-pegas.com\/bratislava\/wp-content\/gallery\/szus-ba-vytvarny-odbor\/vytvarny-odbor-art-pegas-szus-bratislava-08.jpg\"\n               title=\"\"\n               data-src=\"https:\/\/art-pegas.com\/bratislava\/wp-content\/gallery\/szus-ba-vytvarny-odbor\/vytvarny-odbor-art-pegas-szus-bratislava-08.jpg\"\n               data-thumbnail=\"https:\/\/art-pegas.com\/bratislava\/wp-content\/gallery\/szus-ba-vytvarny-odbor\/thumbs\/thumbs_vytvarny-odbor-art-pegas-szus-bratislava-08.jpg\"\n               data-image-id=\"13\"\n               data-title=\"vytvarny-odbor-art-pegas-szus-bratislava-08\"\n               data-description=\"\"\n               data-image-slug=\"vytvarny-odbor-art-pegas-szus-bratislava-08\"\n               class=\"ngg-simplelightbox\" rel=\"60a6b3b2340d5313af5cb9e5c6fd36ae\">\n                <img\n                    title=\"vytvarny-odbor-art-pegas-szus-bratislava-08\"\n                    alt=\"vytvarny-odbor-art-pegas-szus-bratislava-08\"\n                    src=\"https:\/\/art-pegas.com\/bratislava\/wp-content\/gallery\/szus-ba-vytvarny-odbor\/thumbs\/thumbs_vytvarny-odbor-art-pegas-szus-bratislava-08.jpg\"\n                    width=\"240\"\n                    height=\"160\"\n                    style=\"max-width:100%;\"\n                \/>\n            <\/a>\n        <\/div>\n\t\t\t\t\t\t\t<\/div> \n\t\t\t\n\t\n\t<br style=\"clear: both\" \/>\n\n\t\n\t\t<!-- Pagination -->\n\t<div class='ngg-clear'><\/div>\t<\/div>\n[\/vc_column_text][vc_zigzag]<h1 class=\"sc_title sc_title_regular\">DFS Vretienko<\/p>\n<p><\/h1>[vc_column_text]<!-- default-view.php -->\n<div\n\tclass=\"ngg-galleryoverview default-view \"\n\tid=\"ngg-gallery-8ef0c1835b802ec808b6f97719459501-1\">\n\n\t\t<!-- Thumbnails -->\n\t\t\t\t<div id=\"ngg-image-0\" class=\"ngg-gallery-thumbnail-box \" >\n\t\t\t\t        <div class=\"ngg-gallery-thumbnail\">\n            <a href=\"https:\/\/art-pegas.com\/bratislava\/wp-content\/gallery\/dfs-vretienko\/DFS-Vretienko-skuska.jpg\"\n               title=\"\"\n               data-src=\"https:\/\/art-pegas.com\/bratislava\/wp-content\/gallery\/dfs-vretienko\/DFS-Vretienko-skuska.jpg\"\n               data-thumbnail=\"https:\/\/art-pegas.com\/bratislava\/wp-content\/gallery\/dfs-vretienko\/thumbs\/thumbs_DFS-Vretienko-skuska.jpg\"\n               data-image-id=\"68\"\n               data-title=\"DFS-Vretienko-skuska\"\n               data-description=\"\"\n               data-image-slug=\"dfs-vretienko-skuska\"\n               class=\"ngg-simplelightbox\" rel=\"8ef0c1835b802ec808b6f97719459501\">\n                <img\n                    title=\"DFS-Vretienko-skuska\"\n                    alt=\"DFS-Vretienko-skuska\"\n                    src=\"https:\/\/art-pegas.com\/bratislava\/wp-content\/gallery\/dfs-vretienko\/thumbs\/thumbs_DFS-Vretienko-skuska.jpg\"\n                    width=\"240\"\n                    height=\"160\"\n                    style=\"max-width:100%;\"\n                \/>\n            <\/a>\n        <\/div>\n\t\t\t\t\t\t\t<\/div> \n\t\t\t\n\t\t\t\t<div id=\"ngg-image-1\" class=\"ngg-gallery-thumbnail-box \" >\n\t\t\t\t        <div class=\"ngg-gallery-thumbnail\">\n            <a href=\"https:\/\/art-pegas.com\/bratislava\/wp-content\/gallery\/dfs-vretienko\/DFS-Vretienko-Slovensky-rozhlas.jpg\"\n               title=\"\"\n               data-src=\"https:\/\/art-pegas.com\/bratislava\/wp-content\/gallery\/dfs-vretienko\/DFS-Vretienko-Slovensky-rozhlas.jpg\"\n               data-thumbnail=\"https:\/\/art-pegas.com\/bratislava\/wp-content\/gallery\/dfs-vretienko\/thumbs\/thumbs_DFS-Vretienko-Slovensky-rozhlas.jpg\"\n               data-image-id=\"69\"\n               data-title=\"DFS-Vretienko-Slovensky-rozhlas\"\n               data-description=\"\"\n               data-image-slug=\"dfs-vretienko-slovensky-rozhlas\"\n               class=\"ngg-simplelightbox\" rel=\"8ef0c1835b802ec808b6f97719459501\">\n                <img\n                    title=\"DFS-Vretienko-Slovensky-rozhlas\"\n                    alt=\"DFS-Vretienko-Slovensky-rozhlas\"\n                    src=\"https:\/\/art-pegas.com\/bratislava\/wp-content\/gallery\/dfs-vretienko\/thumbs\/thumbs_DFS-Vretienko-Slovensky-rozhlas.jpg\"\n                    width=\"240\"\n                    height=\"160\"\n                    style=\"max-width:100%;\"\n                \/>\n            <\/a>\n        <\/div>\n\t\t\t\t\t\t\t<\/div> \n\t\t\t\n\t\t\t\t<div id=\"ngg-image-2\" class=\"ngg-gallery-thumbnail-box \" >\n\t\t\t\t        <div class=\"ngg-gallery-thumbnail\">\n            <a href=\"https:\/\/art-pegas.com\/bratislava\/wp-content\/gallery\/dfs-vretienko\/DFS-Vretienko-v-Synagoge.jpg\"\n               title=\"\"\n               data-src=\"https:\/\/art-pegas.com\/bratislava\/wp-content\/gallery\/dfs-vretienko\/DFS-Vretienko-v-Synagoge.jpg\"\n               data-thumbnail=\"https:\/\/art-pegas.com\/bratislava\/wp-content\/gallery\/dfs-vretienko\/thumbs\/thumbs_DFS-Vretienko-v-Synagoge.jpg\"\n               data-image-id=\"70\"\n               data-title=\"DFS-Vretienko-v-Synagoge\"\n               data-description=\"\"\n               data-image-slug=\"dfs-vretienko-v-synagoge\"\n               class=\"ngg-simplelightbox\" rel=\"8ef0c1835b802ec808b6f97719459501\">\n                <img\n                    title=\"DFS-Vretienko-v-Synagoge\"\n                    alt=\"DFS-Vretienko-v-Synagoge\"\n                    src=\"https:\/\/art-pegas.com\/bratislava\/wp-content\/gallery\/dfs-vretienko\/thumbs\/thumbs_DFS-Vretienko-v-Synagoge.jpg\"\n                    width=\"240\"\n                    height=\"160\"\n                    style=\"max-width:100%;\"\n                \/>\n            <\/a>\n        <\/div>\n\t\t\t\t\t\t\t<\/div> \n\t\t\t\n\t\t\t\t<div id=\"ngg-image-3\" class=\"ngg-gallery-thumbnail-box \" >\n\t\t\t\t        <div class=\"ngg-gallery-thumbnail\">\n            <a href=\"https:\/\/art-pegas.com\/bratislava\/wp-content\/gallery\/dfs-vretienko\/DFS-Vretienko.jpg\"\n               title=\"????????????????????????????????????\"\n               data-src=\"https:\/\/art-pegas.com\/bratislava\/wp-content\/gallery\/dfs-vretienko\/DFS-Vretienko.jpg\"\n               data-thumbnail=\"https:\/\/art-pegas.com\/bratislava\/wp-content\/gallery\/dfs-vretienko\/thumbs\/thumbs_DFS-Vretienko.jpg\"\n               data-image-id=\"71\"\n               data-title=\"DFS-Vretienko\"\n               data-description=\"????????????????????????????????????\"\n               data-image-slug=\"dfs-vretienko\"\n               class=\"ngg-simplelightbox\" rel=\"8ef0c1835b802ec808b6f97719459501\">\n                <img\n                    title=\"DFS-Vretienko\"\n                    alt=\"DFS-Vretienko\"\n                    src=\"https:\/\/art-pegas.com\/bratislava\/wp-content\/gallery\/dfs-vretienko\/thumbs\/thumbs_DFS-Vretienko.jpg\"\n                    width=\"240\"\n                    height=\"160\"\n                    style=\"max-width:100%;\"\n                \/>\n            <\/a>\n        <\/div>\n\t\t\t\t\t\t\t<\/div> \n\t\t\t\n\t\t\t\t<div id=\"ngg-image-4\" class=\"ngg-gallery-thumbnail-box \" >\n\t\t\t\t        <div class=\"ngg-gallery-thumbnail\">\n            <a href=\"https:\/\/art-pegas.com\/bratislava\/wp-content\/gallery\/dfs-vretienko\/LH-DFS-Vretienko.jpg\"\n               title=\"????????????????????????????????????\"\n               data-src=\"https:\/\/art-pegas.com\/bratislava\/wp-content\/gallery\/dfs-vretienko\/LH-DFS-Vretienko.jpg\"\n               data-thumbnail=\"https:\/\/art-pegas.com\/bratislava\/wp-content\/gallery\/dfs-vretienko\/thumbs\/thumbs_LH-DFS-Vretienko.jpg\"\n               data-image-id=\"72\"\n               data-title=\"LH-DFS-Vretienko\"\n               data-description=\"????????????????????????????????????\"\n               data-image-slug=\"lh-dfs-vretienko\"\n               class=\"ngg-simplelightbox\" rel=\"8ef0c1835b802ec808b6f97719459501\">\n                <img\n                    title=\"LH-DFS-Vretienko\"\n                    alt=\"LH-DFS-Vretienko\"\n                    src=\"https:\/\/art-pegas.com\/bratislava\/wp-content\/gallery\/dfs-vretienko\/thumbs\/thumbs_LH-DFS-Vretienko.jpg\"\n                    width=\"240\"\n                    height=\"160\"\n                    style=\"max-width:100%;\"\n                \/>\n            <\/a>\n        <\/div>\n\t\t\t\t\t\t\t<\/div> \n\t\t\t\n\t\t\t\t<div id=\"ngg-image-5\" class=\"ngg-gallery-thumbnail-box \" >\n\t\t\t\t        <div class=\"ngg-gallery-thumbnail\">\n            <a href=\"https:\/\/art-pegas.com\/bratislava\/wp-content\/gallery\/dfs-vretienko\/Vretienko-Mila-1.jpg\"\n               title=\"????????????????????????????????????\"\n               data-src=\"https:\/\/art-pegas.com\/bratislava\/wp-content\/gallery\/dfs-vretienko\/Vretienko-Mila-1.jpg\"\n               data-thumbnail=\"https:\/\/art-pegas.com\/bratislava\/wp-content\/gallery\/dfs-vretienko\/thumbs\/thumbs_Vretienko-Mila-1.jpg\"\n               data-image-id=\"73\"\n               data-title=\"Vretienko-Mila-1\"\n               data-description=\"????????????????????????????????????\"\n               data-image-slug=\"vretienko-mila-1\"\n               class=\"ngg-simplelightbox\" rel=\"8ef0c1835b802ec808b6f97719459501\">\n                <img\n                    title=\"Vretienko-Mila-1\"\n                    alt=\"Vretienko-Mila-1\"\n                    src=\"https:\/\/art-pegas.com\/bratislava\/wp-content\/gallery\/dfs-vretienko\/thumbs\/thumbs_Vretienko-Mila-1.jpg\"\n                    width=\"240\"\n                    height=\"160\"\n                    style=\"max-width:100%;\"\n                \/>\n            <\/a>\n        <\/div>\n\t\t\t\t\t\t\t<\/div> \n\t\t\t\n\t\t\t\t<div id=\"ngg-image-6\" class=\"ngg-gallery-thumbnail-box \" >\n\t\t\t\t        <div class=\"ngg-gallery-thumbnail\">\n            <a href=\"https:\/\/art-pegas.com\/bratislava\/wp-content\/gallery\/dfs-vretienko\/vretienko-mila-133.jpg\"\n               title=\"????????????????????????????????????\"\n               data-src=\"https:\/\/art-pegas.com\/bratislava\/wp-content\/gallery\/dfs-vretienko\/vretienko-mila-133.jpg\"\n               data-thumbnail=\"https:\/\/art-pegas.com\/bratislava\/wp-content\/gallery\/dfs-vretienko\/thumbs\/thumbs_vretienko-mila-133.jpg\"\n               data-image-id=\"74\"\n               data-title=\"vretienko-mila-133\"\n               data-description=\"????????????????????????????????????\"\n               data-image-slug=\"vretienko-mila-133\"\n               class=\"ngg-simplelightbox\" rel=\"8ef0c1835b802ec808b6f97719459501\">\n                <img\n                    title=\"vretienko-mila-133\"\n                    alt=\"vretienko-mila-133\"\n                    src=\"https:\/\/art-pegas.com\/bratislava\/wp-content\/gallery\/dfs-vretienko\/thumbs\/thumbs_vretienko-mila-133.jpg\"\n                    width=\"240\"\n                    height=\"160\"\n                    style=\"max-width:100%;\"\n                \/>\n            <\/a>\n        <\/div>\n\t\t\t\t\t\t\t<\/div> \n\t\t\t\n\t\n\t<br style=\"clear: both\" \/>\n\n\t\n\t\t<!-- Pagination -->\n\t<div class='ngg-clear'><\/div>\t<\/div>\n[\/vc_column_text][vc_zigzag]<h1 class=\"sc_title sc_title_regular\">FS Kolovrat<\/p>\n<p><\/h1>[vc_column_text]<!-- default-view.php -->\n<div\n\tclass=\"ngg-galleryoverview default-view \"\n\tid=\"ngg-gallery-3099f01471cf5a89e988d3cd393ae76c-1\">\n\n\t\t<!-- Thumbnails -->\n\t\t\t\t<div id=\"ngg-image-0\" class=\"ngg-gallery-thumbnail-box \" >\n\t\t\t\t        <div class=\"ngg-gallery-thumbnail\">\n            <a href=\"https:\/\/art-pegas.com\/bratislava\/wp-content\/gallery\/fs-kolovrat\/FS-Kolovrat-Dni-Zela-2015.jpg\"\n               title=\"\"\n               data-src=\"https:\/\/art-pegas.com\/bratislava\/wp-content\/gallery\/fs-kolovrat\/FS-Kolovrat-Dni-Zela-2015.jpg\"\n               data-thumbnail=\"https:\/\/art-pegas.com\/bratislava\/wp-content\/gallery\/fs-kolovrat\/thumbs\/thumbs_FS-Kolovrat-Dni-Zela-2015.jpg\"\n               data-image-id=\"75\"\n               data-title=\"FS-Kolovrat-Dni-Zela-2015\"\n               data-description=\"\"\n               data-image-slug=\"fs-kolovrat-dni-zela-2015\"\n               class=\"ngg-simplelightbox\" rel=\"3099f01471cf5a89e988d3cd393ae76c\">\n                <img\n                    title=\"FS-Kolovrat-Dni-Zela-2015\"\n                    alt=\"FS-Kolovrat-Dni-Zela-2015\"\n                    src=\"https:\/\/art-pegas.com\/bratislava\/wp-content\/gallery\/fs-kolovrat\/thumbs\/thumbs_FS-Kolovrat-Dni-Zela-2015.jpg\"\n                    width=\"240\"\n                    height=\"160\"\n                    style=\"max-width:100%;\"\n                \/>\n            <\/a>\n        <\/div>\n\t\t\t\t\t\t\t<\/div> \n\t\t\t\n\t\t\t\t<div id=\"ngg-image-1\" class=\"ngg-gallery-thumbnail-box \" >\n\t\t\t\t        <div class=\"ngg-gallery-thumbnail\">\n            <a href=\"https:\/\/art-pegas.com\/bratislava\/wp-content\/gallery\/fs-kolovrat\/FS-Kolovrat-Medzinarodny-festival-Vieden.jpg\"\n               title=\"\"\n               data-src=\"https:\/\/art-pegas.com\/bratislava\/wp-content\/gallery\/fs-kolovrat\/FS-Kolovrat-Medzinarodny-festival-Vieden.jpg\"\n               data-thumbnail=\"https:\/\/art-pegas.com\/bratislava\/wp-content\/gallery\/fs-kolovrat\/thumbs\/thumbs_FS-Kolovrat-Medzinarodny-festival-Vieden.jpg\"\n               data-image-id=\"76\"\n               data-title=\"FS-Kolovrat-Medzinarodny-festival-Vieden\"\n               data-description=\"\"\n               data-image-slug=\"fs-kolovrat-medzinarodny-festival-vieden\"\n               class=\"ngg-simplelightbox\" rel=\"3099f01471cf5a89e988d3cd393ae76c\">\n                <img\n                    title=\"FS-Kolovrat-Medzinarodny-festival-Vieden\"\n                    alt=\"FS-Kolovrat-Medzinarodny-festival-Vieden\"\n                    src=\"https:\/\/art-pegas.com\/bratislava\/wp-content\/gallery\/fs-kolovrat\/thumbs\/thumbs_FS-Kolovrat-Medzinarodny-festival-Vieden.jpg\"\n                    width=\"240\"\n                    height=\"160\"\n                    style=\"max-width:100%;\"\n                \/>\n            <\/a>\n        <\/div>\n\t\t\t\t\t\t\t<\/div> \n\t\t\t\n\t\t\t\t<div id=\"ngg-image-2\" class=\"ngg-gallery-thumbnail-box \" >\n\t\t\t\t        <div class=\"ngg-gallery-thumbnail\">\n            <a href=\"https:\/\/art-pegas.com\/bratislava\/wp-content\/gallery\/fs-kolovrat\/FS-Kolovrat-Myjava-2011.jpg\"\n               title=\"\"\n               data-src=\"https:\/\/art-pegas.com\/bratislava\/wp-content\/gallery\/fs-kolovrat\/FS-Kolovrat-Myjava-2011.jpg\"\n               data-thumbnail=\"https:\/\/art-pegas.com\/bratislava\/wp-content\/gallery\/fs-kolovrat\/thumbs\/thumbs_FS-Kolovrat-Myjava-2011.jpg\"\n               data-image-id=\"77\"\n               data-title=\"FS-Kolovrat-Myjava-2011\"\n               data-description=\"\"\n               data-image-slug=\"fs-kolovrat-myjava-2011\"\n               class=\"ngg-simplelightbox\" rel=\"3099f01471cf5a89e988d3cd393ae76c\">\n                <img\n                    title=\"FS-Kolovrat-Myjava-2011\"\n                    alt=\"FS-Kolovrat-Myjava-2011\"\n                    src=\"https:\/\/art-pegas.com\/bratislava\/wp-content\/gallery\/fs-kolovrat\/thumbs\/thumbs_FS-Kolovrat-Myjava-2011.jpg\"\n                    width=\"240\"\n                    height=\"160\"\n                    style=\"max-width:100%;\"\n                \/>\n            <\/a>\n        <\/div>\n\t\t\t\t\t\t\t<\/div> \n\t\t\t\n\t\t\t\t<div id=\"ngg-image-3\" class=\"ngg-gallery-thumbnail-box \" >\n\t\t\t\t        <div class=\"ngg-gallery-thumbnail\">\n            <a href=\"https:\/\/art-pegas.com\/bratislava\/wp-content\/gallery\/fs-kolovrat\/FS-Kolovrat-skuska-Jord%C3%A1nsko.jpg\"\n               title=\"\"\n               data-src=\"https:\/\/art-pegas.com\/bratislava\/wp-content\/gallery\/fs-kolovrat\/FS-Kolovrat-skuska-Jord%C3%A1nsko.jpg\"\n               data-thumbnail=\"https:\/\/art-pegas.com\/bratislava\/wp-content\/gallery\/fs-kolovrat\/thumbs\/thumbs_FS-Kolovrat-skuska-Jord%C3%A1nsko.jpg\"\n               data-image-id=\"78\"\n               data-title=\"FS-Kolovrat-skuska-Jord\u00e1nsko\"\n               data-description=\"\"\n               data-image-slug=\"fs-kolovrat-skuska-jord%c3%a1nsko\"\n               class=\"ngg-simplelightbox\" rel=\"3099f01471cf5a89e988d3cd393ae76c\">\n                <img\n                    title=\"FS-Kolovrat-skuska-Jord\u00e1nsko\"\n                    alt=\"FS-Kolovrat-skuska-Jord\u00e1nsko\"\n                    src=\"https:\/\/art-pegas.com\/bratislava\/wp-content\/gallery\/fs-kolovrat\/thumbs\/thumbs_FS-Kolovrat-skuska-Jord%C3%A1nsko.jpg\"\n                    width=\"240\"\n                    height=\"160\"\n                    style=\"max-width:100%;\"\n                \/>\n            <\/a>\n        <\/div>\n\t\t\t\t\t\t\t<\/div> \n\t\t\t\n\t\t\t\t<div id=\"ngg-image-4\" class=\"ngg-gallery-thumbnail-box \" >\n\t\t\t\t        <div class=\"ngg-gallery-thumbnail\">\n            <a href=\"https:\/\/art-pegas.com\/bratislava\/wp-content\/gallery\/fs-kolovrat\/FS-Kolovrat-Synagoga-Nitra.jpg\"\n               title=\"OLYMPUS DIGITAL CAMERA\"\n               data-src=\"https:\/\/art-pegas.com\/bratislava\/wp-content\/gallery\/fs-kolovrat\/FS-Kolovrat-Synagoga-Nitra.jpg\"\n               data-thumbnail=\"https:\/\/art-pegas.com\/bratislava\/wp-content\/gallery\/fs-kolovrat\/thumbs\/thumbs_FS-Kolovrat-Synagoga-Nitra.jpg\"\n               data-image-id=\"79\"\n               data-title=\"OLYMPUS DIGITAL CAMERA\"\n               data-description=\"OLYMPUS DIGITAL CAMERA\"\n               data-image-slug=\"fs-kolovrat-synagoga-nitra\"\n               class=\"ngg-simplelightbox\" rel=\"3099f01471cf5a89e988d3cd393ae76c\">\n                <img\n                    title=\"OLYMPUS DIGITAL CAMERA\"\n                    alt=\"OLYMPUS DIGITAL CAMERA\"\n                    src=\"https:\/\/art-pegas.com\/bratislava\/wp-content\/gallery\/fs-kolovrat\/thumbs\/thumbs_FS-Kolovrat-Synagoga-Nitra.jpg\"\n                    width=\"240\"\n                    height=\"160\"\n                    style=\"max-width:100%;\"\n                \/>\n            <\/a>\n        <\/div>\n\t\t\t\t\t\t\t<\/div> \n\t\t\t\n\t\t\t\t<div id=\"ngg-image-5\" class=\"ngg-gallery-thumbnail-box \" >\n\t\t\t\t        <div class=\"ngg-gallery-thumbnail\">\n            <a href=\"https:\/\/art-pegas.com\/bratislava\/wp-content\/gallery\/fs-kolovrat\/FS-Kolovrat-v-Slovenskom-rozhlase-2011.jpg\"\n               title=\"\"\n               data-src=\"https:\/\/art-pegas.com\/bratislava\/wp-content\/gallery\/fs-kolovrat\/FS-Kolovrat-v-Slovenskom-rozhlase-2011.jpg\"\n               data-thumbnail=\"https:\/\/art-pegas.com\/bratislava\/wp-content\/gallery\/fs-kolovrat\/thumbs\/thumbs_FS-Kolovrat-v-Slovenskom-rozhlase-2011.jpg\"\n               data-image-id=\"80\"\n               data-title=\"FS-Kolovrat-v-Slovenskom-rozhlase-2011\"\n               data-description=\"\"\n               data-image-slug=\"fs-kolovrat-v-slovenskom-rozhlase-2011\"\n               class=\"ngg-simplelightbox\" rel=\"3099f01471cf5a89e988d3cd393ae76c\">\n                <img\n                    title=\"FS-Kolovrat-v-Slovenskom-rozhlase-2011\"\n                    alt=\"FS-Kolovrat-v-Slovenskom-rozhlase-2011\"\n                    src=\"https:\/\/art-pegas.com\/bratislava\/wp-content\/gallery\/fs-kolovrat\/thumbs\/thumbs_FS-Kolovrat-v-Slovenskom-rozhlase-2011.jpg\"\n                    width=\"240\"\n                    height=\"160\"\n                    style=\"max-width:100%;\"\n                \/>\n            <\/a>\n        <\/div>\n\t\t\t\t\t\t\t<\/div> \n\t\t\t\n\t\t\t\t<div id=\"ngg-image-6\" class=\"ngg-gallery-thumbnail-box \" >\n\t\t\t\t        <div class=\"ngg-gallery-thumbnail\">\n            <a href=\"https:\/\/art-pegas.com\/bratislava\/wp-content\/gallery\/fs-kolovrat\/FS-Kolovrat.jpg\"\n               title=\"????????????????????????????????????\"\n               data-src=\"https:\/\/art-pegas.com\/bratislava\/wp-content\/gallery\/fs-kolovrat\/FS-Kolovrat.jpg\"\n               data-thumbnail=\"https:\/\/art-pegas.com\/bratislava\/wp-content\/gallery\/fs-kolovrat\/thumbs\/thumbs_FS-Kolovrat.jpg\"\n               data-image-id=\"81\"\n               data-title=\"FS-Kolovrat\"\n               data-description=\"????????????????????????????????????\"\n               data-image-slug=\"fs-kolovrat\"\n               class=\"ngg-simplelightbox\" rel=\"3099f01471cf5a89e988d3cd393ae76c\">\n                <img\n                    title=\"FS-Kolovrat\"\n                    alt=\"FS-Kolovrat\"\n                    src=\"https:\/\/art-pegas.com\/bratislava\/wp-content\/gallery\/fs-kolovrat\/thumbs\/thumbs_FS-Kolovrat.jpg\"\n                    width=\"240\"\n                    height=\"160\"\n                    style=\"max-width:100%;\"\n                \/>\n            <\/a>\n        <\/div>\n\t\t\t\t\t\t\t<\/div> \n\t\t\t\n\t\t\t\t<div id=\"ngg-image-7\" class=\"ngg-gallery-thumbnail-box \" >\n\t\t\t\t        <div class=\"ngg-gallery-thumbnail\">\n            <a href=\"https:\/\/art-pegas.com\/bratislava\/wp-content\/gallery\/fs-kolovrat\/Choreografia-z-muzikalu-Z-Rozpravky-do-rozpravky-trochu-inak.jpg\"\n               title=\"????????????????????????????????????\"\n               data-src=\"https:\/\/art-pegas.com\/bratislava\/wp-content\/gallery\/fs-kolovrat\/Choreografia-z-muzikalu-Z-Rozpravky-do-rozpravky-trochu-inak.jpg\"\n               data-thumbnail=\"https:\/\/art-pegas.com\/bratislava\/wp-content\/gallery\/fs-kolovrat\/thumbs\/thumbs_Choreografia-z-muzikalu-Z-Rozpravky-do-rozpravky-trochu-inak.jpg\"\n               data-image-id=\"82\"\n               data-title=\"Choreografia-z-muzikalu-Z-Rozpravky-do-rozpravky-trochu-inak\"\n               data-description=\"????????????????????????????????????\"\n               data-image-slug=\"choreografia-z-muzikalu-z-rozpravky-do-rozpravky-trochu-inak\"\n               class=\"ngg-simplelightbox\" rel=\"3099f01471cf5a89e988d3cd393ae76c\">\n                <img\n                    title=\"Choreografia-z-muzikalu-Z-Rozpravky-do-rozpravky-trochu-inak\"\n                    alt=\"Choreografia-z-muzikalu-Z-Rozpravky-do-rozpravky-trochu-inak\"\n                    src=\"https:\/\/art-pegas.com\/bratislava\/wp-content\/gallery\/fs-kolovrat\/thumbs\/thumbs_Choreografia-z-muzikalu-Z-Rozpravky-do-rozpravky-trochu-inak.jpg\"\n                    width=\"240\"\n                    height=\"160\"\n                    style=\"max-width:100%;\"\n                \/>\n            <\/a>\n        <\/div>\n\t\t\t\t\t\t\t<\/div> \n\t\t\t\n\t\t\t\t<div id=\"ngg-image-8\" class=\"ngg-gallery-thumbnail-box \" >\n\t\t\t\t        <div class=\"ngg-gallery-thumbnail\">\n            <a href=\"https:\/\/art-pegas.com\/bratislava\/wp-content\/gallery\/fs-kolovrat\/Kolovrat-Mila-pre-mamu.jpg\"\n               title=\"????????????????????????????????????\"\n               data-src=\"https:\/\/art-pegas.com\/bratislava\/wp-content\/gallery\/fs-kolovrat\/Kolovrat-Mila-pre-mamu.jpg\"\n               data-thumbnail=\"https:\/\/art-pegas.com\/bratislava\/wp-content\/gallery\/fs-kolovrat\/thumbs\/thumbs_Kolovrat-Mila-pre-mamu.jpg\"\n               data-image-id=\"83\"\n               data-title=\"Kolovrat-Mila-pre-mamu\"\n               data-description=\"????????????????????????????????????\"\n               data-image-slug=\"kolovrat-mila-pre-mamu\"\n               class=\"ngg-simplelightbox\" rel=\"3099f01471cf5a89e988d3cd393ae76c\">\n                <img\n                    title=\"Kolovrat-Mila-pre-mamu\"\n                    alt=\"Kolovrat-Mila-pre-mamu\"\n                    src=\"https:\/\/art-pegas.com\/bratislava\/wp-content\/gallery\/fs-kolovrat\/thumbs\/thumbs_Kolovrat-Mila-pre-mamu.jpg\"\n                    width=\"240\"\n                    height=\"160\"\n                    style=\"max-width:100%;\"\n                \/>\n            <\/a>\n        <\/div>\n\t\t\t\t\t\t\t<\/div> \n\t\t\t\n\t\t\t\t<div id=\"ngg-image-9\" class=\"ngg-gallery-thumbnail-box \" >\n\t\t\t\t        <div class=\"ngg-gallery-thumbnail\">\n            <a href=\"https:\/\/art-pegas.com\/bratislava\/wp-content\/gallery\/fs-kolovrat\/Kolovrat-skuska-v-Slovenskom-rozhlase.jpg\"\n               title=\"\"\n               data-src=\"https:\/\/art-pegas.com\/bratislava\/wp-content\/gallery\/fs-kolovrat\/Kolovrat-skuska-v-Slovenskom-rozhlase.jpg\"\n               data-thumbnail=\"https:\/\/art-pegas.com\/bratislava\/wp-content\/gallery\/fs-kolovrat\/thumbs\/thumbs_Kolovrat-skuska-v-Slovenskom-rozhlase.jpg\"\n               data-image-id=\"84\"\n               data-title=\"Kolovrat-skuska-v-Slovenskom-rozhlase\"\n               data-description=\"\"\n               data-image-slug=\"kolovrat-skuska-v-slovenskom-rozhlase\"\n               class=\"ngg-simplelightbox\" rel=\"3099f01471cf5a89e988d3cd393ae76c\">\n                <img\n                    title=\"Kolovrat-skuska-v-Slovenskom-rozhlase\"\n                    alt=\"Kolovrat-skuska-v-Slovenskom-rozhlase\"\n                    src=\"https:\/\/art-pegas.com\/bratislava\/wp-content\/gallery\/fs-kolovrat\/thumbs\/thumbs_Kolovrat-skuska-v-Slovenskom-rozhlase.jpg\"\n                    width=\"240\"\n                    height=\"160\"\n                    style=\"max-width:100%;\"\n                \/>\n            <\/a>\n        <\/div>\n\t\t\t\t\t\t\t<\/div> \n\t\t\t\n\t\t\t\t<div id=\"ngg-image-10\" class=\"ngg-gallery-thumbnail-box \" >\n\t\t\t\t        <div class=\"ngg-gallery-thumbnail\">\n            <a href=\"https:\/\/art-pegas.com\/bratislava\/wp-content\/gallery\/fs-kolovrat\/Kolovrat-Vianoce-v-Leviciach.jpg\"\n               title=\"\"\n               data-src=\"https:\/\/art-pegas.com\/bratislava\/wp-content\/gallery\/fs-kolovrat\/Kolovrat-Vianoce-v-Leviciach.jpg\"\n               data-thumbnail=\"https:\/\/art-pegas.com\/bratislava\/wp-content\/gallery\/fs-kolovrat\/thumbs\/thumbs_Kolovrat-Vianoce-v-Leviciach.jpg\"\n               data-image-id=\"85\"\n               data-title=\"Kolovrat-Vianoce-v-Leviciach\"\n               data-description=\"\"\n               data-image-slug=\"kolovrat-vianoce-v-leviciach\"\n               class=\"ngg-simplelightbox\" rel=\"3099f01471cf5a89e988d3cd393ae76c\">\n                <img\n                    title=\"Kolovrat-Vianoce-v-Leviciach\"\n                    alt=\"Kolovrat-Vianoce-v-Leviciach\"\n                    src=\"https:\/\/art-pegas.com\/bratislava\/wp-content\/gallery\/fs-kolovrat\/thumbs\/thumbs_Kolovrat-Vianoce-v-Leviciach.jpg\"\n                    width=\"240\"\n                    height=\"160\"\n                    style=\"max-width:100%;\"\n                \/>\n            <\/a>\n        <\/div>\n\t\t\t\t\t\t\t<\/div> \n\t\t\t\n\t\t\t\t<div id=\"ngg-image-11\" class=\"ngg-gallery-thumbnail-box \" >\n\t\t\t\t        <div class=\"ngg-gallery-thumbnail\">\n            <a href=\"https:\/\/art-pegas.com\/bratislava\/wp-content\/gallery\/fs-kolovrat\/LH-Kolovrat.jpg\"\n               title=\"????????????????????????????????????\"\n               data-src=\"https:\/\/art-pegas.com\/bratislava\/wp-content\/gallery\/fs-kolovrat\/LH-Kolovrat.jpg\"\n               data-thumbnail=\"https:\/\/art-pegas.com\/bratislava\/wp-content\/gallery\/fs-kolovrat\/thumbs\/thumbs_LH-Kolovrat.jpg\"\n               data-image-id=\"86\"\n               data-title=\"LH-Kolovrat\"\n               data-description=\"????????????????????????????????????\"\n               data-image-slug=\"lh-kolovrat\"\n               class=\"ngg-simplelightbox\" rel=\"3099f01471cf5a89e988d3cd393ae76c\">\n                <img\n                    title=\"LH-Kolovrat\"\n                    alt=\"LH-Kolovrat\"\n                    src=\"https:\/\/art-pegas.com\/bratislava\/wp-content\/gallery\/fs-kolovrat\/thumbs\/thumbs_LH-Kolovrat.jpg\"\n                    width=\"240\"\n                    height=\"160\"\n                    style=\"max-width:100%;\"\n                \/>\n            <\/a>\n        <\/div>\n\t\t\t\t\t\t\t<\/div> \n\t\t\t\n\t\t\t\t<div id=\"ngg-image-12\" class=\"ngg-gallery-thumbnail-box \" >\n\t\t\t\t        <div class=\"ngg-gallery-thumbnail\">\n            <a href=\"https:\/\/art-pegas.com\/bratislava\/wp-content\/gallery\/fs-kolovrat\/Vystupenie-FS-Kolovrat-2012-Bonsai.jpg\"\n               title=\"\"\n               data-src=\"https:\/\/art-pegas.com\/bratislava\/wp-content\/gallery\/fs-kolovrat\/Vystupenie-FS-Kolovrat-2012-Bonsai.jpg\"\n               data-thumbnail=\"https:\/\/art-pegas.com\/bratislava\/wp-content\/gallery\/fs-kolovrat\/thumbs\/thumbs_Vystupenie-FS-Kolovrat-2012-Bonsai.jpg\"\n               data-image-id=\"87\"\n               data-title=\"Vystupenie-FS-Kolovrat-2012-Bonsai\"\n               data-description=\"\"\n               data-image-slug=\"vystupenie-fs-kolovrat-2012-bonsai\"\n               class=\"ngg-simplelightbox\" rel=\"3099f01471cf5a89e988d3cd393ae76c\">\n                <img\n                    title=\"Vystupenie-FS-Kolovrat-2012-Bonsai\"\n                    alt=\"Vystupenie-FS-Kolovrat-2012-Bonsai\"\n                    src=\"https:\/\/art-pegas.com\/bratislava\/wp-content\/gallery\/fs-kolovrat\/thumbs\/thumbs_Vystupenie-FS-Kolovrat-2012-Bonsai.jpg\"\n                    width=\"240\"\n                    height=\"160\"\n                    style=\"max-width:100%;\"\n                \/>\n            <\/a>\n        <\/div>\n\t\t\t\t\t\t\t<\/div> \n\t\t\t\n\t\t\t\t<div id=\"ngg-image-13\" class=\"ngg-gallery-thumbnail-box \" >\n\t\t\t\t        <div class=\"ngg-gallery-thumbnail\">\n            <a href=\"https:\/\/art-pegas.com\/bratislava\/wp-content\/gallery\/fs-kolovrat\/Vystupenie-FS-Kolovrat-na-Medzinarodnej-vystave-Bonsai-2012.jpg\"\n               title=\"\"\n               data-src=\"https:\/\/art-pegas.com\/bratislava\/wp-content\/gallery\/fs-kolovrat\/Vystupenie-FS-Kolovrat-na-Medzinarodnej-vystave-Bonsai-2012.jpg\"\n               data-thumbnail=\"https:\/\/art-pegas.com\/bratislava\/wp-content\/gallery\/fs-kolovrat\/thumbs\/thumbs_Vystupenie-FS-Kolovrat-na-Medzinarodnej-vystave-Bonsai-2012.jpg\"\n               data-image-id=\"88\"\n               data-title=\"Vystupenie-FS-Kolovrat-na-Medzinarodnej-vystave-Bonsai-2012\"\n               data-description=\"\"\n               data-image-slug=\"vystupenie-fs-kolovrat-na-medzinarodnej-vystave-bonsai-2012\"\n               class=\"ngg-simplelightbox\" rel=\"3099f01471cf5a89e988d3cd393ae76c\">\n                <img\n                    title=\"Vystupenie-FS-Kolovrat-na-Medzinarodnej-vystave-Bonsai-2012\"\n                    alt=\"Vystupenie-FS-Kolovrat-na-Medzinarodnej-vystave-Bonsai-2012\"\n                    src=\"https:\/\/art-pegas.com\/bratislava\/wp-content\/gallery\/fs-kolovrat\/thumbs\/thumbs_Vystupenie-FS-Kolovrat-na-Medzinarodnej-vystave-Bonsai-2012.jpg\"\n                    width=\"240\"\n                    height=\"160\"\n                    style=\"max-width:100%;\"\n                \/>\n            <\/a>\n        <\/div>\n\t\t\t\t\t\t\t<\/div> \n\t\t\t\n\t\n\t<br style=\"clear: both\" \/>\n\n\t\n\t\t<!-- Pagination -->\n\t<div class='ngg-clear'><\/div>\t<\/div>\n[\/vc_column_text][\/vc_column][\/vc_row]<\/p>\n","protected":false},"excerpt":{"rendered":"<p>[vc_row][vc_column][vc_column_text][\/vc_column_text][vc_zigzag][vc_column_text][\/vc_column_text][vc_zigzag][vc_column_text][\/vc_column_text][vc_zigzag][vc_column_text][\/vc_column_text][vc_zigzag][vc_column_text][\/vc_column_text][vc_zigzag][vc_column_text][\/vc_column_text][vc_zigzag][vc_column_text][\/vc_column_text][vc_zigzag][vc_column_text][\/vc_column_text][vc_zigzag][vc_column_text][\/vc_column_text][vc_zigzag][vc_column_text][\/vc_column_text][\/vc_column][\/vc_row]<\/p>\n","protected":false},"author":1,"featured_media":0,"parent":0,"menu_order":0,"comment_status":"open","ping_status":"closed","template":"","meta":{"ngg_post_thumbnail":0,"_links_to":"","_links_to_target":""},"_links":{"self":[{"href":"https:\/\/art-pegas.com\/bratislava\/wp-json\/wp\/v2\/pages\/23"}],"collection":[{"href":"https:\/\/art-pegas.com\/bratislava\/wp-json\/wp\/v2\/pages"}],"about":[{"href":"https:\/\/art-pegas.com\/bratislava\/wp-json\/wp\/v2\/types\/page"}],"author":[{"embeddable":true,"href":"https:\/\/art-pegas.com\/bratislava\/wp-json\/wp\/v2\/users\/1"}],"replies":[{"embeddable":true,"href":"https:\/\/art-pegas.com\/bratislava\/wp-json\/wp\/v2\/comments?post=23"}],"version-history":[{"count":24,"href":"https:\/\/art-pegas.com\/bratislava\/wp-json\/wp\/v2\/pages\/23\/revisions"}],"predecessor-version":[{"id":3338,"href":"https:\/\/art-pegas.com\/bratislava\/wp-json\/wp\/v2\/pages\/23\/revisions\/3338"}],"wp:attachment":[{"href":"https:\/\/art-pegas.com\/bratislava\/wp-json\/wp\/v2\/media?parent=23"}],"curies":[{"name":"wp","href":"https:\/\/api.w.org\/{rel}","templated":true}]}}