{"id":3339,"date":"2025-12-17T16:56:06","date_gmt":"2025-12-17T15:56:06","guid":{"rendered":"http:\/\/art-pegas.com\/bratislava\/?page_id=3339"},"modified":"2025-12-17T17:26:46","modified_gmt":"2025-12-17T16:26:46","slug":"vianocna-akademia-2025","status":"publish","type":"page","link":"https:\/\/art-pegas.com\/bratislava\/vianocna-akademia-2025\/","title":{"rendered":"S\u00e9ria viano\u010dn\u00fdch koncertov 2025"},"content":{"rendered":"<p>Ve\u013ek\u00e1 v\u010faka v\u0161etk\u00fdm \u00fa\u010dinkuj\u00facim, pedag\u00f3gom a aj rodi\u010dom, za hojn\u00fa \u00fa\u010das\u0165 na koncertoch.<\/p>\n<p>&nbsp;<\/p>\n<!-- default-view.php -->\n<div\n\tclass=\"ngg-galleryoverview default-view \"\n\tid=\"ngg-gallery-2ef64d768a5c8130fe8962434194aa4c-1\">\n\n\t\t<!-- Thumbnails -->\n\t\t\t\t<div id=\"ngg-image-0\" class=\"ngg-gallery-thumbnail-box \" >\n\t\t\t\t        <div class=\"ngg-gallery-thumbnail\">\n            <a href=\"https:\/\/art-pegas.com\/bratislava\/wp-content\/gallery\/vianocny-koncert-2025-spojeny-s-vystavou-vytvarnych-prac\/IMG-20251203-WA0014.jpg\"\n               title=\"\"\n               data-src=\"https:\/\/art-pegas.com\/bratislava\/wp-content\/gallery\/vianocny-koncert-2025-spojeny-s-vystavou-vytvarnych-prac\/IMG-20251203-WA0014.jpg\"\n               data-thumbnail=\"https:\/\/art-pegas.com\/bratislava\/wp-content\/gallery\/vianocny-koncert-2025-spojeny-s-vystavou-vytvarnych-prac\/thumbs\/thumbs_IMG-20251203-WA0014.jpg\"\n               data-image-id=\"678\"\n               data-title=\"IMG-20251203-WA0014\"\n               data-description=\"\"\n               data-image-slug=\"img-20251203-wa0014\"\n               class=\"ngg-simplelightbox\" rel=\"2ef64d768a5c8130fe8962434194aa4c\">\n                <img\n                    title=\"IMG-20251203-WA0014\"\n                    alt=\"IMG-20251203-WA0014\"\n                    src=\"https:\/\/art-pegas.com\/bratislava\/wp-content\/gallery\/vianocny-koncert-2025-spojeny-s-vystavou-vytvarnych-prac\/thumbs\/thumbs_IMG-20251203-WA0014.jpg\"\n                    width=\"112\"\n                    height=\"150\"\n                    style=\"max-width:100%;\"\n                \/>\n            <\/a>\n        <\/div>\n\t\t\t\t\t\t\t<\/div> \n\t\t\t\n\t\t\t\t<div id=\"ngg-image-1\" class=\"ngg-gallery-thumbnail-box \" >\n\t\t\t\t        <div class=\"ngg-gallery-thumbnail\">\n            <a href=\"https:\/\/art-pegas.com\/bratislava\/wp-content\/gallery\/vianocny-koncert-2025-spojeny-s-vystavou-vytvarnych-prac\/DSC_0886.jpg\"\n               title=\"\"\n               data-src=\"https:\/\/art-pegas.com\/bratislava\/wp-content\/gallery\/vianocny-koncert-2025-spojeny-s-vystavou-vytvarnych-prac\/DSC_0886.jpg\"\n               data-thumbnail=\"https:\/\/art-pegas.com\/bratislava\/wp-content\/gallery\/vianocny-koncert-2025-spojeny-s-vystavou-vytvarnych-prac\/thumbs\/thumbs_DSC_0886.jpg\"\n               data-image-id=\"622\"\n               data-title=\"DSC_0886\"\n               data-description=\"\"\n               data-image-slug=\"dsc_0886\"\n               class=\"ngg-simplelightbox\" rel=\"2ef64d768a5c8130fe8962434194aa4c\">\n                <img\n                    title=\"DSC_0886\"\n                    alt=\"DSC_0886\"\n                    src=\"https:\/\/art-pegas.com\/bratislava\/wp-content\/gallery\/vianocny-koncert-2025-spojeny-s-vystavou-vytvarnych-prac\/thumbs\/thumbs_DSC_0886.jpg\"\n                    width=\"200\"\n                    height=\"133\"\n                    style=\"max-width:100%;\"\n                \/>\n            <\/a>\n        <\/div>\n\t\t\t\t\t\t\t<\/div> \n\t\t\t\n\t\t\t\t<div id=\"ngg-image-2\" class=\"ngg-gallery-thumbnail-box \" >\n\t\t\t\t        <div class=\"ngg-gallery-thumbnail\">\n            <a href=\"https:\/\/art-pegas.com\/bratislava\/wp-content\/gallery\/vianocny-koncert-2025-spojeny-s-vystavou-vytvarnych-prac\/IMG-20251209-WA00031.jpg\"\n               title=\"\"\n               data-src=\"https:\/\/art-pegas.com\/bratislava\/wp-content\/gallery\/vianocny-koncert-2025-spojeny-s-vystavou-vytvarnych-prac\/IMG-20251209-WA00031.jpg\"\n               data-thumbnail=\"https:\/\/art-pegas.com\/bratislava\/wp-content\/gallery\/vianocny-koncert-2025-spojeny-s-vystavou-vytvarnych-prac\/thumbs\/thumbs_IMG-20251209-WA00031.jpg\"\n               data-image-id=\"686\"\n               data-title=\"IMG-20251209-WA00031\"\n               data-description=\"\"\n               data-image-slug=\"img-20251209-wa00031\"\n               class=\"ngg-simplelightbox\" rel=\"2ef64d768a5c8130fe8962434194aa4c\">\n                <img\n                    title=\"IMG-20251209-WA00031\"\n                    alt=\"IMG-20251209-WA00031\"\n                    src=\"https:\/\/art-pegas.com\/bratislava\/wp-content\/gallery\/vianocny-koncert-2025-spojeny-s-vystavou-vytvarnych-prac\/thumbs\/thumbs_IMG-20251209-WA00031.jpg\"\n                    width=\"112\"\n                    height=\"150\"\n                    style=\"max-width:100%;\"\n                \/>\n            <\/a>\n        <\/div>\n\t\t\t\t\t\t\t<\/div> \n\t\t\t\n\t\t\t\t<div id=\"ngg-image-3\" class=\"ngg-gallery-thumbnail-box \" >\n\t\t\t\t        <div class=\"ngg-gallery-thumbnail\">\n            <a href=\"https:\/\/art-pegas.com\/bratislava\/wp-content\/gallery\/vianocny-koncert-2025-spojeny-s-vystavou-vytvarnych-prac\/DSC_0390.jpg\"\n               title=\"\"\n               data-src=\"https:\/\/art-pegas.com\/bratislava\/wp-content\/gallery\/vianocny-koncert-2025-spojeny-s-vystavou-vytvarnych-prac\/DSC_0390.jpg\"\n               data-thumbnail=\"https:\/\/art-pegas.com\/bratislava\/wp-content\/gallery\/vianocny-koncert-2025-spojeny-s-vystavou-vytvarnych-prac\/thumbs\/thumbs_DSC_0390.jpg\"\n               data-image-id=\"526\"\n               data-title=\"DSC_0390\"\n               data-description=\"\"\n               data-image-slug=\"dsc_0390\"\n               class=\"ngg-simplelightbox\" rel=\"2ef64d768a5c8130fe8962434194aa4c\">\n                <img\n                    title=\"DSC_0390\"\n                    alt=\"DSC_0390\"\n                    src=\"https:\/\/art-pegas.com\/bratislava\/wp-content\/gallery\/vianocny-koncert-2025-spojeny-s-vystavou-vytvarnych-prac\/thumbs\/thumbs_DSC_0390.jpg\"\n                    width=\"200\"\n                    height=\"133\"\n                    style=\"max-width:100%;\"\n                \/>\n            <\/a>\n        <\/div>\n\t\t\t\t\t\t\t<\/div> \n\t\t\t\n\t\t\t\t<div id=\"ngg-image-4\" class=\"ngg-gallery-thumbnail-box \" >\n\t\t\t\t        <div class=\"ngg-gallery-thumbnail\">\n            <a href=\"https:\/\/art-pegas.com\/bratislava\/wp-content\/gallery\/vianocny-koncert-2025-spojeny-s-vystavou-vytvarnych-prac\/DSC_0956.jpg\"\n               title=\"\"\n               data-src=\"https:\/\/art-pegas.com\/bratislava\/wp-content\/gallery\/vianocny-koncert-2025-spojeny-s-vystavou-vytvarnych-prac\/DSC_0956.jpg\"\n               data-thumbnail=\"https:\/\/art-pegas.com\/bratislava\/wp-content\/gallery\/vianocny-koncert-2025-spojeny-s-vystavou-vytvarnych-prac\/thumbs\/thumbs_DSC_0956.jpg\"\n               data-image-id=\"638\"\n               data-title=\"DSC_0956\"\n               data-description=\"\"\n               data-image-slug=\"dsc_0956\"\n               class=\"ngg-simplelightbox\" rel=\"2ef64d768a5c8130fe8962434194aa4c\">\n                <img\n                    title=\"DSC_0956\"\n                    alt=\"DSC_0956\"\n                    src=\"https:\/\/art-pegas.com\/bratislava\/wp-content\/gallery\/vianocny-koncert-2025-spojeny-s-vystavou-vytvarnych-prac\/thumbs\/thumbs_DSC_0956.jpg\"\n                    width=\"100\"\n                    height=\"150\"\n                    style=\"max-width:100%;\"\n                \/>\n            <\/a>\n        <\/div>\n\t\t\t\t\t\t\t<\/div> \n\t\t\t\n\t\t\t\t<div id=\"ngg-image-5\" class=\"ngg-gallery-thumbnail-box \" >\n\t\t\t\t        <div class=\"ngg-gallery-thumbnail\">\n            <a href=\"https:\/\/art-pegas.com\/bratislava\/wp-content\/gallery\/vianocny-koncert-2025-spojeny-s-vystavou-vytvarnych-prac\/DSC_0421.jpg\"\n               title=\"\"\n               data-src=\"https:\/\/art-pegas.com\/bratislava\/wp-content\/gallery\/vianocny-koncert-2025-spojeny-s-vystavou-vytvarnych-prac\/DSC_0421.jpg\"\n               data-thumbnail=\"https:\/\/art-pegas.com\/bratislava\/wp-content\/gallery\/vianocny-koncert-2025-spojeny-s-vystavou-vytvarnych-prac\/thumbs\/thumbs_DSC_0421.jpg\"\n               data-image-id=\"534\"\n               data-title=\"DSC_0421\"\n               data-description=\"\"\n               data-image-slug=\"dsc_0421\"\n               class=\"ngg-simplelightbox\" rel=\"2ef64d768a5c8130fe8962434194aa4c\">\n                <img\n                    title=\"DSC_0421\"\n                    alt=\"DSC_0421\"\n                    src=\"https:\/\/art-pegas.com\/bratislava\/wp-content\/gallery\/vianocny-koncert-2025-spojeny-s-vystavou-vytvarnych-prac\/thumbs\/thumbs_DSC_0421.jpg\"\n                    width=\"165\"\n                    height=\"150\"\n                    style=\"max-width:100%;\"\n                \/>\n            <\/a>\n        <\/div>\n\t\t\t\t\t\t\t<\/div> \n\t\t\t\n\t\t\t\t<div id=\"ngg-image-6\" class=\"ngg-gallery-thumbnail-box \" >\n\t\t\t\t        <div class=\"ngg-gallery-thumbnail\">\n            <a href=\"https:\/\/art-pegas.com\/bratislava\/wp-content\/gallery\/vianocny-koncert-2025-spojeny-s-vystavou-vytvarnych-prac\/DSC_0926.jpg\"\n               title=\"\"\n               data-src=\"https:\/\/art-pegas.com\/bratislava\/wp-content\/gallery\/vianocny-koncert-2025-spojeny-s-vystavou-vytvarnych-prac\/DSC_0926.jpg\"\n               data-thumbnail=\"https:\/\/art-pegas.com\/bratislava\/wp-content\/gallery\/vianocny-koncert-2025-spojeny-s-vystavou-vytvarnych-prac\/thumbs\/thumbs_DSC_0926.jpg\"\n               data-image-id=\"630\"\n               data-title=\"DSC_0926\"\n               data-description=\"\"\n               data-image-slug=\"dsc_0926\"\n               class=\"ngg-simplelightbox\" rel=\"2ef64d768a5c8130fe8962434194aa4c\">\n                <img\n                    title=\"DSC_0926\"\n                    alt=\"DSC_0926\"\n                    src=\"https:\/\/art-pegas.com\/bratislava\/wp-content\/gallery\/vianocny-koncert-2025-spojeny-s-vystavou-vytvarnych-prac\/thumbs\/thumbs_DSC_0926.jpg\"\n                    width=\"100\"\n                    height=\"150\"\n                    style=\"max-width:100%;\"\n                \/>\n            <\/a>\n        <\/div>\n\t\t\t\t\t\t\t<\/div> \n\t\t\t\n\t\t\t\t<div id=\"ngg-image-7\" class=\"ngg-gallery-thumbnail-box \" >\n\t\t\t\t        <div class=\"ngg-gallery-thumbnail\">\n            <a href=\"https:\/\/art-pegas.com\/bratislava\/wp-content\/gallery\/vianocny-koncert-2025-spojeny-s-vystavou-vytvarnych-prac\/DSC_0496.jpg\"\n               title=\"\"\n               data-src=\"https:\/\/art-pegas.com\/bratislava\/wp-content\/gallery\/vianocny-koncert-2025-spojeny-s-vystavou-vytvarnych-prac\/DSC_0496.jpg\"\n               data-thumbnail=\"https:\/\/art-pegas.com\/bratislava\/wp-content\/gallery\/vianocny-koncert-2025-spojeny-s-vystavou-vytvarnych-prac\/thumbs\/thumbs_DSC_0496.jpg\"\n               data-image-id=\"550\"\n               data-title=\"DSC_0496\"\n               data-description=\"\"\n               data-image-slug=\"dsc_0496\"\n               class=\"ngg-simplelightbox\" rel=\"2ef64d768a5c8130fe8962434194aa4c\">\n                <img\n                    title=\"DSC_0496\"\n                    alt=\"DSC_0496\"\n                    src=\"https:\/\/art-pegas.com\/bratislava\/wp-content\/gallery\/vianocny-koncert-2025-spojeny-s-vystavou-vytvarnych-prac\/thumbs\/thumbs_DSC_0496.jpg\"\n                    width=\"200\"\n                    height=\"133\"\n                    style=\"max-width:100%;\"\n                \/>\n            <\/a>\n        <\/div>\n\t\t\t\t\t\t\t<\/div> \n\t\t\t\n\t\t\t\t<div id=\"ngg-image-8\" class=\"ngg-gallery-thumbnail-box \" >\n\t\t\t\t        <div class=\"ngg-gallery-thumbnail\">\n            <a href=\"https:\/\/art-pegas.com\/bratislava\/wp-content\/gallery\/vianocny-koncert-2025-spojeny-s-vystavou-vytvarnych-prac\/DSC_0568.jpg\"\n               title=\"\"\n               data-src=\"https:\/\/art-pegas.com\/bratislava\/wp-content\/gallery\/vianocny-koncert-2025-spojeny-s-vystavou-vytvarnych-prac\/DSC_0568.jpg\"\n               data-thumbnail=\"https:\/\/art-pegas.com\/bratislava\/wp-content\/gallery\/vianocny-koncert-2025-spojeny-s-vystavou-vytvarnych-prac\/thumbs\/thumbs_DSC_0568.jpg\"\n               data-image-id=\"566\"\n               data-title=\"DSC_0568\"\n               data-description=\"\"\n               data-image-slug=\"dsc_0568\"\n               class=\"ngg-simplelightbox\" rel=\"2ef64d768a5c8130fe8962434194aa4c\">\n                <img\n                    title=\"DSC_0568\"\n                    alt=\"DSC_0568\"\n                    src=\"https:\/\/art-pegas.com\/bratislava\/wp-content\/gallery\/vianocny-koncert-2025-spojeny-s-vystavou-vytvarnych-prac\/thumbs\/thumbs_DSC_0568.jpg\"\n                    width=\"200\"\n                    height=\"133\"\n                    style=\"max-width:100%;\"\n                \/>\n            <\/a>\n        <\/div>\n\t\t\t\t\t\t\t<\/div> \n\t\t\t\n\t\t\t\t<div id=\"ngg-image-9\" class=\"ngg-gallery-thumbnail-box \" >\n\t\t\t\t        <div class=\"ngg-gallery-thumbnail\">\n            <a href=\"https:\/\/art-pegas.com\/bratislava\/wp-content\/gallery\/vianocny-koncert-2025-spojeny-s-vystavou-vytvarnych-prac\/DSC_0776.jpg\"\n               title=\"\"\n               data-src=\"https:\/\/art-pegas.com\/bratislava\/wp-content\/gallery\/vianocny-koncert-2025-spojeny-s-vystavou-vytvarnych-prac\/DSC_0776.jpg\"\n               data-thumbnail=\"https:\/\/art-pegas.com\/bratislava\/wp-content\/gallery\/vianocny-koncert-2025-spojeny-s-vystavou-vytvarnych-prac\/thumbs\/thumbs_DSC_0776.jpg\"\n               data-image-id=\"598\"\n               data-title=\"DSC_0776\"\n               data-description=\"\"\n               data-image-slug=\"dsc_0776-1\"\n               class=\"ngg-simplelightbox\" rel=\"2ef64d768a5c8130fe8962434194aa4c\">\n                <img\n                    title=\"DSC_0776\"\n                    alt=\"DSC_0776\"\n                    src=\"https:\/\/art-pegas.com\/bratislava\/wp-content\/gallery\/vianocny-koncert-2025-spojeny-s-vystavou-vytvarnych-prac\/thumbs\/thumbs_DSC_0776.jpg\"\n                    width=\"126\"\n                    height=\"150\"\n                    style=\"max-width:100%;\"\n                \/>\n            <\/a>\n        <\/div>\n\t\t\t\t\t\t\t<\/div> \n\t\t\t\n\t\t\t\t<div id=\"ngg-image-10\" class=\"ngg-gallery-thumbnail-box \" >\n\t\t\t\t        <div class=\"ngg-gallery-thumbnail\">\n            <a href=\"https:\/\/art-pegas.com\/bratislava\/wp-content\/gallery\/vianocny-koncert-2025-spojeny-s-vystavou-vytvarnych-prac\/IMG-20251215-WA00171.jpg\"\n               title=\"\"\n               data-src=\"https:\/\/art-pegas.com\/bratislava\/wp-content\/gallery\/vianocny-koncert-2025-spojeny-s-vystavou-vytvarnych-prac\/IMG-20251215-WA00171.jpg\"\n               data-thumbnail=\"https:\/\/art-pegas.com\/bratislava\/wp-content\/gallery\/vianocny-koncert-2025-spojeny-s-vystavou-vytvarnych-prac\/thumbs\/thumbs_IMG-20251215-WA00171.jpg\"\n               data-image-id=\"694\"\n               data-title=\"IMG-20251215-WA00171\"\n               data-description=\"\"\n               data-image-slug=\"img-20251215-wa00171\"\n               class=\"ngg-simplelightbox\" rel=\"2ef64d768a5c8130fe8962434194aa4c\">\n                <img\n                    title=\"IMG-20251215-WA00171\"\n                    alt=\"IMG-20251215-WA00171\"\n                    src=\"https:\/\/art-pegas.com\/bratislava\/wp-content\/gallery\/vianocny-koncert-2025-spojeny-s-vystavou-vytvarnych-prac\/thumbs\/thumbs_IMG-20251215-WA00171.jpg\"\n                    width=\"112\"\n                    height=\"150\"\n                    style=\"max-width:100%;\"\n                \/>\n            <\/a>\n        <\/div>\n\t\t\t\t\t\t\t<\/div> \n\t\t\t\n\t\t\t\t<div id=\"ngg-image-11\" class=\"ngg-gallery-thumbnail-box \" >\n\t\t\t\t        <div class=\"ngg-gallery-thumbnail\">\n            <a href=\"https:\/\/art-pegas.com\/bratislava\/wp-content\/gallery\/vianocny-koncert-2025-spojeny-s-vystavou-vytvarnych-prac\/DSC_0365.jpg\"\n               title=\"\"\n               data-src=\"https:\/\/art-pegas.com\/bratislava\/wp-content\/gallery\/vianocny-koncert-2025-spojeny-s-vystavou-vytvarnych-prac\/DSC_0365.jpg\"\n               data-thumbnail=\"https:\/\/art-pegas.com\/bratislava\/wp-content\/gallery\/vianocny-koncert-2025-spojeny-s-vystavou-vytvarnych-prac\/thumbs\/thumbs_DSC_0365.jpg\"\n               data-image-id=\"518\"\n               data-title=\"DSC_0365\"\n               data-description=\"\"\n               data-image-slug=\"dsc_0365\"\n               class=\"ngg-simplelightbox\" rel=\"2ef64d768a5c8130fe8962434194aa4c\">\n                <img\n                    title=\"DSC_0365\"\n                    alt=\"DSC_0365\"\n                    src=\"https:\/\/art-pegas.com\/bratislava\/wp-content\/gallery\/vianocny-koncert-2025-spojeny-s-vystavou-vytvarnych-prac\/thumbs\/thumbs_DSC_0365.jpg\"\n                    width=\"200\"\n                    height=\"91\"\n                    style=\"max-width:100%;\"\n                \/>\n            <\/a>\n        <\/div>\n\t\t\t\t\t\t\t<\/div> \n\t\t\t\n\t\t\t\t<div id=\"ngg-image-12\" class=\"ngg-gallery-thumbnail-box \" >\n\t\t\t\t        <div class=\"ngg-gallery-thumbnail\">\n            <a href=\"https:\/\/art-pegas.com\/bratislava\/wp-content\/gallery\/vianocny-koncert-2025-spojeny-s-vystavou-vytvarnych-prac\/DSC_0526.jpg\"\n               title=\"\"\n               data-src=\"https:\/\/art-pegas.com\/bratislava\/wp-content\/gallery\/vianocny-koncert-2025-spojeny-s-vystavou-vytvarnych-prac\/DSC_0526.jpg\"\n               data-thumbnail=\"https:\/\/art-pegas.com\/bratislava\/wp-content\/gallery\/vianocny-koncert-2025-spojeny-s-vystavou-vytvarnych-prac\/thumbs\/thumbs_DSC_0526.jpg\"\n               data-image-id=\"558\"\n               data-title=\"DSC_0526\"\n               data-description=\"\"\n               data-image-slug=\"dsc_0526\"\n               class=\"ngg-simplelightbox\" rel=\"2ef64d768a5c8130fe8962434194aa4c\">\n                <img\n                    title=\"DSC_0526\"\n                    alt=\"DSC_0526\"\n                    src=\"https:\/\/art-pegas.com\/bratislava\/wp-content\/gallery\/vianocny-koncert-2025-spojeny-s-vystavou-vytvarnych-prac\/thumbs\/thumbs_DSC_0526.jpg\"\n                    width=\"200\"\n                    height=\"133\"\n                    style=\"max-width:100%;\"\n                \/>\n            <\/a>\n        <\/div>\n\t\t\t\t\t\t\t<\/div> \n\t\t\t\n\t\t\t\t<div id=\"ngg-image-13\" class=\"ngg-gallery-thumbnail-box \" >\n\t\t\t\t        <div class=\"ngg-gallery-thumbnail\">\n            <a href=\"https:\/\/art-pegas.com\/bratislava\/wp-content\/gallery\/vianocny-koncert-2025-spojeny-s-vystavou-vytvarnych-prac\/DSC_0809.jpg\"\n               title=\"\"\n               data-src=\"https:\/\/art-pegas.com\/bratislava\/wp-content\/gallery\/vianocny-koncert-2025-spojeny-s-vystavou-vytvarnych-prac\/DSC_0809.jpg\"\n               data-thumbnail=\"https:\/\/art-pegas.com\/bratislava\/wp-content\/gallery\/vianocny-koncert-2025-spojeny-s-vystavou-vytvarnych-prac\/thumbs\/thumbs_DSC_0809.jpg\"\n               data-image-id=\"606\"\n               data-title=\"DSC_0809\"\n               data-description=\"\"\n               data-image-slug=\"dsc_0809-1\"\n               class=\"ngg-simplelightbox\" rel=\"2ef64d768a5c8130fe8962434194aa4c\">\n                <img\n                    title=\"DSC_0809\"\n                    alt=\"DSC_0809\"\n                    src=\"https:\/\/art-pegas.com\/bratislava\/wp-content\/gallery\/vianocny-koncert-2025-spojeny-s-vystavou-vytvarnych-prac\/thumbs\/thumbs_DSC_0809.jpg\"\n                    width=\"200\"\n                    height=\"133\"\n                    style=\"max-width:100%;\"\n                \/>\n            <\/a>\n        <\/div>\n\t\t\t\t\t\t\t<\/div> \n\t\t\t\n\t\t\t\t<div id=\"ngg-image-14\" class=\"ngg-gallery-thumbnail-box \" >\n\t\t\t\t        <div class=\"ngg-gallery-thumbnail\">\n            <a href=\"https:\/\/art-pegas.com\/bratislava\/wp-content\/gallery\/vianocny-koncert-2025-spojeny-s-vystavou-vytvarnych-prac\/DSC_0450.jpg\"\n               title=\"\"\n               data-src=\"https:\/\/art-pegas.com\/bratislava\/wp-content\/gallery\/vianocny-koncert-2025-spojeny-s-vystavou-vytvarnych-prac\/DSC_0450.jpg\"\n               data-thumbnail=\"https:\/\/art-pegas.com\/bratislava\/wp-content\/gallery\/vianocny-koncert-2025-spojeny-s-vystavou-vytvarnych-prac\/thumbs\/thumbs_DSC_0450.jpg\"\n               data-image-id=\"542\"\n               data-title=\"DSC_0450\"\n               data-description=\"\"\n               data-image-slug=\"dsc_0450\"\n               class=\"ngg-simplelightbox\" rel=\"2ef64d768a5c8130fe8962434194aa4c\">\n                <img\n                    title=\"DSC_0450\"\n                    alt=\"DSC_0450\"\n                    src=\"https:\/\/art-pegas.com\/bratislava\/wp-content\/gallery\/vianocny-koncert-2025-spojeny-s-vystavou-vytvarnych-prac\/thumbs\/thumbs_DSC_0450.jpg\"\n                    width=\"200\"\n                    height=\"133\"\n                    style=\"max-width:100%;\"\n                \/>\n            <\/a>\n        <\/div>\n\t\t\t\t\t\t\t<\/div> \n\t\t\t\n\t\t\t\t<div id=\"ngg-image-15\" class=\"ngg-gallery-thumbnail-box \" >\n\t\t\t\t        <div class=\"ngg-gallery-thumbnail\">\n            <a href=\"https:\/\/art-pegas.com\/bratislava\/wp-content\/gallery\/vianocny-koncert-2025-spojeny-s-vystavou-vytvarnych-prac\/IMG-20251202-WA0010.jpg\"\n               title=\"\"\n               data-src=\"https:\/\/art-pegas.com\/bratislava\/wp-content\/gallery\/vianocny-koncert-2025-spojeny-s-vystavou-vytvarnych-prac\/IMG-20251202-WA0010.jpg\"\n               data-thumbnail=\"https:\/\/art-pegas.com\/bratislava\/wp-content\/gallery\/vianocny-koncert-2025-spojeny-s-vystavou-vytvarnych-prac\/thumbs\/thumbs_IMG-20251202-WA0010.jpg\"\n               data-image-id=\"662\"\n               data-title=\"IMG-20251202-WA0010\"\n               data-description=\"\"\n               data-image-slug=\"img-20251202-wa0010\"\n               class=\"ngg-simplelightbox\" rel=\"2ef64d768a5c8130fe8962434194aa4c\">\n                <img\n                    title=\"IMG-20251202-WA0010\"\n                    alt=\"IMG-20251202-WA0010\"\n                    src=\"https:\/\/art-pegas.com\/bratislava\/wp-content\/gallery\/vianocny-koncert-2025-spojeny-s-vystavou-vytvarnych-prac\/thumbs\/thumbs_IMG-20251202-WA0010.jpg\"\n                    width=\"112\"\n                    height=\"150\"\n                    style=\"max-width:100%;\"\n                \/>\n            <\/a>\n        <\/div>\n\t\t\t\t\t\t\t<\/div> \n\t\t\t\n\t\t\t\t<div id=\"ngg-image-16\" class=\"ngg-gallery-thumbnail-box \" >\n\t\t\t\t        <div class=\"ngg-gallery-thumbnail\">\n            <a href=\"https:\/\/art-pegas.com\/bratislava\/wp-content\/gallery\/vianocny-koncert-2025-spojeny-s-vystavou-vytvarnych-prac\/IMG-20251120-WA0005.jpg\"\n               title=\"\"\n               data-src=\"https:\/\/art-pegas.com\/bratislava\/wp-content\/gallery\/vianocny-koncert-2025-spojeny-s-vystavou-vytvarnych-prac\/IMG-20251120-WA0005.jpg\"\n               data-thumbnail=\"https:\/\/art-pegas.com\/bratislava\/wp-content\/gallery\/vianocny-koncert-2025-spojeny-s-vystavou-vytvarnych-prac\/thumbs\/thumbs_IMG-20251120-WA0005.jpg\"\n               data-image-id=\"646\"\n               data-title=\"IMG-20251120-WA0005\"\n               data-description=\"\"\n               data-image-slug=\"img-20251120-wa0005\"\n               class=\"ngg-simplelightbox\" rel=\"2ef64d768a5c8130fe8962434194aa4c\">\n                <img\n                    title=\"IMG-20251120-WA0005\"\n                    alt=\"IMG-20251120-WA0005\"\n                    src=\"https:\/\/art-pegas.com\/bratislava\/wp-content\/gallery\/vianocny-koncert-2025-spojeny-s-vystavou-vytvarnych-prac\/thumbs\/thumbs_IMG-20251120-WA0005.jpg\"\n                    width=\"200\"\n                    height=\"150\"\n                    style=\"max-width:100%;\"\n                \/>\n            <\/a>\n        <\/div>\n\t\t\t\t\t\t\t<\/div> \n\t\t\t\n\t\t\t\t<div id=\"ngg-image-17\" class=\"ngg-gallery-thumbnail-box \" >\n\t\t\t\t        <div class=\"ngg-gallery-thumbnail\">\n            <a href=\"https:\/\/art-pegas.com\/bratislava\/wp-content\/gallery\/vianocny-koncert-2025-spojeny-s-vystavou-vytvarnych-prac\/DSC_0837.jpg\"\n               title=\"\"\n               data-src=\"https:\/\/art-pegas.com\/bratislava\/wp-content\/gallery\/vianocny-koncert-2025-spojeny-s-vystavou-vytvarnych-prac\/DSC_0837.jpg\"\n               data-thumbnail=\"https:\/\/art-pegas.com\/bratislava\/wp-content\/gallery\/vianocny-koncert-2025-spojeny-s-vystavou-vytvarnych-prac\/thumbs\/thumbs_DSC_0837.jpg\"\n               data-image-id=\"614\"\n               data-title=\"DSC_0837\"\n               data-description=\"\"\n               data-image-slug=\"dsc_0837\"\n               class=\"ngg-simplelightbox\" rel=\"2ef64d768a5c8130fe8962434194aa4c\">\n                <img\n                    title=\"DSC_0837\"\n                    alt=\"DSC_0837\"\n                    src=\"https:\/\/art-pegas.com\/bratislava\/wp-content\/gallery\/vianocny-koncert-2025-spojeny-s-vystavou-vytvarnych-prac\/thumbs\/thumbs_DSC_0837.jpg\"\n                    width=\"200\"\n                    height=\"133\"\n                    style=\"max-width:100%;\"\n                \/>\n            <\/a>\n        <\/div>\n\t\t\t\t\t\t\t<\/div> \n\t\t\t\n\t\t\t\t<div id=\"ngg-image-18\" class=\"ngg-gallery-thumbnail-box \" >\n\t\t\t\t        <div class=\"ngg-gallery-thumbnail\">\n            <a href=\"https:\/\/art-pegas.com\/bratislava\/wp-content\/gallery\/vianocny-koncert-2025-spojeny-s-vystavou-vytvarnych-prac\/IMG-20251215-WA0029.jpg\"\n               title=\"\"\n               data-src=\"https:\/\/art-pegas.com\/bratislava\/wp-content\/gallery\/vianocny-koncert-2025-spojeny-s-vystavou-vytvarnych-prac\/IMG-20251215-WA0029.jpg\"\n               data-thumbnail=\"https:\/\/art-pegas.com\/bratislava\/wp-content\/gallery\/vianocny-koncert-2025-spojeny-s-vystavou-vytvarnych-prac\/thumbs\/thumbs_IMG-20251215-WA0029.jpg\"\n               data-image-id=\"713\"\n               data-title=\"IMG-20251215-WA0029\"\n               data-description=\"\"\n               data-image-slug=\"img-20251215-wa0029\"\n               class=\"ngg-simplelightbox\" rel=\"2ef64d768a5c8130fe8962434194aa4c\">\n                <img\n                    title=\"IMG-20251215-WA0029\"\n                    alt=\"IMG-20251215-WA0029\"\n                    src=\"https:\/\/art-pegas.com\/bratislava\/wp-content\/gallery\/vianocny-koncert-2025-spojeny-s-vystavou-vytvarnych-prac\/thumbs\/thumbs_IMG-20251215-WA0029.jpg\"\n                    width=\"112\"\n                    height=\"150\"\n                    style=\"max-width:100%;\"\n                \/>\n            <\/a>\n        <\/div>\n\t\t\t\t\t\t\t<\/div> \n\t\t\t\n\t\t\t\t<div id=\"ngg-image-19\" class=\"ngg-gallery-thumbnail-box \" >\n\t\t\t\t        <div class=\"ngg-gallery-thumbnail\">\n            <a href=\"https:\/\/art-pegas.com\/bratislava\/wp-content\/gallery\/vianocny-koncert-2025-spojeny-s-vystavou-vytvarnych-prac\/DSC_0343.jpg\"\n               title=\"\"\n               data-src=\"https:\/\/art-pegas.com\/bratislava\/wp-content\/gallery\/vianocny-koncert-2025-spojeny-s-vystavou-vytvarnych-prac\/DSC_0343.jpg\"\n               data-thumbnail=\"https:\/\/art-pegas.com\/bratislava\/wp-content\/gallery\/vianocny-koncert-2025-spojeny-s-vystavou-vytvarnych-prac\/thumbs\/thumbs_DSC_0343.jpg\"\n               data-image-id=\"510\"\n               data-title=\"DSC_0343\"\n               data-description=\"\"\n               data-image-slug=\"dsc_0343\"\n               class=\"ngg-simplelightbox\" rel=\"2ef64d768a5c8130fe8962434194aa4c\">\n                <img\n                    title=\"DSC_0343\"\n                    alt=\"DSC_0343\"\n                    src=\"https:\/\/art-pegas.com\/bratislava\/wp-content\/gallery\/vianocny-koncert-2025-spojeny-s-vystavou-vytvarnych-prac\/thumbs\/thumbs_DSC_0343.jpg\"\n                    width=\"180\"\n                    height=\"150\"\n                    style=\"max-width:100%;\"\n                \/>\n            <\/a>\n        <\/div>\n\t\t\t\t\t\t\t<\/div> \n\t\t\t\n\t\t\t\t<div id=\"ngg-image-20\" class=\"ngg-gallery-thumbnail-box \" >\n\t\t\t\t        <div class=\"ngg-gallery-thumbnail\">\n            <a href=\"https:\/\/art-pegas.com\/bratislava\/wp-content\/gallery\/vianocny-koncert-2025-spojeny-s-vystavou-vytvarnych-prac\/IMG-20251202-WA0005.jpg\"\n               title=\"\"\n               data-src=\"https:\/\/art-pegas.com\/bratislava\/wp-content\/gallery\/vianocny-koncert-2025-spojeny-s-vystavou-vytvarnych-prac\/IMG-20251202-WA0005.jpg\"\n               data-thumbnail=\"https:\/\/art-pegas.com\/bratislava\/wp-content\/gallery\/vianocny-koncert-2025-spojeny-s-vystavou-vytvarnych-prac\/thumbs\/thumbs_IMG-20251202-WA0005.jpg\"\n               data-image-id=\"654\"\n               data-title=\"IMG-20251202-WA0005\"\n               data-description=\"\"\n               data-image-slug=\"img-20251202-wa0005\"\n               class=\"ngg-simplelightbox\" rel=\"2ef64d768a5c8130fe8962434194aa4c\">\n                <img\n                    title=\"IMG-20251202-WA0005\"\n                    alt=\"IMG-20251202-WA0005\"\n                    src=\"https:\/\/art-pegas.com\/bratislava\/wp-content\/gallery\/vianocny-koncert-2025-spojeny-s-vystavou-vytvarnych-prac\/thumbs\/thumbs_IMG-20251202-WA0005.jpg\"\n                    width=\"112\"\n                    height=\"150\"\n                    style=\"max-width:100%;\"\n                \/>\n            <\/a>\n        <\/div>\n\t\t\t\t\t\t\t<\/div> \n\t\t\t\n\t\t\t\t<div id=\"ngg-image-21\" class=\"ngg-gallery-thumbnail-box \" >\n\t\t\t\t        <div class=\"ngg-gallery-thumbnail\">\n            <a href=\"https:\/\/art-pegas.com\/bratislava\/wp-content\/gallery\/vianocny-koncert-2025-spojeny-s-vystavou-vytvarnych-prac\/DSC_0740.jpg\"\n               title=\"\"\n               data-src=\"https:\/\/art-pegas.com\/bratislava\/wp-content\/gallery\/vianocny-koncert-2025-spojeny-s-vystavou-vytvarnych-prac\/DSC_0740.jpg\"\n               data-thumbnail=\"https:\/\/art-pegas.com\/bratislava\/wp-content\/gallery\/vianocny-koncert-2025-spojeny-s-vystavou-vytvarnych-prac\/thumbs\/thumbs_DSC_0740.jpg\"\n               data-image-id=\"590\"\n               data-title=\"DSC_0740\"\n               data-description=\"\"\n               data-image-slug=\"dsc_0740\"\n               class=\"ngg-simplelightbox\" rel=\"2ef64d768a5c8130fe8962434194aa4c\">\n                <img\n                    title=\"DSC_0740\"\n                    alt=\"DSC_0740\"\n                    src=\"https:\/\/art-pegas.com\/bratislava\/wp-content\/gallery\/vianocny-koncert-2025-spojeny-s-vystavou-vytvarnych-prac\/thumbs\/thumbs_DSC_0740.jpg\"\n                    width=\"200\"\n                    height=\"133\"\n                    style=\"max-width:100%;\"\n                \/>\n            <\/a>\n        <\/div>\n\t\t\t\t\t\t\t<\/div> \n\t\t\t\n\t\t\t\t<div id=\"ngg-image-22\" class=\"ngg-gallery-thumbnail-box \" >\n\t\t\t\t        <div class=\"ngg-gallery-thumbnail\">\n            <a href=\"https:\/\/art-pegas.com\/bratislava\/wp-content\/gallery\/vianocny-koncert-2025-spojeny-s-vystavou-vytvarnych-prac\/IMG-20251203-WA0005.jpg\"\n               title=\"\"\n               data-src=\"https:\/\/art-pegas.com\/bratislava\/wp-content\/gallery\/vianocny-koncert-2025-spojeny-s-vystavou-vytvarnych-prac\/IMG-20251203-WA0005.jpg\"\n               data-thumbnail=\"https:\/\/art-pegas.com\/bratislava\/wp-content\/gallery\/vianocny-koncert-2025-spojeny-s-vystavou-vytvarnych-prac\/thumbs\/thumbs_IMG-20251203-WA0005.jpg\"\n               data-image-id=\"670\"\n               data-title=\"IMG-20251203-WA0005\"\n               data-description=\"\"\n               data-image-slug=\"img-20251203-wa0005\"\n               class=\"ngg-simplelightbox\" rel=\"2ef64d768a5c8130fe8962434194aa4c\">\n                <img\n                    title=\"IMG-20251203-WA0005\"\n                    alt=\"IMG-20251203-WA0005\"\n                    src=\"https:\/\/art-pegas.com\/bratislava\/wp-content\/gallery\/vianocny-koncert-2025-spojeny-s-vystavou-vytvarnych-prac\/thumbs\/thumbs_IMG-20251203-WA0005.jpg\"\n                    width=\"112\"\n                    height=\"150\"\n                    style=\"max-width:100%;\"\n                \/>\n            <\/a>\n        <\/div>\n\t\t\t\t\t\t\t<\/div> \n\t\t\t\n\t\t\t\t<div id=\"ngg-image-23\" class=\"ngg-gallery-thumbnail-box \" >\n\t\t\t\t        <div class=\"ngg-gallery-thumbnail\">\n            <a href=\"https:\/\/art-pegas.com\/bratislava\/wp-content\/gallery\/vianocny-koncert-2025-spojeny-s-vystavou-vytvarnych-prac\/DSC_0705.jpg\"\n               title=\"\"\n               data-src=\"https:\/\/art-pegas.com\/bratislava\/wp-content\/gallery\/vianocny-koncert-2025-spojeny-s-vystavou-vytvarnych-prac\/DSC_0705.jpg\"\n               data-thumbnail=\"https:\/\/art-pegas.com\/bratislava\/wp-content\/gallery\/vianocny-koncert-2025-spojeny-s-vystavou-vytvarnych-prac\/thumbs\/thumbs_DSC_0705.jpg\"\n               data-image-id=\"582\"\n               data-title=\"DSC_0705\"\n               data-description=\"\"\n               data-image-slug=\"dsc_0705-1\"\n               class=\"ngg-simplelightbox\" rel=\"2ef64d768a5c8130fe8962434194aa4c\">\n                <img\n                    title=\"DSC_0705\"\n                    alt=\"DSC_0705\"\n                    src=\"https:\/\/art-pegas.com\/bratislava\/wp-content\/gallery\/vianocny-koncert-2025-spojeny-s-vystavou-vytvarnych-prac\/thumbs\/thumbs_DSC_0705.jpg\"\n                    width=\"200\"\n                    height=\"133\"\n                    style=\"max-width:100%;\"\n                \/>\n            <\/a>\n        <\/div>\n\t\t\t\t\t\t\t<\/div> \n\t\t\t\n\t\n\t<br style=\"clear: both\" \/>\n\n\t\n\t\t<!-- Pagination -->\n\t<div class='ngg-navigation'><span class=\"current\">1<\/span><a class=\"page-numbers\" data-pageid=\"2\" href=\"https:\/\/art-pegas.com\/bratislava\/vianocna-akademia-2025\/nggallery\/page\/2\">2<\/a><a class=\"page-numbers\" data-pageid=\"3\" href=\"https:\/\/art-pegas.com\/bratislava\/vianocna-akademia-2025\/nggallery\/page\/3\">3<\/a><a class=\"page-numbers\" data-pageid=\"4\" href=\"https:\/\/art-pegas.com\/bratislava\/vianocna-akademia-2025\/nggallery\/page\/4\">4<\/a><a class=\"page-numbers\" data-pageid=\"7\" href=\"https:\/\/art-pegas.com\/bratislava\/vianocna-akademia-2025\/nggallery\/page\/7\">7<\/a><a class=\"page-numbers\" data-pageid=\"8\" href=\"https:\/\/art-pegas.com\/bratislava\/vianocna-akademia-2025\/nggallery\/page\/8\">8<\/a><a class=\"page-numbers\" data-pageid=\"9\" href=\"https:\/\/art-pegas.com\/bratislava\/vianocna-akademia-2025\/nggallery\/page\/9\">9<\/a><a class=\"next\" data-pageid=\"2\" id=\"ngg-next-2\" href=\"https:\/\/art-pegas.com\/bratislava\/vianocna-akademia-2025\/nggallery\/page\/2\">&#9658;<\/a><\/div>\t<\/div>\n\n","protected":false},"excerpt":{"rendered":"<p>Ve\u013ek\u00e1 v\u010faka v\u0161etk\u00fdm \u00fa\u010dinkuj\u00facim, pedag\u00f3gom a aj rodi\u010dom, za hojn\u00fa \u00fa\u010das\u0165 na koncertoch. &nbsp;<\/p>\n","protected":false},"author":1,"featured_media":0,"parent":0,"menu_order":0,"comment_status":"closed","ping_status":"closed","template":"","meta":{"ngg_post_thumbnail":0,"_links_to":"","_links_to_target":""},"_links":{"self":[{"href":"https:\/\/art-pegas.com\/bratislava\/wp-json\/wp\/v2\/pages\/3339"}],"collection":[{"href":"https:\/\/art-pegas.com\/bratislava\/wp-json\/wp\/v2\/pages"}],"about":[{"href":"https:\/\/art-pegas.com\/bratislava\/wp-json\/wp\/v2\/types\/page"}],"author":[{"embeddable":true,"href":"https:\/\/art-pegas.com\/bratislava\/wp-json\/wp\/v2\/users\/1"}],"replies":[{"embeddable":true,"href":"https:\/\/art-pegas.com\/bratislava\/wp-json\/wp\/v2\/comments?post=3339"}],"version-history":[{"count":5,"href":"https:\/\/art-pegas.com\/bratislava\/wp-json\/wp\/v2\/pages\/3339\/revisions"}],"predecessor-version":[{"id":3413,"href":"https:\/\/art-pegas.com\/bratislava\/wp-json\/wp\/v2\/pages\/3339\/revisions\/3413"}],"wp:attachment":[{"href":"https:\/\/art-pegas.com\/bratislava\/wp-json\/wp\/v2\/media?parent=3339"}],"curies":[{"name":"wp","href":"https:\/\/api.w.org\/{rel}","templated":true}]}}